{"id":13908,"date":"2025-10-15T17:07:12","date_gmt":"2025-10-15T15:07:12","guid":{"rendered":"https:\/\/www.getariakotxakolina.eus\/jatorrizko-deitura\/"},"modified":"2025-12-22T14:05:45","modified_gmt":"2025-12-22T13:05:45","slug":"apellation-dorigine","status":"publish","type":"page","link":"https:\/\/www.getariakotxakolina.eus\/fr\/apellation-dorigine\/","title":{"rendered":"Apellation d&rsquo;Origine"},"content":{"rendered":"<div class=\"gb-container gb-container-ef302fda cont-video-movil\" style=\"--background-image: url(https:\/\/www.getariakotxakolina.eus\/wp-content\/uploads\/2025\/10\/Getariako-Txakolina-Jatorrizko-Deitura-Denominacion-de-origen.jpg);\">\n<div class=\"gb-container gb-container-821c3d9e\">\n<div class=\"gb-container gb-container-5285f8a2\">\n\n<h1 class=\"gb-headline gb-headline-09b46b65 gb-headline-text h1-paginas\">Apellation d&rsquo;origine<\/h1>\n\n\n\n<p class=\"gb-headline gb-headline-fbf2b75a gb-headline-text\">Fruit des efforts de relance et de qualit\u00e9 mis en \u0153uvre conjointement par les r\u00e9coltants et l\u2019administration basque, le Txakoli de Getaria a obtenu l\u2019AOC Getariako Txakolina en 1989. En 2007, l\u2019Appellation d\u2019Origine Contr\u00f4l\u00e9e Getariako Txakolina \u00e9tend son aire g\u00e9ographique \u00e0 l\u2019ensemble du territoire historique du Guip\u00fazcoa. Depuis son si\u00e8ge \u00e0 Getaria, le Conseil R\u00e9gulateur de l\u2019Appellation d\u2019Origine Contr\u00f4l\u00e9e veille \u00e0 l\u2019origine des raisins autochtones, \u00e0 l\u2019\u00e9laboration soign\u00e9e du vin et \u00e0 son contr\u00f4le qualit\u00e9 pour offrir au consommateur la garantie du Txakoli de Getaria.<\/p>\n\n\n<div class=\"gb-container gb-container-8d10fad5\">\n\n<a class=\"gb-button gb-button-af479521 smooth-scroll\" href=\"#dokumentuak\"><span class=\"gb-button-text\">Documents<\/span><span class=\"gb-icon\"><svg viewBox=\"0 0 265.5 512\" version=\"1.1\" xmlns=\"http:\/\/www.w3.org\/2000\/svg\" id=\"Capa_1\">      <path d=\"M144,20.9v447.2c2.3-2.1,3.7-3.3,5-4.7,29.1-29,58.1-58,87.2-87.1.9-.9,1.8-1.9,2.8-2.8,5.2-4.7,11.7-4.8,16.3-.4,4.5,4.4,4.5,10.9-.1,16.3-1,1.1-2,2.1-3.1,3.2-36.2,36.2-72.4,72.4-108.6,108.7-8.1,8.1-13.6,8.2-21.6.2-36.8-36.8-73.6-73.6-110.4-110.4-5.5-5.5-6.7-12.2-2.1-17.3,3.8-4.3,9.9-5.1,14.6-1.8,2,1.4,3.8,3.2,5.5,4.9,28.9,28.9,57.9,57.8,86.8,86.8,1.2,1.2,2.5,2.4,4.8,4.6V20.8c0-10.4,3.4-16.2,11.3-16.2s11.6,8.8,11.6,16.3h0Z\"><\/path> <\/svg><\/span><\/a>\n\n\n\n<a class=\"gb-button gb-button-0e5647cc\" href=\"https:\/\/www.getariakotxakolina.eus\/fr\/caves\/\"><span class=\"gb-button-text\">Caves<\/span><span class=\"gb-icon\"><svg viewBox=\"0 0 512 265.5\" version=\"1.1\" xmlns=\"http:\/\/www.w3.org\/2000\/svg\" data-name=\"Capa 1\" id=\"Capa_1\">    <path d=\"M4.4,130.9c2.5-8,8.7-9.5,16.2-9.5,146.6,0,293.2,0,439.9,0h7.3c-2.1-2.3-3.3-3.7-4.7-5-29-29.1-58-58.1-87.1-87.2-.9-.9-1.9-1.8-2.8-2.8-4.7-5.2-4.8-11.7-.4-16.3,4.4-4.5,10.9-4.5,16.3.1,1.1,1,2.1,2,3.2,3.1,36.2,36.2,72.4,72.4,108.7,108.6,8.1,8.1,8.2,13.6.2,21.6-36.8,36.8-73.6,73.6-110.4,110.4-5.9,5.9-12.2,6.7-17.3,2.1-4.3-3.8-5.1-9.9-1.8-14.6,1.4-2,3.2-3.8,4.9-5.5,28.9-28.9,57.8-57.9,86.8-86.8,1.2-1.2,2.4-2.5,4.6-4.8-3.2,0-5.2,0-7.2,0-146.8,0-293.6,0-440.3,0-7.1,0-12.8-1.7-15.9-8.7v-4.9Z\" class=\"cls-1\"><\/path> <\/svg><\/span><\/a>\n\n<\/div>\n<\/div>\n<\/div>\n<\/div>\n\n<div class=\"gb-container gb-container-c850c05d\" id=\"MOVIL\">\n<div class=\"gb-container gb-container-e54ebd7b\">\n<div class=\"gb-container gb-container-68c7ff28 background-video-content\">\n\n<h1 class=\"gb-headline gb-headline-26cf478b gb-headline-text h1-paginas\">Apellation d&rsquo;origine<\/h1>\n\n\n\n<p class=\"gb-headline gb-headline-93d1eef5 gb-headline-text\">Fruit des efforts de relance et de qualit\u00e9 mis en \u0153uvre conjointement par les r\u00e9coltants et l\u2019administration basque, le Txakoli de Getaria a obtenu l\u2019AOC Getariako Txakolina en 1989. En 2007, l\u2019Appellation d\u2019Origine Contr\u00f4l\u00e9e Getariako Txakolina \u00e9tend son aire g\u00e9ographique \u00e0 l\u2019ensemble du territoire historique du Guip\u00fazcoa. Depuis son si\u00e8ge \u00e0 Getaria, le Conseil R\u00e9gulateur de l\u2019Appellation d\u2019Origine Contr\u00f4l\u00e9e veille \u00e0 l\u2019origine des raisins autochtones, \u00e0 l\u2019\u00e9laboration soign\u00e9e du vin et \u00e0 son contr\u00f4le qualit\u00e9 pour offrir au consommateur la garantie du Txakoli de Getaria.<\/p>\n\n\n<div class=\"gb-container gb-container-3c67951e\">\n\n<a class=\"gb-button gb-button-535a127b smooth-scroll\" href=\"#dokumentuak\"><span class=\"gb-button-text\">Documents<\/span><span class=\"gb-icon\"><svg viewBox=\"0 0 265.5 512\" version=\"1.1\" xmlns=\"http:\/\/www.w3.org\/2000\/svg\" id=\"Capa_1\">      <path d=\"M144,20.9v447.2c2.3-2.1,3.7-3.3,5-4.7,29.1-29,58.1-58,87.2-87.1.9-.9,1.8-1.9,2.8-2.8,5.2-4.7,11.7-4.8,16.3-.4,4.5,4.4,4.5,10.9-.1,16.3-1,1.1-2,2.1-3.1,3.2-36.2,36.2-72.4,72.4-108.6,108.7-8.1,8.1-13.6,8.2-21.6.2-36.8-36.8-73.6-73.6-110.4-110.4-5.5-5.5-6.7-12.2-2.1-17.3,3.8-4.3,9.9-5.1,14.6-1.8,2,1.4,3.8,3.2,5.5,4.9,28.9,28.9,57.9,57.8,86.8,86.8,1.2,1.2,2.5,2.4,4.8,4.6V20.8c0-10.4,3.4-16.2,11.3-16.2s11.6,8.8,11.6,16.3h0Z\"><\/path> <\/svg><\/span><\/a>\n\n\n\n<a class=\"gb-button gb-button-c7a7f572\" href=\"https:\/\/www.getariakotxakolina.eus\/fr\/caves\/\"><span class=\"gb-button-text\">Caves<\/span><span class=\"gb-icon\"><svg viewBox=\"0 0 512 265.5\" version=\"1.1\" xmlns=\"http:\/\/www.w3.org\/2000\/svg\" data-name=\"Capa 1\" id=\"Capa_1\">    <path d=\"M4.4,130.9c2.5-8,8.7-9.5,16.2-9.5,146.6,0,293.2,0,439.9,0h7.3c-2.1-2.3-3.3-3.7-4.7-5-29-29.1-58-58.1-87.1-87.2-.9-.9-1.9-1.8-2.8-2.8-4.7-5.2-4.8-11.7-.4-16.3,4.4-4.5,10.9-4.5,16.3.1,1.1,1,2.1,2,3.2,3.1,36.2,36.2,72.4,72.4,108.7,108.6,8.1,8.1,8.2,13.6.2,21.6-36.8,36.8-73.6,73.6-110.4,110.4-5.9,5.9-12.2,6.7-17.3,2.1-4.3-3.8-5.1-9.9-1.8-14.6,1.4-2,3.2-3.8,4.9-5.5,28.9-28.9,57.8-57.9,86.8-86.8,1.2-1.2,2.4-2.5,4.6-4.8-3.2,0-5.2,0-7.2,0-146.8,0-293.6,0-440.3,0-7.1,0-12.8-1.7-15.9-8.7v-4.9Z\" class=\"cls-1\"><\/path> <\/svg><\/span><\/a>\n\n<\/div>\n<\/div>\n<\/div>\n<\/div>\n\n<div class=\"gb-container gb-container-1761b7c4\" id=\"dokumentuak\">\n<div class=\"gb-container gb-container-1ff83fe6\">\n\n<h2 class=\"gb-headline gb-headline-a1b8e4f8 gb-headline-text h2\">Documents<\/h2>\n\n\n<div class=\"gb-grid-wrapper gb-grid-wrapper-80a5466c\">\n<div class=\"gb-grid-column gb-grid-column-57b5d193\"><div class=\"gb-container gb-container-57b5d193\">\n\n<p class=\"gb-text-6f05340b\"><span class=\"gb-shape\"><svg id=\"Capa_1\" xmlns=\"http:\/\/www.w3.org\/2000\/svg\" version=\"1.1\" viewBox=\"0 0 298 370\">\n  <!-- Generator: Adobe Illustrator 29.6.1, SVG Export Plug-In . SVG Version: 2.1.1 Build 9)  -->\n  <path d=\"M31.1,5.9h185.6c0,0,2.8,1.7,2.8,1.7l72.6,72.7.9,3.6v253.1c-1.3,15.1-12.9,26.8-28.1,28.1H33.1c-15.2-1.3-26.9-12.9-28.1-28.1V33c1.6-14.1,12-25.1,26.1-27.1ZM209,17.7H31.6c-.3,0-4.6,1.8-5.3,2.2-4.8,2.7-8.8,8.4-9.4,13.9v302.5c.7,8.6,7.6,15.6,16.1,16.8h231c5.7-.4,11.4-4,14.3-8.9s2.5-5.3,2.5-5.7V89.6h-46.1c-10.6,0-25.9-15.2-25.9-25.8V17.7ZM272,77.6l-51-50.9v36.3c0,2.6,4.3,8.3,6.4,10.1s6.5,4.5,8.3,4.5h36.4Z\"><\/path>\n  <path d=\"M105.3,113.7l146.1-.2c7.5.7,7.7,11.2,0,12H106.6c-6.9-.6-7.7-9.7-1.3-11.8Z\"><\/path>\n  <path d=\"M45.3,221.5l146.1-.2c7.5.7,7.7,11.2,0,12H46.6c-6.9-.6-7.7-9.7-1.3-11.8Z\"><\/path>\n  <path d=\"M45.3,149.6l122.1-.2c7.5.7,7.7,11.2,0,12H46.6c-6.9-.6-7.7-9.7-1.3-11.8Z\"><\/path>\n  <path d=\"M141.3,185.5l110.1-.2c7.5.7,7.7,11.2,0,12h-108.8c-6.9-.6-7.7-9.7-1.3-11.8Z\"><\/path>\n  <path d=\"M45.3,77.7l74.1-.2c7.5.7,7.7,11.2,0,12H46.6c-6.9-.6-7.7-9.7-1.3-11.8Z\"><\/path>\n  <path d=\"M45.3,185.5l74.1-.2c7.5.7,7.7,11.2,0,12H46.6c-6.9-.6-7.7-9.7-1.3-11.8Z\"><\/path>\n  <path d=\"M45.3,293.3l74.1-.2c7.5.7,7.7,11.2,0,12H46.6c-6.9-.6-7.7-9.7-1.3-11.8Z\"><\/path>\n  <path d=\"M189.3,149.6h62.8c6.9.9,6.6,11.4-.7,11.8h-61.5c-6.3-1-6.7-10.1-.6-11.8Z\"><\/path>\n  <path d=\"M117.3,257.4h62.8c6.9.9,6.6,11.4-.7,11.8h-61.5c-6.3-1-6.7-10.1-.6-11.8Z\"><\/path>\n  <path d=\"M141.3,293.3h62.8c6.9.9,6.6,11.4-.7,11.8h-61.5c-6.3-1-6.7-10.1-.6-11.8Z\"><\/path>\n  <path d=\"M45.3,257.4h50.8c6.6.9,6.6,10.8,0,11.8h-50.2c-6.3-.9-6.7-10-.6-11.8Z\"><\/path>\n  <path d=\"M201.3,257.4h50.8c6.6.9,6.6,10.8,0,11.8h-50.2c-6.3-.9-6.7-10-.6-11.8Z\"><\/path>\n  <path d=\"M45.3,113.7h38.8c6.6.9,6.6,10.8,0,11.8-11.4,1.7-26.4-1.1-38.2,0-6.3-.9-6.7-10-.6-11.8Z\"><\/path>\n  <path d=\"M213.3,221.5h38.8c6.6.9,6.6,10.8,0,11.8-11.4,1.7-26.4-1.1-38.2,0-6.3-.9-6.7-10-.6-11.8Z\"><\/path>\n  <path d=\"M225.3,293.3h27.4c6.1,1.7,5.7,10.9-.6,11.8s-18.6-.7-26.8-.1c-5.8-1.9-5.8-9.8,0-11.7Z\"><\/path>\n<\/svg><\/span><\/p>\n\n\n\n<p class=\"gb-headline gb-headline-a9a2fb26 gb-headline-text\"><a href=\"https:\/\/www.getariakotxakolina.eus\/wp-content\/uploads\/2025\/07\/2012-BOPV-17julio-1203257a.pdf\" target=\"_blank\" rel=\"noreferrer noopener\">R\u00e8glements:<br>BOPV n\u00ba197 17\/07\/2012<\/a><\/p>\n\n<\/div><\/div>\n\n<div class=\"gb-grid-column gb-grid-column-fc7cd0d3\"><div class=\"gb-container gb-container-fc7cd0d3\">\n\n<p class=\"gb-text-5304f221\"><span class=\"gb-shape\"><svg id=\"Capa_1\" xmlns=\"http:\/\/www.w3.org\/2000\/svg\" version=\"1.1\" viewBox=\"0 0 298 370\">\n  <!-- Generator: Adobe Illustrator 29.6.1, SVG Export Plug-In . SVG Version: 2.1.1 Build 9)  -->\n  <path d=\"M31.1,5.9h185.6c0,0,2.8,1.7,2.8,1.7l72.6,72.7.9,3.6v253.1c-1.3,15.1-12.9,26.8-28.1,28.1H33.1c-15.2-1.3-26.9-12.9-28.1-28.1V33c1.6-14.1,12-25.1,26.1-27.1ZM209,17.7H31.6c-.3,0-4.6,1.8-5.3,2.2-4.8,2.7-8.8,8.4-9.4,13.9v302.5c.7,8.6,7.6,15.6,16.1,16.8h231c5.7-.4,11.4-4,14.3-8.9s2.5-5.3,2.5-5.7V89.6h-46.1c-10.6,0-25.9-15.2-25.9-25.8V17.7ZM272,77.6l-51-50.9v36.3c0,2.6,4.3,8.3,6.4,10.1s6.5,4.5,8.3,4.5h36.4Z\"><\/path>\n  <path d=\"M105.3,113.7l146.1-.2c7.5.7,7.7,11.2,0,12H106.6c-6.9-.6-7.7-9.7-1.3-11.8Z\"><\/path>\n  <path d=\"M45.3,221.5l146.1-.2c7.5.7,7.7,11.2,0,12H46.6c-6.9-.6-7.7-9.7-1.3-11.8Z\"><\/path>\n  <path d=\"M45.3,149.6l122.1-.2c7.5.7,7.7,11.2,0,12H46.6c-6.9-.6-7.7-9.7-1.3-11.8Z\"><\/path>\n  <path d=\"M141.3,185.5l110.1-.2c7.5.7,7.7,11.2,0,12h-108.8c-6.9-.6-7.7-9.7-1.3-11.8Z\"><\/path>\n  <path d=\"M45.3,77.7l74.1-.2c7.5.7,7.7,11.2,0,12H46.6c-6.9-.6-7.7-9.7-1.3-11.8Z\"><\/path>\n  <path d=\"M45.3,185.5l74.1-.2c7.5.7,7.7,11.2,0,12H46.6c-6.9-.6-7.7-9.7-1.3-11.8Z\"><\/path>\n  <path d=\"M45.3,293.3l74.1-.2c7.5.7,7.7,11.2,0,12H46.6c-6.9-.6-7.7-9.7-1.3-11.8Z\"><\/path>\n  <path d=\"M189.3,149.6h62.8c6.9.9,6.6,11.4-.7,11.8h-61.5c-6.3-1-6.7-10.1-.6-11.8Z\"><\/path>\n  <path d=\"M117.3,257.4h62.8c6.9.9,6.6,11.4-.7,11.8h-61.5c-6.3-1-6.7-10.1-.6-11.8Z\"><\/path>\n  <path d=\"M141.3,293.3h62.8c6.9.9,6.6,11.4-.7,11.8h-61.5c-6.3-1-6.7-10.1-.6-11.8Z\"><\/path>\n  <path d=\"M45.3,257.4h50.8c6.6.9,6.6,10.8,0,11.8h-50.2c-6.3-.9-6.7-10-.6-11.8Z\"><\/path>\n  <path d=\"M201.3,257.4h50.8c6.6.9,6.6,10.8,0,11.8h-50.2c-6.3-.9-6.7-10-.6-11.8Z\"><\/path>\n  <path d=\"M45.3,113.7h38.8c6.6.9,6.6,10.8,0,11.8-11.4,1.7-26.4-1.1-38.2,0-6.3-.9-6.7-10-.6-11.8Z\"><\/path>\n  <path d=\"M213.3,221.5h38.8c6.6.9,6.6,10.8,0,11.8-11.4,1.7-26.4-1.1-38.2,0-6.3-.9-6.7-10-.6-11.8Z\"><\/path>\n  <path d=\"M225.3,293.3h27.4c6.1,1.7,5.7,10.9-.6,11.8s-18.6-.7-26.8-.1c-5.8-1.9-5.8-9.8,0-11.7Z\"><\/path>\n<\/svg><\/span><\/p>\n\n\n\n<p class=\"gb-headline gb-headline-0c28012e gb-headline-text\"><a href=\"https:\/\/www.getariakotxakolina.eus\/wp-content\/uploads\/2025\/07\/r83766_pliego-cr-gt.pdf\" target=\"_blank\" rel=\"noreferrer noopener\">Cahier<br>des charges<\/a><\/p>\n\n<\/div><\/div>\n\n<div class=\"gb-grid-column gb-grid-column-0a046fa2\"><div class=\"gb-container gb-container-0a046fa2\">\n\n<p class=\"gb-text-bea6db1f\"><span class=\"gb-shape\"><svg id=\"Capa_1\" xmlns=\"http:\/\/www.w3.org\/2000\/svg\" version=\"1.1\" viewBox=\"0 0 298 370\">\n  <!-- Generator: Adobe Illustrator 29.6.1, SVG Export Plug-In . SVG Version: 2.1.1 Build 9)  -->\n  <path d=\"M31.1,5.9h185.6c0,0,2.8,1.7,2.8,1.7l72.6,72.7.9,3.6v253.1c-1.3,15.1-12.9,26.8-28.1,28.1H33.1c-15.2-1.3-26.9-12.9-28.1-28.1V33c1.6-14.1,12-25.1,26.1-27.1ZM209,17.7H31.6c-.3,0-4.6,1.8-5.3,2.2-4.8,2.7-8.8,8.4-9.4,13.9v302.5c.7,8.6,7.6,15.6,16.1,16.8h231c5.7-.4,11.4-4,14.3-8.9s2.5-5.3,2.5-5.7V89.6h-46.1c-10.6,0-25.9-15.2-25.9-25.8V17.7ZM272,77.6l-51-50.9v36.3c0,2.6,4.3,8.3,6.4,10.1s6.5,4.5,8.3,4.5h36.4Z\"><\/path>\n  <path d=\"M105.3,113.7l146.1-.2c7.5.7,7.7,11.2,0,12H106.6c-6.9-.6-7.7-9.7-1.3-11.8Z\"><\/path>\n  <path d=\"M45.3,221.5l146.1-.2c7.5.7,7.7,11.2,0,12H46.6c-6.9-.6-7.7-9.7-1.3-11.8Z\"><\/path>\n  <path d=\"M45.3,149.6l122.1-.2c7.5.7,7.7,11.2,0,12H46.6c-6.9-.6-7.7-9.7-1.3-11.8Z\"><\/path>\n  <path d=\"M141.3,185.5l110.1-.2c7.5.7,7.7,11.2,0,12h-108.8c-6.9-.6-7.7-9.7-1.3-11.8Z\"><\/path>\n  <path d=\"M45.3,77.7l74.1-.2c7.5.7,7.7,11.2,0,12H46.6c-6.9-.6-7.7-9.7-1.3-11.8Z\"><\/path>\n  <path d=\"M45.3,185.5l74.1-.2c7.5.7,7.7,11.2,0,12H46.6c-6.9-.6-7.7-9.7-1.3-11.8Z\"><\/path>\n  <path d=\"M45.3,293.3l74.1-.2c7.5.7,7.7,11.2,0,12H46.6c-6.9-.6-7.7-9.7-1.3-11.8Z\"><\/path>\n  <path d=\"M189.3,149.6h62.8c6.9.9,6.6,11.4-.7,11.8h-61.5c-6.3-1-6.7-10.1-.6-11.8Z\"><\/path>\n  <path d=\"M117.3,257.4h62.8c6.9.9,6.6,11.4-.7,11.8h-61.5c-6.3-1-6.7-10.1-.6-11.8Z\"><\/path>\n  <path d=\"M141.3,293.3h62.8c6.9.9,6.6,11.4-.7,11.8h-61.5c-6.3-1-6.7-10.1-.6-11.8Z\"><\/path>\n  <path d=\"M45.3,257.4h50.8c6.6.9,6.6,10.8,0,11.8h-50.2c-6.3-.9-6.7-10-.6-11.8Z\"><\/path>\n  <path d=\"M201.3,257.4h50.8c6.6.9,6.6,10.8,0,11.8h-50.2c-6.3-.9-6.7-10-.6-11.8Z\"><\/path>\n  <path d=\"M45.3,113.7h38.8c6.6.9,6.6,10.8,0,11.8-11.4,1.7-26.4-1.1-38.2,0-6.3-.9-6.7-10-.6-11.8Z\"><\/path>\n  <path d=\"M213.3,221.5h38.8c6.6.9,6.6,10.8,0,11.8-11.4,1.7-26.4-1.1-38.2,0-6.3-.9-6.7-10-.6-11.8Z\"><\/path>\n  <path d=\"M225.3,293.3h27.4c6.1,1.7,5.7,10.9-.6,11.8s-18.6-.7-26.8-.1c-5.8-1.9-5.8-9.8,0-11.7Z\"><\/path>\n<\/svg><\/span><\/p>\n\n\n\n<p class=\"gb-headline gb-headline-f1b1d17a gb-headline-text\"><a href=\"https:\/\/www.getariakotxakolina.eus\/wp-content\/uploads\/2025\/07\/BOE-A-2010-124.pdf\" target=\"_blank\" rel=\"noreferrer noopener\">Boe n\u00ba2<br>02\/01\/2010<\/a><\/p>\n\n<\/div><\/div>\n\n<div class=\"gb-grid-column gb-grid-column-082ad12a\"><div class=\"gb-container gb-container-082ad12a\">\n\n<p class=\"gb-text-e0e30bdd\"><span class=\"gb-shape\"><svg id=\"Capa_1\" xmlns=\"http:\/\/www.w3.org\/2000\/svg\" version=\"1.1\" viewBox=\"0 0 298 370\">\n  <!-- Generator: Adobe Illustrator 29.6.1, SVG Export Plug-In . SVG Version: 2.1.1 Build 9)  -->\n  <path d=\"M31.1,5.9h185.6c0,0,2.8,1.7,2.8,1.7l72.6,72.7.9,3.6v253.1c-1.3,15.1-12.9,26.8-28.1,28.1H33.1c-15.2-1.3-26.9-12.9-28.1-28.1V33c1.6-14.1,12-25.1,26.1-27.1ZM209,17.7H31.6c-.3,0-4.6,1.8-5.3,2.2-4.8,2.7-8.8,8.4-9.4,13.9v302.5c.7,8.6,7.6,15.6,16.1,16.8h231c5.7-.4,11.4-4,14.3-8.9s2.5-5.3,2.5-5.7V89.6h-46.1c-10.6,0-25.9-15.2-25.9-25.8V17.7ZM272,77.6l-51-50.9v36.3c0,2.6,4.3,8.3,6.4,10.1s6.5,4.5,8.3,4.5h36.4Z\"><\/path>\n  <path d=\"M105.3,113.7l146.1-.2c7.5.7,7.7,11.2,0,12H106.6c-6.9-.6-7.7-9.7-1.3-11.8Z\"><\/path>\n  <path d=\"M45.3,221.5l146.1-.2c7.5.7,7.7,11.2,0,12H46.6c-6.9-.6-7.7-9.7-1.3-11.8Z\"><\/path>\n  <path d=\"M45.3,149.6l122.1-.2c7.5.7,7.7,11.2,0,12H46.6c-6.9-.6-7.7-9.7-1.3-11.8Z\"><\/path>\n  <path d=\"M141.3,185.5l110.1-.2c7.5.7,7.7,11.2,0,12h-108.8c-6.9-.6-7.7-9.7-1.3-11.8Z\"><\/path>\n  <path d=\"M45.3,77.7l74.1-.2c7.5.7,7.7,11.2,0,12H46.6c-6.9-.6-7.7-9.7-1.3-11.8Z\"><\/path>\n  <path d=\"M45.3,185.5l74.1-.2c7.5.7,7.7,11.2,0,12H46.6c-6.9-.6-7.7-9.7-1.3-11.8Z\"><\/path>\n  <path d=\"M45.3,293.3l74.1-.2c7.5.7,7.7,11.2,0,12H46.6c-6.9-.6-7.7-9.7-1.3-11.8Z\"><\/path>\n  <path d=\"M189.3,149.6h62.8c6.9.9,6.6,11.4-.7,11.8h-61.5c-6.3-1-6.7-10.1-.6-11.8Z\"><\/path>\n  <path d=\"M117.3,257.4h62.8c6.9.9,6.6,11.4-.7,11.8h-61.5c-6.3-1-6.7-10.1-.6-11.8Z\"><\/path>\n  <path d=\"M141.3,293.3h62.8c6.9.9,6.6,11.4-.7,11.8h-61.5c-6.3-1-6.7-10.1-.6-11.8Z\"><\/path>\n  <path d=\"M45.3,257.4h50.8c6.6.9,6.6,10.8,0,11.8h-50.2c-6.3-.9-6.7-10-.6-11.8Z\"><\/path>\n  <path d=\"M201.3,257.4h50.8c6.6.9,6.6,10.8,0,11.8h-50.2c-6.3-.9-6.7-10-.6-11.8Z\"><\/path>\n  <path d=\"M45.3,113.7h38.8c6.6.9,6.6,10.8,0,11.8-11.4,1.7-26.4-1.1-38.2,0-6.3-.9-6.7-10-.6-11.8Z\"><\/path>\n  <path d=\"M213.3,221.5h38.8c6.6.9,6.6,10.8,0,11.8-11.4,1.7-26.4-1.1-38.2,0-6.3-.9-6.7-10-.6-11.8Z\"><\/path>\n  <path d=\"M225.3,293.3h27.4c6.1,1.7,5.7,10.9-.6,11.8s-18.6-.7-26.8-.1c-5.8-1.9-5.8-9.8,0-11.7Z\"><\/path>\n<\/svg><\/span><\/p>\n\n\n\n<p class=\"gb-headline gb-headline-7d5f53fd gb-headline-text\"><a href=\"https:\/\/www.getariakotxakolina.eus\/wp-content\/uploads\/2025\/10\/CRDO_Txakolina.pdf\" target=\"_blank\" rel=\"noreferrer noopener\">Conseil<br>R\u00e9gulateur<\/a><\/p>\n\n<\/div><\/div>\n<\/div>\n<\/div>\n<\/div>\n\n<div class=\"gb-container gb-container-190fec3e\">\n<div class=\"gb-container gb-container-4ad5dba5\">\n\n<h2 class=\"gb-headline gb-headline-13c7a6b6 gb-headline-text h2\">Historie<\/h2>\n\n\n\n<div class=\"gb-element-f8d4505c\">\n<div class=\"gb-element-62c51475\">\n<p class=\"gb-headline gb-headline-47989efd gb-headline-text\">Depuis la nuit des temps, le vin et, par cons\u00e9quent, la vigne, sont prot\u00e9g\u00e9s d\u2019une mani\u00e8re ou d\u2019une autre.\u00a0D\u00e8s 1397, lors de l\u2019Assembl\u00e9e G\u00e9n\u00e9rale de l\u2019Association des Communes du Guip\u00fazcoa, organis\u00e9e \u00e0 Getaria, les premiers Arr\u00eat\u00e9s de la province sont adopt\u00e9s et pr\u00e9cisent, en leur point 18, que quiconque d\u00e9truit des vignes encourt la peine capitale.<\/p>\n\n\n\n<p class=\"gb-headline gb-headline-0c0a7d2b gb-headline-text\">Au cours des XVI<sup>e<\/sup>\u00a0et XVII<sup>e<\/sup>\u00a0si\u00e8cles, le vignoble se d\u00e9veloppe et, depuis au moins 1509, une corporation de tailleurs de vignes (Vignerons) compos\u00e9e de quelques 400 hommes exerce \u00e0 Saint-S\u00e9bastien. C\u2019est au XVIII<sup>e<\/sup>\u00a0si\u00e8cle que l\u2019on assiste \u00e0 un protectionnisme local plus pouss\u00e9, non pas tant pour favoriser le viticulteur que pour prot\u00e9ger la province de l\u2019imp\u00f4t que supposait l\u2019obligation de payer le vin introduit dans le Guip\u00fazcoa.<\/p>\n\n\n\n<p class=\"gb-headline gb-headline-9040456b gb-headline-text\">Malgr\u00e9 ce protectionnisme, les vignobles de la partie orientale du Guip\u00fazcoa disparaissent peu \u00e0 peu, si bien qu\u2019au XIX<sup>e<\/sup>\u00a0si\u00e8cle seuls les vignobles de Zarautz, Getaria,\u00a0Zumaia,\u00a0Deba et Mutriku, de 250 ha environ, restent prosp\u00e8res.<\/p>\n\n\n\n<p class=\"gb-headline gb-headline-f58b1dfc gb-headline-text\">C\u2019est \u00e0 la fin du XIX<sup>e<\/sup>\u00a0si\u00e8cle que se produit la grande crise du vignoble de Txakoli pour diverses raisons : l\u2019abolition progressive des lois protectionnistes, l\u2019entr\u00e9e de vins \u00e9trangers ainsi que l\u2019apparition d\u2019invasions et de maladies successives comme le Phyllox\u00e9ra et le Mildiou.<\/p>\n\n\n\n<p class=\"gb-headline gb-headline-33e4d466 gb-headline-text\">Le XX<sup>e<\/sup>\u00a0si\u00e8cle marque la survie et l\u2019on arrive ainsi \u00e0 la d\u00e9cennie des ann\u00e9es 80 avec seulement 21 hectares de vignoble (Cadastre INDO 1982) dont 3 \u00e0 Zarautz et les autres \u00e0\u00a0Getaria, en l\u2019occurrence des vignobles de petite taille g\u00e9r\u00e9s par quelques viticulteurs.\u00a0Tous ensemble, ils entreprennent un travail de r\u00e9novation du secteur, \u00e0 la fois des vignobles et des caves, en vue d\u2019obtenir la reconnaissance de l\u2019Appellation d\u2019Origine Contr\u00f4l\u00e9e qu\u2019ils d\u00e9crocheront finalement en 1989.<\/p>\n<\/div>\n\n\n\n<div class=\"gb-element-2fb0beb5\"><\/div>\n<\/div>\n\n<\/div>\n<\/div>\n\n<div class=\"gb-container gb-container-29a73dfa\">\n<div class=\"gb-container gb-container-8b090b26\">\n\n<h2 class=\"gb-headline gb-headline-b6054c38 gb-headline-text h2\">Vid\u00e9os<\/h2>\n\n\n<div class=\"gb-grid-wrapper gb-grid-wrapper-7471d9bc\">\n<div class=\"gb-grid-column gb-grid-column-8ea19a31\"><div class=\"gb-container gb-container-8ea19a31\">\n\n<figure class=\"wp-block-embed is-type-video is-provider-youtube wp-block-embed-youtube wp-embed-aspect-16-9 wp-has-aspect-ratio\"><div class=\"wp-block-embed__wrapper\">\n<iframe loading=\"lazy\" title=\"ARGAZKIAK 1\" width=\"1200\" height=\"675\" src=\"https:\/\/www.youtube.com\/embed\/x5Xb2-L7RfE?feature=oembed\" frameborder=\"0\" allow=\"accelerometer; autoplay; clipboard-write; encrypted-media; gyroscope; picture-in-picture; web-share\" referrerpolicy=\"strict-origin-when-cross-origin\" allowfullscreen><\/iframe>\n<\/div><\/figure>\n\n<\/div><\/div>\n\n<div class=\"gb-grid-column gb-grid-column-be5274d7\"><div class=\"gb-container gb-container-be5274d7\">\n\n<figure class=\"wp-block-embed is-type-video is-provider-youtube wp-block-embed-youtube wp-embed-aspect-16-9 wp-has-aspect-ratio\"><div class=\"wp-block-embed__wrapper\">\n<iframe loading=\"lazy\" title=\"Txakolina,Bitoriano Gandiaga\" width=\"1200\" height=\"675\" src=\"https:\/\/www.youtube.com\/embed\/1uTYK7MVTFM?feature=oembed\" frameborder=\"0\" allow=\"accelerometer; autoplay; clipboard-write; encrypted-media; gyroscope; picture-in-picture; web-share\" referrerpolicy=\"strict-origin-when-cross-origin\" allowfullscreen><\/iframe>\n<\/div><\/figure>\n\n<\/div><\/div>\n\n<div class=\"gb-grid-column gb-grid-column-2d8c9239\"><div class=\"gb-container gb-container-2d8c9239\">\n\n<figure class=\"wp-block-embed is-type-video is-provider-youtube wp-block-embed-youtube wp-embed-aspect-16-9 wp-has-aspect-ratio\"><div class=\"wp-block-embed__wrapper\">\n<iframe loading=\"lazy\" title=\"zaharrak berri\" width=\"1200\" height=\"675\" src=\"https:\/\/www.youtube.com\/embed\/SXFnCMJo9BA?feature=oembed\" frameborder=\"0\" allow=\"accelerometer; autoplay; clipboard-write; encrypted-media; gyroscope; picture-in-picture; web-share\" referrerpolicy=\"strict-origin-when-cross-origin\" allowfullscreen><\/iframe>\n<\/div><\/figure>\n\n<\/div><\/div>\n<\/div>\n<\/div>\n<\/div>\n\n\n<div>\n<figure class=\"wp-block-embed is-type-video is-provider-youtube wp-block-embed-youtube wp-embed-aspect-16-9 wp-has-aspect-ratio\"><div class=\"wp-block-embed__wrapper\">\n<iframe loading=\"lazy\" title=\"zaharrak berri\" width=\"1200\" height=\"675\" src=\"https:\/\/www.youtube.com\/embed\/SXFnCMJo9BA?feature=oembed\" frameborder=\"0\" allow=\"accelerometer; autoplay; clipboard-write; encrypted-media; gyroscope; picture-in-picture; web-share\" referrerpolicy=\"strict-origin-when-cross-origin\" allowfullscreen><\/iframe>\n<\/div><\/figure>\n<\/div>\n","protected":false},"excerpt":{"rendered":"<p>Apellation d&rsquo;origine Fruit des efforts de relance et de qualit\u00e9 mis en \u0153uvre conjointement par les r\u00e9coltants et l\u2019administration basque, le Txakoli de Getaria a obtenu l\u2019AOC Getariako Txakolina en 1989. En 2007, l\u2019Appellation d\u2019Origine Contr\u00f4l\u00e9e Getariako Txakolina \u00e9tend son aire g\u00e9ographique \u00e0 l\u2019ensemble du territoire historique du Guip\u00fazcoa. Depuis son si\u00e8ge \u00e0 Getaria, le &#8230; <a title=\"Apellation d&rsquo;Origine\" class=\"read-more\" href=\"https:\/\/www.getariakotxakolina.eus\/fr\/apellation-dorigine\/\" aria-label=\"En savoir plus sur Apellation d&rsquo;Origine\">Lire plus<\/a><\/p>\n","protected":false},"author":1,"featured_media":0,"parent":0,"menu_order":0,"comment_status":"closed","ping_status":"closed","template":"","meta":{"_acf_changed":false,"footnotes":""},"class_list":["post-13908","page","type-page","status-publish"],"acf":[],"yoast_head":"<!-- This site is optimized with the Yoast SEO plugin v27.4 - https:\/\/yoast.com\/product\/yoast-seo-wordpress\/ -->\n<title>Apellation d&#039;Origine - Getariako Txakolina<\/title>\n<meta name=\"robots\" content=\"index, follow, max-snippet:-1, max-image-preview:large, max-video-preview:-1\" \/>\n<link rel=\"canonical\" href=\"https:\/\/www.getariakotxakolina.eus\/fr\/apellation-dorigine\/\" \/>\n<meta property=\"og:locale\" content=\"fr_FR\" \/>\n<meta property=\"og:type\" content=\"article\" \/>\n<meta property=\"og:title\" content=\"Apellation d&#039;Origine - Getariako Txakolina\" \/>\n<meta property=\"og:description\" content=\"Apellation d&rsquo;origine Fruit des efforts de relance et de qualit\u00e9 mis en \u0153uvre conjointement par les r\u00e9coltants et l\u2019administration basque, le Txakoli de Getaria a obtenu l\u2019AOC Getariako Txakolina en 1989. En 2007, l\u2019Appellation d\u2019Origine Contr\u00f4l\u00e9e Getariako Txakolina \u00e9tend son aire g\u00e9ographique \u00e0 l\u2019ensemble du territoire historique du Guip\u00fazcoa. Depuis son si\u00e8ge \u00e0 Getaria, le ... Lire plus\" \/>\n<meta property=\"og:url\" content=\"https:\/\/www.getariakotxakolina.eus\/fr\/apellation-dorigine\/\" \/>\n<meta property=\"og:site_name\" content=\"Getariako Txakolina\" \/>\n<meta property=\"article:publisher\" content=\"https:\/\/www.facebook.com\/GetariakoTxakolinaDO\/\" \/>\n<meta property=\"article:modified_time\" content=\"2025-12-22T13:05:45+00:00\" \/>\n<meta property=\"og:image\" content=\"https:\/\/www.getariakotxakolina.eus\/wp-content\/uploads\/2025\/10\/Getariako-Txakolina-Jatorrizko-Deitura-datuetan-Denominacion-de-origen-en-datos.jpg\" \/>\n\t<meta property=\"og:image:width\" content=\"1920\" \/>\n\t<meta property=\"og:image:height\" content=\"932\" \/>\n\t<meta property=\"og:image:type\" content=\"image\/jpeg\" \/>\n<meta name=\"twitter:card\" content=\"summary_large_image\" \/>\n<meta name=\"twitter:label1\" content=\"Dur\u00e9e de lecture estim\u00e9e\" \/>\n\t<meta name=\"twitter:data1\" content=\"3 minutes\" \/>\n<script type=\"application\/ld+json\" class=\"yoast-schema-graph\">{\"@context\":\"https:\\\/\\\/schema.org\",\"@graph\":[{\"@type\":\"WebPage\",\"@id\":\"https:\\\/\\\/www.getariakotxakolina.eus\\\/fr\\\/apellation-dorigine\\\/\",\"url\":\"https:\\\/\\\/www.getariakotxakolina.eus\\\/fr\\\/apellation-dorigine\\\/\",\"name\":\"Apellation d'Origine - Getariako Txakolina\",\"isPartOf\":{\"@id\":\"https:\\\/\\\/www.getariakotxakolina.eus\\\/fr\\\/#website\"},\"datePublished\":\"2025-10-15T15:07:12+00:00\",\"dateModified\":\"2025-12-22T13:05:45+00:00\",\"breadcrumb\":{\"@id\":\"https:\\\/\\\/www.getariakotxakolina.eus\\\/fr\\\/apellation-dorigine\\\/#breadcrumb\"},\"inLanguage\":\"fr-FR\",\"potentialAction\":[{\"@type\":\"ReadAction\",\"target\":[\"https:\\\/\\\/www.getariakotxakolina.eus\\\/fr\\\/apellation-dorigine\\\/\"]}]},{\"@type\":\"BreadcrumbList\",\"@id\":\"https:\\\/\\\/www.getariakotxakolina.eus\\\/fr\\\/apellation-dorigine\\\/#breadcrumb\",\"itemListElement\":[{\"@type\":\"ListItem\",\"position\":1,\"name\":\"Portada\",\"item\":\"https:\\\/\\\/www.getariakotxakolina.eus\\\/fr\\\/\"},{\"@type\":\"ListItem\",\"position\":2,\"name\":\"Apellation d&#8217;Origine\"}]},{\"@type\":\"WebSite\",\"@id\":\"https:\\\/\\\/www.getariakotxakolina.eus\\\/fr\\\/#website\",\"url\":\"https:\\\/\\\/www.getariakotxakolina.eus\\\/fr\\\/\",\"name\":\"Txakol\u00ed de Getaria vino blanco con D.O. Getariako txakolina\",\"description\":\"El txakoli Denominaci\u00f3n de Origen Getariako Txakolina es un vino joven de graduaci\u00f3n moderada y equilibrada acidez.\",\"publisher\":{\"@id\":\"https:\\\/\\\/www.getariakotxakolina.eus\\\/fr\\\/#organization\"},\"alternateName\":\"Getariako txakolina\",\"potentialAction\":[{\"@type\":\"SearchAction\",\"target\":{\"@type\":\"EntryPoint\",\"urlTemplate\":\"https:\\\/\\\/www.getariakotxakolina.eus\\\/fr\\\/?s={search_term_string}\"},\"query-input\":{\"@type\":\"PropertyValueSpecification\",\"valueRequired\":true,\"valueName\":\"search_term_string\"}}],\"inLanguage\":\"fr-FR\"},{\"@type\":\"Organization\",\"@id\":\"https:\\\/\\\/www.getariakotxakolina.eus\\\/fr\\\/#organization\",\"name\":\"Getariako Txakolina\",\"alternateName\":\"Getariako Txakolina\",\"url\":\"https:\\\/\\\/www.getariakotxakolina.eus\\\/fr\\\/\",\"logo\":{\"@type\":\"ImageObject\",\"inLanguage\":\"fr-FR\",\"@id\":\"https:\\\/\\\/www.getariakotxakolina.eus\\\/fr\\\/#\\\/schema\\\/logo\\\/image\\\/\",\"url\":\"https:\\\/\\\/www.getariakotxakolina.eus\\\/wp-content\\\/uploads\\\/2025\\\/07\\\/Getariako-Txakolina-Logo.svg\",\"contentUrl\":\"https:\\\/\\\/www.getariakotxakolina.eus\\\/wp-content\\\/uploads\\\/2025\\\/07\\\/Getariako-Txakolina-Logo.svg\",\"width\":417,\"height\":83,\"caption\":\"Getariako Txakolina\"},\"image\":{\"@id\":\"https:\\\/\\\/www.getariakotxakolina.eus\\\/fr\\\/#\\\/schema\\\/logo\\\/image\\\/\"},\"sameAs\":[\"https:\\\/\\\/www.facebook.com\\\/GetariakoTxakolinaDO\\\/\",\"https:\\\/\\\/www.instagram.com\\\/getariakotxakolina_do\\\/\"]}]}<\/script>\n<!-- \/ Yoast SEO plugin. -->","yoast_head_json":{"title":"Apellation d'Origine - Getariako Txakolina","robots":{"index":"index","follow":"follow","max-snippet":"max-snippet:-1","max-image-preview":"max-image-preview:large","max-video-preview":"max-video-preview:-1"},"canonical":"https:\/\/www.getariakotxakolina.eus\/fr\/apellation-dorigine\/","og_locale":"fr_FR","og_type":"article","og_title":"Apellation d'Origine - Getariako Txakolina","og_description":"Apellation d&rsquo;origine Fruit des efforts de relance et de qualit\u00e9 mis en \u0153uvre conjointement par les r\u00e9coltants et l\u2019administration basque, le Txakoli de Getaria a obtenu l\u2019AOC Getariako Txakolina en 1989. En 2007, l\u2019Appellation d\u2019Origine Contr\u00f4l\u00e9e Getariako Txakolina \u00e9tend son aire g\u00e9ographique \u00e0 l\u2019ensemble du territoire historique du Guip\u00fazcoa. Depuis son si\u00e8ge \u00e0 Getaria, le ... Lire plus","og_url":"https:\/\/www.getariakotxakolina.eus\/fr\/apellation-dorigine\/","og_site_name":"Getariako Txakolina","article_publisher":"https:\/\/www.facebook.com\/GetariakoTxakolinaDO\/","article_modified_time":"2025-12-22T13:05:45+00:00","og_image":[{"width":1920,"height":932,"url":"https:\/\/www.getariakotxakolina.eus\/wp-content\/uploads\/2025\/10\/Getariako-Txakolina-Jatorrizko-Deitura-datuetan-Denominacion-de-origen-en-datos.jpg","type":"image\/jpeg"}],"twitter_card":"summary_large_image","twitter_misc":{"Dur\u00e9e de lecture estim\u00e9e":"3 minutes"},"schema":{"@context":"https:\/\/schema.org","@graph":[{"@type":"WebPage","@id":"https:\/\/www.getariakotxakolina.eus\/fr\/apellation-dorigine\/","url":"https:\/\/www.getariakotxakolina.eus\/fr\/apellation-dorigine\/","name":"Apellation d'Origine - Getariako Txakolina","isPartOf":{"@id":"https:\/\/www.getariakotxakolina.eus\/fr\/#website"},"datePublished":"2025-10-15T15:07:12+00:00","dateModified":"2025-12-22T13:05:45+00:00","breadcrumb":{"@id":"https:\/\/www.getariakotxakolina.eus\/fr\/apellation-dorigine\/#breadcrumb"},"inLanguage":"fr-FR","potentialAction":[{"@type":"ReadAction","target":["https:\/\/www.getariakotxakolina.eus\/fr\/apellation-dorigine\/"]}]},{"@type":"BreadcrumbList","@id":"https:\/\/www.getariakotxakolina.eus\/fr\/apellation-dorigine\/#breadcrumb","itemListElement":[{"@type":"ListItem","position":1,"name":"Portada","item":"https:\/\/www.getariakotxakolina.eus\/fr\/"},{"@type":"ListItem","position":2,"name":"Apellation d&#8217;Origine"}]},{"@type":"WebSite","@id":"https:\/\/www.getariakotxakolina.eus\/fr\/#website","url":"https:\/\/www.getariakotxakolina.eus\/fr\/","name":"Txakol\u00ed de Getaria vino blanco con D.O. Getariako txakolina","description":"El txakoli Denominaci\u00f3n de Origen Getariako Txakolina es un vino joven de graduaci\u00f3n moderada y equilibrada acidez.","publisher":{"@id":"https:\/\/www.getariakotxakolina.eus\/fr\/#organization"},"alternateName":"Getariako txakolina","potentialAction":[{"@type":"SearchAction","target":{"@type":"EntryPoint","urlTemplate":"https:\/\/www.getariakotxakolina.eus\/fr\/?s={search_term_string}"},"query-input":{"@type":"PropertyValueSpecification","valueRequired":true,"valueName":"search_term_string"}}],"inLanguage":"fr-FR"},{"@type":"Organization","@id":"https:\/\/www.getariakotxakolina.eus\/fr\/#organization","name":"Getariako Txakolina","alternateName":"Getariako Txakolina","url":"https:\/\/www.getariakotxakolina.eus\/fr\/","logo":{"@type":"ImageObject","inLanguage":"fr-FR","@id":"https:\/\/www.getariakotxakolina.eus\/fr\/#\/schema\/logo\/image\/","url":"https:\/\/www.getariakotxakolina.eus\/wp-content\/uploads\/2025\/07\/Getariako-Txakolina-Logo.svg","contentUrl":"https:\/\/www.getariakotxakolina.eus\/wp-content\/uploads\/2025\/07\/Getariako-Txakolina-Logo.svg","width":417,"height":83,"caption":"Getariako Txakolina"},"image":{"@id":"https:\/\/www.getariakotxakolina.eus\/fr\/#\/schema\/logo\/image\/"},"sameAs":["https:\/\/www.facebook.com\/GetariakoTxakolinaDO\/","https:\/\/www.instagram.com\/getariakotxakolina_do\/"]}]}},"_links":{"self":[{"href":"https:\/\/www.getariakotxakolina.eus\/fr\/wp-json\/wp\/v2\/pages\/13908","targetHints":{"allow":["GET"]}}],"collection":[{"href":"https:\/\/www.getariakotxakolina.eus\/fr\/wp-json\/wp\/v2\/pages"}],"about":[{"href":"https:\/\/www.getariakotxakolina.eus\/fr\/wp-json\/wp\/v2\/types\/page"}],"author":[{"embeddable":true,"href":"https:\/\/www.getariakotxakolina.eus\/fr\/wp-json\/wp\/v2\/users\/1"}],"replies":[{"embeddable":true,"href":"https:\/\/www.getariakotxakolina.eus\/fr\/wp-json\/wp\/v2\/comments?post=13908"}],"version-history":[{"count":0,"href":"https:\/\/www.getariakotxakolina.eus\/fr\/wp-json\/wp\/v2\/pages\/13908\/revisions"}],"wp:attachment":[{"href":"https:\/\/www.getariakotxakolina.eus\/fr\/wp-json\/wp\/v2\/media?parent=13908"}],"curies":[{"name":"wp","href":"https:\/\/api.w.org\/{rel}","templated":true}]}}