{"id":13904,"date":"2025-10-16T17:39:37","date_gmt":"2025-10-16T15:39:37","guid":{"rendered":"https:\/\/www.getariakotxakolina.eus\/galeria\/"},"modified":"2025-12-20T12:44:32","modified_gmt":"2025-12-20T11:44:32","slug":"galerie","status":"publish","type":"page","link":"https:\/\/www.getariakotxakolina.eus\/fr\/galerie\/","title":{"rendered":"Galerie"},"content":{"rendered":"<div class=\"gb-container gb-container-b6cce23f\">\n<div class=\"gb-container gb-container-6644e908\">\n\n<h1 class=\"gb-headline gb-headline-b06ece17 gb-headline-text h1-paginas-fondo-blanco\">Galerie<\/h1>\n\n<\/div>\n<\/div>\n\n<div class=\"gb-container gb-container-3045d3a3\">\n\n<div class=\"gb-element-8f2f9f46\">\n<div>\n<img loading=\"lazy\" decoding=\"async\" width=\"900\" height=\"600\" class=\"gb-media-d94e0452\" alt=\"D-O-Getariako-txakolina-copas\" src=\"https:\/\/www.getariakotxakolina.eus\/wp-content\/uploads\/2025\/10\/D-O-Getariako-txakolina-copas.jpg\" title=\"D-O-Getariako-txakolina-copas\" srcset=\"https:\/\/www.getariakotxakolina.eus\/wp-content\/uploads\/2025\/10\/D-O-Getariako-txakolina-copas.jpg 900w, https:\/\/www.getariakotxakolina.eus\/wp-content\/uploads\/2025\/10\/D-O-Getariako-txakolina-copas-300x200.jpg 300w, https:\/\/www.getariakotxakolina.eus\/wp-content\/uploads\/2025\/10\/D-O-Getariako-txakolina-copas-768x512.jpg 768w\" sizes=\"auto, (max-width: 900px) 100vw, 900px\" \/>\n\n\n\n<a class=\"gb-button gb-button-af479521\" href=\"https:\/\/www.getariakotxakolina.eus\/wp-content\/uploads\/2025\/10\/D-O-Getariako-txakolina-copas-alta.jpg\" download><span class=\"gb-button-text\">T\u00e9l\u00e9charger<\/span><span class=\"gb-icon\"><svg viewBox=\"0 0 265.5 512\" version=\"1.1\" xmlns=\"http:\/\/www.w3.org\/2000\/svg\" id=\"Capa_1\">      <path d=\"M144,20.9v447.2c2.3-2.1,3.7-3.3,5-4.7,29.1-29,58.1-58,87.2-87.1.9-.9,1.8-1.9,2.8-2.8,5.2-4.7,11.7-4.8,16.3-.4,4.5,4.4,4.5,10.9-.1,16.3-1,1.1-2,2.1-3.1,3.2-36.2,36.2-72.4,72.4-108.6,108.7-8.1,8.1-13.6,8.2-21.6.2-36.8-36.8-73.6-73.6-110.4-110.4-5.5-5.5-6.7-12.2-2.1-17.3,3.8-4.3,9.9-5.1,14.6-1.8,2,1.4,3.8,3.2,5.5,4.9,28.9,28.9,57.9,57.8,86.8,86.8,1.2,1.2,2.5,2.4,4.8,4.6V20.8c0-10.4,3.4-16.2,11.3-16.2s11.6,8.8,11.6,16.3h0Z\"><\/path> <\/svg><\/span><\/a>\n<\/div>\n\n\n\n<div>\n<img loading=\"lazy\" decoding=\"async\" width=\"900\" height=\"600\" class=\"gb-media-aeb24d44\" alt=\"D-O-Getariako-txakolina-copa-botella\" src=\"https:\/\/www.getariakotxakolina.eus\/wp-content\/uploads\/2025\/10\/D-O-Getariako-txakolina-copa-botella.jpg\" title=\"D-O-Getariako-txakolina-copa-botella\" srcset=\"https:\/\/www.getariakotxakolina.eus\/wp-content\/uploads\/2025\/10\/D-O-Getariako-txakolina-copa-botella.jpg 900w, https:\/\/www.getariakotxakolina.eus\/wp-content\/uploads\/2025\/10\/D-O-Getariako-txakolina-copa-botella-300x200.jpg 300w, https:\/\/www.getariakotxakolina.eus\/wp-content\/uploads\/2025\/10\/D-O-Getariako-txakolina-copa-botella-768x512.jpg 768w\" sizes=\"auto, (max-width: 900px) 100vw, 900px\" \/>\n\n\n\n<a class=\"gb-button gb-button-adedfee9\" href=\"https:\/\/www.getariakotxakolina.eus\/wp-content\/uploads\/2025\/10\/D-O-Getariako-txakolina-copa-botella-alta.jpg\" download><span class=\"gb-button-text\">T\u00e9l\u00e9charger<\/span><span class=\"gb-icon\"><svg viewBox=\"0 0 265.5 512\" version=\"1.1\" xmlns=\"http:\/\/www.w3.org\/2000\/svg\" id=\"Capa_1\">      <path d=\"M144,20.9v447.2c2.3-2.1,3.7-3.3,5-4.7,29.1-29,58.1-58,87.2-87.1.9-.9,1.8-1.9,2.8-2.8,5.2-4.7,11.7-4.8,16.3-.4,4.5,4.4,4.5,10.9-.1,16.3-1,1.1-2,2.1-3.1,3.2-36.2,36.2-72.4,72.4-108.6,108.7-8.1,8.1-13.6,8.2-21.6.2-36.8-36.8-73.6-73.6-110.4-110.4-5.5-5.5-6.7-12.2-2.1-17.3,3.8-4.3,9.9-5.1,14.6-1.8,2,1.4,3.8,3.2,5.5,4.9,28.9,28.9,57.9,57.8,86.8,86.8,1.2,1.2,2.5,2.4,4.8,4.6V20.8c0-10.4,3.4-16.2,11.3-16.2s11.6,8.8,11.6,16.3h0Z\"><\/path> <\/svg><\/span><\/a>\n<\/div>\n\n\n\n<div>\n<img loading=\"lazy\" decoding=\"async\" width=\"900\" height=\"600\" class=\"gb-media-f29ce1e2\" alt=\"D-O-Getariako-txakolina-copa-botella-anchoas\" src=\"https:\/\/www.getariakotxakolina.eus\/wp-content\/uploads\/2025\/10\/D-O-Getariako-txakolina-copa-botella-anchoas.jpg\" title=\"D-O-Getariako-txakolina-copa-botella-anchoas\" srcset=\"https:\/\/www.getariakotxakolina.eus\/wp-content\/uploads\/2025\/10\/D-O-Getariako-txakolina-copa-botella-anchoas.jpg 900w, https:\/\/www.getariakotxakolina.eus\/wp-content\/uploads\/2025\/10\/D-O-Getariako-txakolina-copa-botella-anchoas-300x200.jpg 300w, https:\/\/www.getariakotxakolina.eus\/wp-content\/uploads\/2025\/10\/D-O-Getariako-txakolina-copa-botella-anchoas-768x512.jpg 768w\" sizes=\"auto, (max-width: 900px) 100vw, 900px\" \/>\n\n\n\n<a class=\"gb-button gb-button-b2f051ca\" href=\"https:\/\/www.getariakotxakolina.eus\/wp-content\/uploads\/2025\/10\/D-O-Getariako-txakolina-copa-botella-anchoas-alta.jpg\" download><span class=\"gb-button-text\">T\u00e9l\u00e9charger<\/span><span class=\"gb-icon\"><svg viewBox=\"0 0 265.5 512\" version=\"1.1\" xmlns=\"http:\/\/www.w3.org\/2000\/svg\" id=\"Capa_1\">      <path d=\"M144,20.9v447.2c2.3-2.1,3.7-3.3,5-4.7,29.1-29,58.1-58,87.2-87.1.9-.9,1.8-1.9,2.8-2.8,5.2-4.7,11.7-4.8,16.3-.4,4.5,4.4,4.5,10.9-.1,16.3-1,1.1-2,2.1-3.1,3.2-36.2,36.2-72.4,72.4-108.6,108.7-8.1,8.1-13.6,8.2-21.6.2-36.8-36.8-73.6-73.6-110.4-110.4-5.5-5.5-6.7-12.2-2.1-17.3,3.8-4.3,9.9-5.1,14.6-1.8,2,1.4,3.8,3.2,5.5,4.9,28.9,28.9,57.9,57.8,86.8,86.8,1.2,1.2,2.5,2.4,4.8,4.6V20.8c0-10.4,3.4-16.2,11.3-16.2s11.6,8.8,11.6,16.3h0Z\"><\/path> <\/svg><\/span><\/a>\n<\/div>\n\n\n\n<div>\n<img loading=\"lazy\" decoding=\"async\" width=\"900\" height=\"600\" class=\"gb-media-3d502394\" alt=\"D-O-Getariako-txakolina-botella-sacacorchos\" src=\"https:\/\/www.getariakotxakolina.eus\/wp-content\/uploads\/2025\/10\/D-O-Getariako-txakolina-botella-sacacorchos.jpg\" title=\"D-O-Getariako-txakolina-botella-sacacorchos\" srcset=\"https:\/\/www.getariakotxakolina.eus\/wp-content\/uploads\/2025\/10\/D-O-Getariako-txakolina-botella-sacacorchos.jpg 900w, https:\/\/www.getariakotxakolina.eus\/wp-content\/uploads\/2025\/10\/D-O-Getariako-txakolina-botella-sacacorchos-300x200.jpg 300w, https:\/\/www.getariakotxakolina.eus\/wp-content\/uploads\/2025\/10\/D-O-Getariako-txakolina-botella-sacacorchos-768x512.jpg 768w\" sizes=\"auto, (max-width: 900px) 100vw, 900px\" \/>\n\n\n\n<a class=\"gb-button gb-button-87801331\" href=\"https:\/\/www.getariakotxakolina.eus\/wp-content\/uploads\/2025\/10\/D-O-Getariako-txakolina-botella-sacacorchos-alta.jpg\" download><span class=\"gb-button-text\">T\u00e9l\u00e9charger<\/span><span class=\"gb-icon\"><svg viewBox=\"0 0 265.5 512\" version=\"1.1\" xmlns=\"http:\/\/www.w3.org\/2000\/svg\" id=\"Capa_1\">      <path d=\"M144,20.9v447.2c2.3-2.1,3.7-3.3,5-4.7,29.1-29,58.1-58,87.2-87.1.9-.9,1.8-1.9,2.8-2.8,5.2-4.7,11.7-4.8,16.3-.4,4.5,4.4,4.5,10.9-.1,16.3-1,1.1-2,2.1-3.1,3.2-36.2,36.2-72.4,72.4-108.6,108.7-8.1,8.1-13.6,8.2-21.6.2-36.8-36.8-73.6-73.6-110.4-110.4-5.5-5.5-6.7-12.2-2.1-17.3,3.8-4.3,9.9-5.1,14.6-1.8,2,1.4,3.8,3.2,5.5,4.9,28.9,28.9,57.9,57.8,86.8,86.8,1.2,1.2,2.5,2.4,4.8,4.6V20.8c0-10.4,3.4-16.2,11.3-16.2s11.6,8.8,11.6,16.3h0Z\"><\/path> <\/svg><\/span><\/a>\n<\/div>\n\n\n\n<div>\n<img loading=\"lazy\" decoding=\"async\" width=\"900\" height=\"600\" class=\"gb-media-ad621463\" alt=\"D-O-Getariako-txakolina-copa-plantas\" src=\"https:\/\/www.getariakotxakolina.eus\/wp-content\/uploads\/2025\/10\/D-O-Getariako-txakolina-copa-plantas.jpg\" title=\"D-O-Getariako-txakolina-copa-plantas\" srcset=\"https:\/\/www.getariakotxakolina.eus\/wp-content\/uploads\/2025\/10\/D-O-Getariako-txakolina-copa-plantas.jpg 900w, https:\/\/www.getariakotxakolina.eus\/wp-content\/uploads\/2025\/10\/D-O-Getariako-txakolina-copa-plantas-300x200.jpg 300w, https:\/\/www.getariakotxakolina.eus\/wp-content\/uploads\/2025\/10\/D-O-Getariako-txakolina-copa-plantas-768x512.jpg 768w\" sizes=\"auto, (max-width: 900px) 100vw, 900px\" \/>\n\n\n\n<a class=\"gb-button gb-button-5e9065b8\" href=\"https:\/\/www.getariakotxakolina.eus\/wp-content\/uploads\/2025\/10\/D-O-Getariako-txakolina-copa-plantas-alta.jpg\" download><span class=\"gb-button-text\">T\u00e9l\u00e9charger<\/span><span class=\"gb-icon\"><svg viewBox=\"0 0 265.5 512\" version=\"1.1\" xmlns=\"http:\/\/www.w3.org\/2000\/svg\" id=\"Capa_1\">      <path d=\"M144,20.9v447.2c2.3-2.1,3.7-3.3,5-4.7,29.1-29,58.1-58,87.2-87.1.9-.9,1.8-1.9,2.8-2.8,5.2-4.7,11.7-4.8,16.3-.4,4.5,4.4,4.5,10.9-.1,16.3-1,1.1-2,2.1-3.1,3.2-36.2,36.2-72.4,72.4-108.6,108.7-8.1,8.1-13.6,8.2-21.6.2-36.8-36.8-73.6-73.6-110.4-110.4-5.5-5.5-6.7-12.2-2.1-17.3,3.8-4.3,9.9-5.1,14.6-1.8,2,1.4,3.8,3.2,5.5,4.9,28.9,28.9,57.9,57.8,86.8,86.8,1.2,1.2,2.5,2.4,4.8,4.6V20.8c0-10.4,3.4-16.2,11.3-16.2s11.6,8.8,11.6,16.3h0Z\"><\/path> <\/svg><\/span><\/a>\n<\/div>\n\n\n\n<div>\n<img loading=\"lazy\" decoding=\"async\" width=\"900\" height=\"600\" class=\"gb-media-7a1cfddf\" alt=\"D-O-Getariako-txakolina-copa-deco\" src=\"https:\/\/www.getariakotxakolina.eus\/wp-content\/uploads\/2025\/10\/D-O-Getariako-txakolina-copa-deco.jpg\" title=\"D-O-Getariako-txakolina-copa-deco\" srcset=\"https:\/\/www.getariakotxakolina.eus\/wp-content\/uploads\/2025\/10\/D-O-Getariako-txakolina-copa-deco.jpg 900w, https:\/\/www.getariakotxakolina.eus\/wp-content\/uploads\/2025\/10\/D-O-Getariako-txakolina-copa-deco-300x200.jpg 300w, https:\/\/www.getariakotxakolina.eus\/wp-content\/uploads\/2025\/10\/D-O-Getariako-txakolina-copa-deco-768x512.jpg 768w\" sizes=\"auto, (max-width: 900px) 100vw, 900px\" \/>\n\n\n\n<a class=\"gb-button gb-button-65580c3e\" href=\"https:\/\/www.getariakotxakolina.eus\/wp-content\/uploads\/2025\/10\/D-O-Getariako-txakolina-copa-deco-alta.jpg\" download><span class=\"gb-button-text\">T\u00e9l\u00e9charger<\/span><span class=\"gb-icon\"><svg viewBox=\"0 0 265.5 512\" version=\"1.1\" xmlns=\"http:\/\/www.w3.org\/2000\/svg\" id=\"Capa_1\">      <path d=\"M144,20.9v447.2c2.3-2.1,3.7-3.3,5-4.7,29.1-29,58.1-58,87.2-87.1.9-.9,1.8-1.9,2.8-2.8,5.2-4.7,11.7-4.8,16.3-.4,4.5,4.4,4.5,10.9-.1,16.3-1,1.1-2,2.1-3.1,3.2-36.2,36.2-72.4,72.4-108.6,108.7-8.1,8.1-13.6,8.2-21.6.2-36.8-36.8-73.6-73.6-110.4-110.4-5.5-5.5-6.7-12.2-2.1-17.3,3.8-4.3,9.9-5.1,14.6-1.8,2,1.4,3.8,3.2,5.5,4.9,28.9,28.9,57.9,57.8,86.8,86.8,1.2,1.2,2.5,2.4,4.8,4.6V20.8c0-10.4,3.4-16.2,11.3-16.2s11.6,8.8,11.6,16.3h0Z\"><\/path> <\/svg><\/span><\/a>\n<\/div>\n<\/div>\n\n<\/div>","protected":false},"excerpt":{"rendered":"<p>Galerie<\/p>\n","protected":false},"author":1,"featured_media":0,"parent":0,"menu_order":0,"comment_status":"closed","ping_status":"closed","template":"","meta":{"_acf_changed":false,"footnotes":""},"class_list":["post-13904","page","type-page","status-publish"],"acf":[],"yoast_head":"<!-- This site is optimized with the Yoast SEO plugin v27.4 - https:\/\/yoast.com\/product\/yoast-seo-wordpress\/ -->\n<title>Galerie - Getariako Txakolina<\/title>\n<meta name=\"robots\" content=\"index, follow, max-snippet:-1, max-image-preview:large, max-video-preview:-1\" \/>\n<link rel=\"canonical\" href=\"https:\/\/www.getariakotxakolina.eus\/fr\/galerie\/\" \/>\n<meta property=\"og:locale\" content=\"fr_FR\" \/>\n<meta property=\"og:type\" content=\"article\" \/>\n<meta property=\"og:title\" content=\"Galerie - Getariako Txakolina\" \/>\n<meta property=\"og:description\" content=\"Galerie\" \/>\n<meta property=\"og:url\" content=\"https:\/\/www.getariakotxakolina.eus\/fr\/galerie\/\" \/>\n<meta property=\"og:site_name\" content=\"Getariako Txakolina\" \/>\n<meta property=\"article:publisher\" content=\"https:\/\/www.facebook.com\/GetariakoTxakolinaDO\/\" \/>\n<meta property=\"article:modified_time\" content=\"2025-12-20T11:44:32+00:00\" \/>\n<meta property=\"og:image\" content=\"https:\/\/www.getariakotxakolina.eus\/wp-content\/uploads\/2025\/10\/D-O-Getariako-txakolina-copas.jpg\" \/>\n<meta name=\"twitter:card\" content=\"summary_large_image\" \/>\n<meta name=\"twitter:label1\" content=\"Dur\u00e9e de lecture estim\u00e9e\" \/>\n\t<meta name=\"twitter:data1\" content=\"2 minutes\" \/>\n<script type=\"application\/ld+json\" class=\"yoast-schema-graph\">{\"@context\":\"https:\\\/\\\/schema.org\",\"@graph\":[{\"@type\":\"WebPage\",\"@id\":\"https:\\\/\\\/www.getariakotxakolina.eus\\\/fr\\\/galerie\\\/\",\"url\":\"https:\\\/\\\/www.getariakotxakolina.eus\\\/fr\\\/galerie\\\/\",\"name\":\"Galerie - Getariako Txakolina\",\"isPartOf\":{\"@id\":\"https:\\\/\\\/www.getariakotxakolina.eus\\\/fr\\\/#website\"},\"primaryImageOfPage\":{\"@id\":\"https:\\\/\\\/www.getariakotxakolina.eus\\\/fr\\\/galerie\\\/#primaryimage\"},\"image\":{\"@id\":\"https:\\\/\\\/www.getariakotxakolina.eus\\\/fr\\\/galerie\\\/#primaryimage\"},\"thumbnailUrl\":\"https:\\\/\\\/www.getariakotxakolina.eus\\\/wp-content\\\/uploads\\\/2025\\\/10\\\/D-O-Getariako-txakolina-copas.jpg\",\"datePublished\":\"2025-10-16T15:39:37+00:00\",\"dateModified\":\"2025-12-20T11:44:32+00:00\",\"breadcrumb\":{\"@id\":\"https:\\\/\\\/www.getariakotxakolina.eus\\\/fr\\\/galerie\\\/#breadcrumb\"},\"inLanguage\":\"fr-FR\",\"potentialAction\":[{\"@type\":\"ReadAction\",\"target\":[\"https:\\\/\\\/www.getariakotxakolina.eus\\\/fr\\\/galerie\\\/\"]}]},{\"@type\":\"ImageObject\",\"inLanguage\":\"fr-FR\",\"@id\":\"https:\\\/\\\/www.getariakotxakolina.eus\\\/fr\\\/galerie\\\/#primaryimage\",\"url\":\"https:\\\/\\\/www.getariakotxakolina.eus\\\/wp-content\\\/uploads\\\/2025\\\/10\\\/D-O-Getariako-txakolina-copas.jpg\",\"contentUrl\":\"https:\\\/\\\/www.getariakotxakolina.eus\\\/wp-content\\\/uploads\\\/2025\\\/10\\\/D-O-Getariako-txakolina-copas.jpg\"},{\"@type\":\"BreadcrumbList\",\"@id\":\"https:\\\/\\\/www.getariakotxakolina.eus\\\/fr\\\/galerie\\\/#breadcrumb\",\"itemListElement\":[{\"@type\":\"ListItem\",\"position\":1,\"name\":\"Portada\",\"item\":\"https:\\\/\\\/www.getariakotxakolina.eus\\\/fr\\\/\"},{\"@type\":\"ListItem\",\"position\":2,\"name\":\"Galerie\"}]},{\"@type\":\"WebSite\",\"@id\":\"https:\\\/\\\/www.getariakotxakolina.eus\\\/fr\\\/#website\",\"url\":\"https:\\\/\\\/www.getariakotxakolina.eus\\\/fr\\\/\",\"name\":\"Txakol\u00ed de Getaria vino blanco con D.O. Getariako txakolina\",\"description\":\"El txakoli Denominaci\u00f3n de Origen Getariako Txakolina es un vino joven de graduaci\u00f3n moderada y equilibrada acidez.\",\"publisher\":{\"@id\":\"https:\\\/\\\/www.getariakotxakolina.eus\\\/fr\\\/#organization\"},\"alternateName\":\"Getariako txakolina\",\"potentialAction\":[{\"@type\":\"SearchAction\",\"target\":{\"@type\":\"EntryPoint\",\"urlTemplate\":\"https:\\\/\\\/www.getariakotxakolina.eus\\\/fr\\\/?s={search_term_string}\"},\"query-input\":{\"@type\":\"PropertyValueSpecification\",\"valueRequired\":true,\"valueName\":\"search_term_string\"}}],\"inLanguage\":\"fr-FR\"},{\"@type\":\"Organization\",\"@id\":\"https:\\\/\\\/www.getariakotxakolina.eus\\\/fr\\\/#organization\",\"name\":\"Getariako Txakolina\",\"alternateName\":\"Getariako Txakolina\",\"url\":\"https:\\\/\\\/www.getariakotxakolina.eus\\\/fr\\\/\",\"logo\":{\"@type\":\"ImageObject\",\"inLanguage\":\"fr-FR\",\"@id\":\"https:\\\/\\\/www.getariakotxakolina.eus\\\/fr\\\/#\\\/schema\\\/logo\\\/image\\\/\",\"url\":\"https:\\\/\\\/www.getariakotxakolina.eus\\\/wp-content\\\/uploads\\\/2025\\\/07\\\/Getariako-Txakolina-Logo.svg\",\"contentUrl\":\"https:\\\/\\\/www.getariakotxakolina.eus\\\/wp-content\\\/uploads\\\/2025\\\/07\\\/Getariako-Txakolina-Logo.svg\",\"width\":417,\"height\":83,\"caption\":\"Getariako Txakolina\"},\"image\":{\"@id\":\"https:\\\/\\\/www.getariakotxakolina.eus\\\/fr\\\/#\\\/schema\\\/logo\\\/image\\\/\"},\"sameAs\":[\"https:\\\/\\\/www.facebook.com\\\/GetariakoTxakolinaDO\\\/\",\"https:\\\/\\\/www.instagram.com\\\/getariakotxakolina_do\\\/\"]}]}<\/script>\n<!-- \/ Yoast SEO plugin. -->","yoast_head_json":{"title":"Galerie - Getariako Txakolina","robots":{"index":"index","follow":"follow","max-snippet":"max-snippet:-1","max-image-preview":"max-image-preview:large","max-video-preview":"max-video-preview:-1"},"canonical":"https:\/\/www.getariakotxakolina.eus\/fr\/galerie\/","og_locale":"fr_FR","og_type":"article","og_title":"Galerie - Getariako Txakolina","og_description":"Galerie","og_url":"https:\/\/www.getariakotxakolina.eus\/fr\/galerie\/","og_site_name":"Getariako Txakolina","article_publisher":"https:\/\/www.facebook.com\/GetariakoTxakolinaDO\/","article_modified_time":"2025-12-20T11:44:32+00:00","og_image":[{"url":"https:\/\/www.getariakotxakolina.eus\/wp-content\/uploads\/2025\/10\/D-O-Getariako-txakolina-copas.jpg","type":"","width":"","height":""}],"twitter_card":"summary_large_image","twitter_misc":{"Dur\u00e9e de lecture estim\u00e9e":"2 minutes"},"schema":{"@context":"https:\/\/schema.org","@graph":[{"@type":"WebPage","@id":"https:\/\/www.getariakotxakolina.eus\/fr\/galerie\/","url":"https:\/\/www.getariakotxakolina.eus\/fr\/galerie\/","name":"Galerie - Getariako Txakolina","isPartOf":{"@id":"https:\/\/www.getariakotxakolina.eus\/fr\/#website"},"primaryImageOfPage":{"@id":"https:\/\/www.getariakotxakolina.eus\/fr\/galerie\/#primaryimage"},"image":{"@id":"https:\/\/www.getariakotxakolina.eus\/fr\/galerie\/#primaryimage"},"thumbnailUrl":"https:\/\/www.getariakotxakolina.eus\/wp-content\/uploads\/2025\/10\/D-O-Getariako-txakolina-copas.jpg","datePublished":"2025-10-16T15:39:37+00:00","dateModified":"2025-12-20T11:44:32+00:00","breadcrumb":{"@id":"https:\/\/www.getariakotxakolina.eus\/fr\/galerie\/#breadcrumb"},"inLanguage":"fr-FR","potentialAction":[{"@type":"ReadAction","target":["https:\/\/www.getariakotxakolina.eus\/fr\/galerie\/"]}]},{"@type":"ImageObject","inLanguage":"fr-FR","@id":"https:\/\/www.getariakotxakolina.eus\/fr\/galerie\/#primaryimage","url":"https:\/\/www.getariakotxakolina.eus\/wp-content\/uploads\/2025\/10\/D-O-Getariako-txakolina-copas.jpg","contentUrl":"https:\/\/www.getariakotxakolina.eus\/wp-content\/uploads\/2025\/10\/D-O-Getariako-txakolina-copas.jpg"},{"@type":"BreadcrumbList","@id":"https:\/\/www.getariakotxakolina.eus\/fr\/galerie\/#breadcrumb","itemListElement":[{"@type":"ListItem","position":1,"name":"Portada","item":"https:\/\/www.getariakotxakolina.eus\/fr\/"},{"@type":"ListItem","position":2,"name":"Galerie"}]},{"@type":"WebSite","@id":"https:\/\/www.getariakotxakolina.eus\/fr\/#website","url":"https:\/\/www.getariakotxakolina.eus\/fr\/","name":"Txakol\u00ed de Getaria vino blanco con D.O. Getariako txakolina","description":"El txakoli Denominaci\u00f3n de Origen Getariako Txakolina es un vino joven de graduaci\u00f3n moderada y equilibrada acidez.","publisher":{"@id":"https:\/\/www.getariakotxakolina.eus\/fr\/#organization"},"alternateName":"Getariako txakolina","potentialAction":[{"@type":"SearchAction","target":{"@type":"EntryPoint","urlTemplate":"https:\/\/www.getariakotxakolina.eus\/fr\/?s={search_term_string}"},"query-input":{"@type":"PropertyValueSpecification","valueRequired":true,"valueName":"search_term_string"}}],"inLanguage":"fr-FR"},{"@type":"Organization","@id":"https:\/\/www.getariakotxakolina.eus\/fr\/#organization","name":"Getariako Txakolina","alternateName":"Getariako Txakolina","url":"https:\/\/www.getariakotxakolina.eus\/fr\/","logo":{"@type":"ImageObject","inLanguage":"fr-FR","@id":"https:\/\/www.getariakotxakolina.eus\/fr\/#\/schema\/logo\/image\/","url":"https:\/\/www.getariakotxakolina.eus\/wp-content\/uploads\/2025\/07\/Getariako-Txakolina-Logo.svg","contentUrl":"https:\/\/www.getariakotxakolina.eus\/wp-content\/uploads\/2025\/07\/Getariako-Txakolina-Logo.svg","width":417,"height":83,"caption":"Getariako Txakolina"},"image":{"@id":"https:\/\/www.getariakotxakolina.eus\/fr\/#\/schema\/logo\/image\/"},"sameAs":["https:\/\/www.facebook.com\/GetariakoTxakolinaDO\/","https:\/\/www.instagram.com\/getariakotxakolina_do\/"]}]}},"_links":{"self":[{"href":"https:\/\/www.getariakotxakolina.eus\/fr\/wp-json\/wp\/v2\/pages\/13904","targetHints":{"allow":["GET"]}}],"collection":[{"href":"https:\/\/www.getariakotxakolina.eus\/fr\/wp-json\/wp\/v2\/pages"}],"about":[{"href":"https:\/\/www.getariakotxakolina.eus\/fr\/wp-json\/wp\/v2\/types\/page"}],"author":[{"embeddable":true,"href":"https:\/\/www.getariakotxakolina.eus\/fr\/wp-json\/wp\/v2\/users\/1"}],"replies":[{"embeddable":true,"href":"https:\/\/www.getariakotxakolina.eus\/fr\/wp-json\/wp\/v2\/comments?post=13904"}],"version-history":[{"count":0,"href":"https:\/\/www.getariakotxakolina.eus\/fr\/wp-json\/wp\/v2\/pages\/13904\/revisions"}],"wp:attachment":[{"href":"https:\/\/www.getariakotxakolina.eus\/fr\/wp-json\/wp\/v2\/media?parent=13904"}],"curies":[{"name":"wp","href":"https:\/\/api.w.org\/{rel}","templated":true}]}}