{"id":13889,"date":"2025-11-12T17:46:27","date_gmt":"2025-11-12T16:46:27","guid":{"rendered":"https:\/\/www.getariakotxakolina.eus\/bloga\/"},"modified":"2025-12-22T14:07:26","modified_gmt":"2025-12-22T13:07:26","slug":"blog","status":"publish","type":"page","link":"https:\/\/www.getariakotxakolina.eus\/fr\/blog\/","title":{"rendered":"Blog"},"content":{"rendered":"<div class=\"gb-container gb-container-b6cce23f\">\n<div class=\"gb-container gb-container-6644e908\">\n\n<h1 class=\"gb-headline gb-headline-b06ece17 gb-headline-text h1-paginas-fondo-blanco\">Blog<\/h1>\n\n<\/div>\n<\/div>\n\n<div class=\"gb-container gb-container-3045d3a3\">\n<div class=\"gb-container gb-container-a0b65cbc\">\n\n<div class=\"gb-grid-wrapper gb-grid-wrapper-0d42dbf1 gb-query-loop-wrapper\">\n<div class=\"gb-grid-column gb-grid-column-6167910a gb-query-loop-item post-13715 post type-post status-publish format-standard has-post-thumbnail hentry category-berriak\"><div class=\"gb-container gb-container-6167910a\">\n<div class=\"gb-container gb-container-1f6d44e7\" style=\"background-image: url(https:\/\/www.getariakotxakolina.eus\/wp-content\/uploads\/2025\/07\/Dias-del-Txakoli-2025-\u2013-Txakolin-Egunak.jpg);\"><\/div>\n\n<div class=\"gb-container gb-container-6c58321f\">\n<h3 class=\"gb-headline gb-headline-e77d6ac6 gb-headline-text titulo-blog-cajas\"><a href=\"https:\/\/www.getariakotxakolina.eus\/fr\/journees-du-txakoli-de-getaria-2025\/\">Journ\u00e9es du Txakoli \u2013 Txakolin Egunak 2025<\/a><\/h3>\n\n<p class=\"gb-headline gb-headline-97d1a78b gb-headline-text texto-extracto-blog\">Chaque ann\u00e9e, le festival Txakoli de Getaria c\u00e9l\u00e8bre sa tradition txakoli dans certaines des villes autour desquelles se trouvent les &#8230;<\/p>\n\n<a class=\"gb-button gb-button-faa0cac2\" href=\"https:\/\/www.getariakotxakolina.eus\/fr\/journees-du-txakoli-de-getaria-2025\/\"><span class=\"gb-button-text\">En savoir plus<\/span><span class=\"gb-icon\"><svg viewbox=\"0 0 512 265.5\" version=\"1.1\" xmlns=\"http:\/\/www.w3.org\/2000\/svg\" data-name=\"Capa 1\" id=\"Capa_1\">    <path d=\"M4.4,130.9c2.5-8,8.7-9.5,16.2-9.5,146.6,0,293.2,0,439.9,0h7.3c-2.1-2.3-3.3-3.7-4.7-5-29-29.1-58-58.1-87.1-87.2-.9-.9-1.9-1.8-2.8-2.8-4.7-5.2-4.8-11.7-.4-16.3,4.4-4.5,10.9-4.5,16.3.1,1.1,1,2.1,2,3.2,3.1,36.2,36.2,72.4,72.4,108.7,108.6,8.1,8.1,8.2,13.6.2,21.6-36.8,36.8-73.6,73.6-110.4,110.4-5.9,5.9-12.2,6.7-17.3,2.1-4.3-3.8-5.1-9.9-1.8-14.6,1.4-2,3.2-3.8,4.9-5.5,28.9-28.9,57.8-57.9,86.8-86.8,1.2-1.2,2.4-2.5,4.6-4.8-3.2,0-5.2,0-7.2,0-146.8,0-293.6,0-440.3,0-7.1,0-12.8-1.7-15.9-8.7v-4.9Z\" class=\"cls-1\"><\/path> <\/svg><\/span><\/a>\n<\/div>\n<\/div><\/div>\n\n<div class=\"gb-grid-column gb-grid-column-6167910a gb-query-loop-item post-14451 post type-post status-publish format-standard has-post-thumbnail hentry category-berriak\"><div class=\"gb-container gb-container-6167910a\">\n<div class=\"gb-container gb-container-1f6d44e7\" style=\"background-image: url(https:\/\/www.getariakotxakolina.eus\/wp-content\/uploads\/2025\/03\/Txakoli-Getaria-a-Prowein-Dusseldorf.jpg);\"><\/div>\n\n<div class=\"gb-container gb-container-6c58321f\">\n<h3 class=\"gb-headline gb-headline-e77d6ac6 gb-headline-text titulo-blog-cajas\"><a href=\"https:\/\/www.getariakotxakolina.eus\/fr\/getaria-txakoli-sera-presente-au-salon-prowein-dusseldorf-2025\/\">Getaria Txakoli sera pr\u00e9sente au salon ProWein D\u00fcsseldorf 2025<\/a><\/h3>\n\n<p class=\"gb-headline gb-headline-97d1a78b gb-headline-text texto-extracto-blog\">Cette ann\u00e9e encore, Getariako Txakolina sera pr\u00e9sente au salon international des vins ProWein D\u00fcsseldorf, qui aura lieu du 16 au &#8230;<\/p>\n\n<a class=\"gb-button gb-button-faa0cac2\" href=\"https:\/\/www.getariakotxakolina.eus\/fr\/getaria-txakoli-sera-presente-au-salon-prowein-dusseldorf-2025\/\"><span class=\"gb-button-text\">En savoir plus<\/span><span class=\"gb-icon\"><svg viewbox=\"0 0 512 265.5\" version=\"1.1\" xmlns=\"http:\/\/www.w3.org\/2000\/svg\" data-name=\"Capa 1\" id=\"Capa_1\">    <path d=\"M4.4,130.9c2.5-8,8.7-9.5,16.2-9.5,146.6,0,293.2,0,439.9,0h7.3c-2.1-2.3-3.3-3.7-4.7-5-29-29.1-58-58.1-87.1-87.2-.9-.9-1.9-1.8-2.8-2.8-4.7-5.2-4.8-11.7-.4-16.3,4.4-4.5,10.9-4.5,16.3.1,1.1,1,2.1,2,3.2,3.1,36.2,36.2,72.4,72.4,108.7,108.6,8.1,8.1,8.2,13.6.2,21.6-36.8,36.8-73.6,73.6-110.4,110.4-5.9,5.9-12.2,6.7-17.3,2.1-4.3-3.8-5.1-9.9-1.8-14.6,1.4-2,3.2-3.8,4.9-5.5,28.9-28.9,57.8-57.9,86.8-86.8,1.2-1.2,2.4-2.5,4.6-4.8-3.2,0-5.2,0-7.2,0-146.8,0-293.6,0-440.3,0-7.1,0-12.8-1.7-15.9-8.7v-4.9Z\" class=\"cls-1\"><\/path> <\/svg><\/span><\/a>\n<\/div>\n<\/div><\/div>\n\n<div class=\"gb-grid-column gb-grid-column-6167910a gb-query-loop-item post-14463 post type-post status-publish format-standard has-post-thumbnail hentry category-berriak\"><div class=\"gb-container gb-container-6167910a\">\n<div class=\"gb-container gb-container-1f6d44e7\" style=\"background-image: url(https:\/\/www.getariakotxakolina.eus\/wp-content\/uploads\/2025\/02\/Getariako-Txakolina-a-la-Wine-Paris-2025.jpg);\"><\/div>\n\n<div class=\"gb-container gb-container-6c58321f\">\n<h3 class=\"gb-headline gb-headline-e77d6ac6 gb-headline-text titulo-blog-cajas\"><a href=\"https:\/\/www.getariakotxakolina.eus\/fr\/le-txakoli-de-getaria-fait-ses-debuts-au-salon-international-des-vins-de-paris-wine-paris-2025\/\">Le Txakoli de Getaria fait ses d\u00e9buts au salon international des vins de Paris, Wine Paris 2025<\/a><\/h3>\n\n<p class=\"gb-headline gb-headline-97d1a78b gb-headline-text texto-extracto-blog\">Txakoli de Getaria fait ses d\u00e9buts au salon international des vins de Paris, Wine Paris 2025, avec les domaines viticoles &#8230;<\/p>\n\n<a class=\"gb-button gb-button-faa0cac2\" href=\"https:\/\/www.getariakotxakolina.eus\/fr\/le-txakoli-de-getaria-fait-ses-debuts-au-salon-international-des-vins-de-paris-wine-paris-2025\/\"><span class=\"gb-button-text\">En savoir plus<\/span><span class=\"gb-icon\"><svg viewbox=\"0 0 512 265.5\" version=\"1.1\" xmlns=\"http:\/\/www.w3.org\/2000\/svg\" data-name=\"Capa 1\" id=\"Capa_1\">    <path d=\"M4.4,130.9c2.5-8,8.7-9.5,16.2-9.5,146.6,0,293.2,0,439.9,0h7.3c-2.1-2.3-3.3-3.7-4.7-5-29-29.1-58-58.1-87.1-87.2-.9-.9-1.9-1.8-2.8-2.8-4.7-5.2-4.8-11.7-.4-16.3,4.4-4.5,10.9-4.5,16.3.1,1.1,1,2.1,2,3.2,3.1,36.2,36.2,72.4,72.4,108.7,108.6,8.1,8.1,8.2,13.6.2,21.6-36.8,36.8-73.6,73.6-110.4,110.4-5.9,5.9-12.2,6.7-17.3,2.1-4.3-3.8-5.1-9.9-1.8-14.6,1.4-2,3.2-3.8,4.9-5.5,28.9-28.9,57.8-57.9,86.8-86.8,1.2-1.2,2.4-2.5,4.6-4.8-3.2,0-5.2,0-7.2,0-146.8,0-293.6,0-440.3,0-7.1,0-12.8-1.7-15.9-8.7v-4.9Z\" class=\"cls-1\"><\/path> <\/svg><\/span><\/a>\n<\/div>\n<\/div><\/div>\n\n<div class=\"gb-grid-column gb-grid-column-6167910a gb-query-loop-item post-13727 post type-post status-publish format-standard has-post-thumbnail hentry category-berriak\"><div class=\"gb-container gb-container-6167910a\">\n<div class=\"gb-container gb-container-1f6d44e7\" style=\"background-image: url(https:\/\/www.getariakotxakolina.eus\/wp-content\/uploads\/2025\/11\/Getariako-Txakolinaren-35-uztaren-aurkezpena-Getariako-San-Anton-Egunean-portada.jpg);\"><\/div>\n\n<div class=\"gb-container gb-container-6c58321f\">\n<h3 class=\"gb-headline gb-headline-e77d6ac6 gb-headline-text titulo-blog-cajas\"><a href=\"https:\/\/www.getariakotxakolina.eus\/fr\/presentation-de-la-35e-recolte-de-getariako-txakolina\/\">Pr\u00e9sentation de la 35e r\u00e9colte de Getariako Txakolina pour la f\u00eate de San Ant\u00f3n, \u00e0 Getaria<\/a><\/h3>\n\n<p class=\"gb-headline gb-headline-97d1a78b gb-headline-text texto-extracto-blog\">La pr\u00e9sentation de la r\u00e9colte\u00a02024, la 35e b\u00e9n\u00e9ficiant d\u2019un sceau de garantie num\u00e9rot\u00e9, a eu lieu ce 17 janvier.\u00a0Le Mahasti &#8230;<\/p>\n\n<a class=\"gb-button gb-button-faa0cac2\" href=\"https:\/\/www.getariakotxakolina.eus\/fr\/presentation-de-la-35e-recolte-de-getariako-txakolina\/\"><span class=\"gb-button-text\">En savoir plus<\/span><span class=\"gb-icon\"><svg viewbox=\"0 0 512 265.5\" version=\"1.1\" xmlns=\"http:\/\/www.w3.org\/2000\/svg\" data-name=\"Capa 1\" id=\"Capa_1\">    <path d=\"M4.4,130.9c2.5-8,8.7-9.5,16.2-9.5,146.6,0,293.2,0,439.9,0h7.3c-2.1-2.3-3.3-3.7-4.7-5-29-29.1-58-58.1-87.1-87.2-.9-.9-1.9-1.8-2.8-2.8-4.7-5.2-4.8-11.7-.4-16.3,4.4-4.5,10.9-4.5,16.3.1,1.1,1,2.1,2,3.2,3.1,36.2,36.2,72.4,72.4,108.7,108.6,8.1,8.1,8.2,13.6.2,21.6-36.8,36.8-73.6,73.6-110.4,110.4-5.9,5.9-12.2,6.7-17.3,2.1-4.3-3.8-5.1-9.9-1.8-14.6,1.4-2,3.2-3.8,4.9-5.5,28.9-28.9,57.8-57.9,86.8-86.8,1.2-1.2,2.4-2.5,4.6-4.8-3.2,0-5.2,0-7.2,0-146.8,0-293.6,0-440.3,0-7.1,0-12.8-1.7-15.9-8.7v-4.9Z\" class=\"cls-1\"><\/path> <\/svg><\/span><\/a>\n<\/div>\n<\/div><\/div>\n\n<div class=\"gb-grid-column gb-grid-column-6167910a gb-query-loop-item post-13753 post type-post status-publish format-standard has-post-thumbnail hentry category-berriak\"><div class=\"gb-container gb-container-6167910a\">\n<div class=\"gb-container gb-container-1f6d44e7\" style=\"background-image: url(https:\/\/www.getariakotxakolina.eus\/wp-content\/uploads\/2025\/11\/Inausketa-lanak-Getariako-Txakolina-Jatorri-Deiturako-mahastietan-portada.jpg);\"><\/div>\n\n<div class=\"gb-container gb-container-6c58321f\">\n<h3 class=\"gb-headline gb-headline-e77d6ac6 gb-headline-text titulo-blog-cajas\"><a href=\"https:\/\/www.getariakotxakolina.eus\/fr\/travaux-de-taille-dans-les-vignobles-de-getariako-txakolina\/\">Travaux de taille dans les vignobles de l\u2019Appellation d\u2019Origine Getariako Txakolina<\/a><\/h3>\n\n<p class=\"gb-headline gb-headline-97d1a78b gb-headline-text texto-extracto-blog\">La taille est l\u2019une des t\u00e2ches les plus importantes dans le cycle v\u00e9g\u00e9tatif de la vigne, d\u00e9terminante pour la production &#8230;<\/p>\n\n<a class=\"gb-button gb-button-faa0cac2\" href=\"https:\/\/www.getariakotxakolina.eus\/fr\/travaux-de-taille-dans-les-vignobles-de-getariako-txakolina\/\"><span class=\"gb-button-text\">En savoir plus<\/span><span class=\"gb-icon\"><svg viewbox=\"0 0 512 265.5\" version=\"1.1\" xmlns=\"http:\/\/www.w3.org\/2000\/svg\" data-name=\"Capa 1\" id=\"Capa_1\">    <path d=\"M4.4,130.9c2.5-8,8.7-9.5,16.2-9.5,146.6,0,293.2,0,439.9,0h7.3c-2.1-2.3-3.3-3.7-4.7-5-29-29.1-58-58.1-87.1-87.2-.9-.9-1.9-1.8-2.8-2.8-4.7-5.2-4.8-11.7-.4-16.3,4.4-4.5,10.9-4.5,16.3.1,1.1,1,2.1,2,3.2,3.1,36.2,36.2,72.4,72.4,108.7,108.6,8.1,8.1,8.2,13.6.2,21.6-36.8,36.8-73.6,73.6-110.4,110.4-5.9,5.9-12.2,6.7-17.3,2.1-4.3-3.8-5.1-9.9-1.8-14.6,1.4-2,3.2-3.8,4.9-5.5,28.9-28.9,57.8-57.9,86.8-86.8,1.2-1.2,2.4-2.5,4.6-4.8-3.2,0-5.2,0-7.2,0-146.8,0-293.6,0-440.3,0-7.1,0-12.8-1.7-15.9-8.7v-4.9Z\" class=\"cls-1\"><\/path> <\/svg><\/span><\/a>\n<\/div>\n<\/div><\/div>\n\n<div class=\"gb-grid-column gb-grid-column-6167910a gb-query-loop-item post-13757 post type-post status-publish format-standard has-post-thumbnail hentry category-enoturismoa\"><div class=\"gb-container gb-container-6167910a\">\n<div class=\"gb-container gb-container-1f6d44e7\" style=\"background-image: url(https:\/\/www.getariakotxakolina.eus\/wp-content\/uploads\/2023\/02\/Quelles-caves-de-txakoli-de-Getaria-est-il-possible-de-visiter.jpg);\"><\/div>\n\n<div class=\"gb-container gb-container-6c58321f\">\n<h3 class=\"gb-headline gb-headline-e77d6ac6 gb-headline-text titulo-blog-cajas\"><a href=\"https:\/\/www.getariakotxakolina.eus\/fr\/visite-caves-de-txakoli-de-getaria\/\">Quelles caves de txakoli de Getaria est-il possible de visiter?<\/a><\/h3>\n\n<p class=\"gb-headline gb-headline-97d1a78b gb-headline-text texto-extracto-blog\">Le territoire de Gipuzkoa fait partie des destinations pr\u00e9f\u00e9r\u00e9es des oenotouristes, avides de visiter les vignes et les caves de &#8230;<\/p>\n\n<a class=\"gb-button gb-button-faa0cac2\" href=\"https:\/\/www.getariakotxakolina.eus\/fr\/visite-caves-de-txakoli-de-getaria\/\"><span class=\"gb-button-text\">En savoir plus<\/span><span class=\"gb-icon\"><svg viewbox=\"0 0 512 265.5\" version=\"1.1\" xmlns=\"http:\/\/www.w3.org\/2000\/svg\" data-name=\"Capa 1\" id=\"Capa_1\">    <path d=\"M4.4,130.9c2.5-8,8.7-9.5,16.2-9.5,146.6,0,293.2,0,439.9,0h7.3c-2.1-2.3-3.3-3.7-4.7-5-29-29.1-58-58.1-87.1-87.2-.9-.9-1.9-1.8-2.8-2.8-4.7-5.2-4.8-11.7-.4-16.3,4.4-4.5,10.9-4.5,16.3.1,1.1,1,2.1,2,3.2,3.1,36.2,36.2,72.4,72.4,108.7,108.6,8.1,8.1,8.2,13.6.2,21.6-36.8,36.8-73.6,73.6-110.4,110.4-5.9,5.9-12.2,6.7-17.3,2.1-4.3-3.8-5.1-9.9-1.8-14.6,1.4-2,3.2-3.8,4.9-5.5,28.9-28.9,57.8-57.9,86.8-86.8,1.2-1.2,2.4-2.5,4.6-4.8-3.2,0-5.2,0-7.2,0-146.8,0-293.6,0-440.3,0-7.1,0-12.8-1.7-15.9-8.7v-4.9Z\" class=\"cls-1\"><\/path> <\/svg><\/span><\/a>\n<\/div>\n<\/div><\/div>\n\n<div class=\"gb-grid-column gb-grid-column-6167910a gb-query-loop-item post-13761 post type-post status-publish format-standard has-post-thumbnail hentry category-enoturismoa\"><div class=\"gb-container gb-container-6167910a\">\n<div class=\"gb-container gb-container-1f6d44e7\" style=\"background-image: url(https:\/\/www.getariakotxakolina.eus\/wp-content\/uploads\/2023\/02\/Restaurants-Getariako-Txakolina-.jpg);\"><\/div>\n\n<div class=\"gb-container gb-container-6c58321f\">\n<h3 class=\"gb-headline gb-headline-e77d6ac6 gb-headline-text titulo-blog-cajas\"><a href=\"https:\/\/www.getariakotxakolina.eus\/fr\/vins-et-restaurants-de-txakoli\/\">Profiter d\u2019un bon repas dans une cave de txakoli: Restaurants dans caves de Getariako Txakolina<\/a><\/h3>\n\n<p class=\"gb-headline gb-headline-97d1a78b gb-headline-text texto-extracto-blog\">S\u2019il est un aspect qui distingue notre territoire, c\u2019est bien son excellente gastronomie et bien \u00e9videmment, notre txakoli. Dans plusieurs &#8230;<\/p>\n\n<a class=\"gb-button gb-button-faa0cac2\" href=\"https:\/\/www.getariakotxakolina.eus\/fr\/vins-et-restaurants-de-txakoli\/\"><span class=\"gb-button-text\">En savoir plus<\/span><span class=\"gb-icon\"><svg viewbox=\"0 0 512 265.5\" version=\"1.1\" xmlns=\"http:\/\/www.w3.org\/2000\/svg\" data-name=\"Capa 1\" id=\"Capa_1\">    <path d=\"M4.4,130.9c2.5-8,8.7-9.5,16.2-9.5,146.6,0,293.2,0,439.9,0h7.3c-2.1-2.3-3.3-3.7-4.7-5-29-29.1-58-58.1-87.1-87.2-.9-.9-1.9-1.8-2.8-2.8-4.7-5.2-4.8-11.7-.4-16.3,4.4-4.5,10.9-4.5,16.3.1,1.1,1,2.1,2,3.2,3.1,36.2,36.2,72.4,72.4,108.7,108.6,8.1,8.1,8.2,13.6.2,21.6-36.8,36.8-73.6,73.6-110.4,110.4-5.9,5.9-12.2,6.7-17.3,2.1-4.3-3.8-5.1-9.9-1.8-14.6,1.4-2,3.2-3.8,4.9-5.5,28.9-28.9,57.8-57.9,86.8-86.8,1.2-1.2,2.4-2.5,4.6-4.8-3.2,0-5.2,0-7.2,0-146.8,0-293.6,0-440.3,0-7.1,0-12.8-1.7-15.9-8.7v-4.9Z\" class=\"cls-1\"><\/path> <\/svg><\/span><\/a>\n<\/div>\n<\/div><\/div>\n\n<div class=\"gb-grid-column gb-grid-column-6167910a gb-query-loop-item post-13766 post type-post status-publish format-standard has-post-thumbnail hentry category-enoturismoa\"><div class=\"gb-container gb-container-6167910a\">\n<div class=\"gb-container gb-container-1f6d44e7\" style=\"background-image: url(https:\/\/www.getariakotxakolina.eus\/wp-content\/uploads\/2023\/02\/Caves-a-txakoli-avec-hotel.jpg);\"><\/div>\n\n<div class=\"gb-container gb-container-6c58321f\">\n<h3 class=\"gb-headline gb-headline-e77d6ac6 gb-headline-text titulo-blog-cajas\"><a href=\"https:\/\/www.getariakotxakolina.eus\/fr\/caves-a-txakoli-avec-hotel\/\">Dormir au milieu des vignes de txakoli: une exp\u00e9rience singuli\u00e8re d\u2019\u0153notourisme<\/a><\/h3>\n\n<p class=\"gb-headline gb-headline-97d1a78b gb-headline-text texto-extracto-blog\">Oui, en plus de\u00a0les visiter\u00a0ou de\u00a0vous restaurer dans certaines des caves de Getariako Txakolina, vous pouvez aussi dormir parmi les &#8230;<\/p>\n\n<a class=\"gb-button gb-button-faa0cac2\" href=\"https:\/\/www.getariakotxakolina.eus\/fr\/caves-a-txakoli-avec-hotel\/\"><span class=\"gb-button-text\">En savoir plus<\/span><span class=\"gb-icon\"><svg viewbox=\"0 0 512 265.5\" version=\"1.1\" xmlns=\"http:\/\/www.w3.org\/2000\/svg\" data-name=\"Capa 1\" id=\"Capa_1\">    <path d=\"M4.4,130.9c2.5-8,8.7-9.5,16.2-9.5,146.6,0,293.2,0,439.9,0h7.3c-2.1-2.3-3.3-3.7-4.7-5-29-29.1-58-58.1-87.1-87.2-.9-.9-1.9-1.8-2.8-2.8-4.7-5.2-4.8-11.7-.4-16.3,4.4-4.5,10.9-4.5,16.3.1,1.1,1,2.1,2,3.2,3.1,36.2,36.2,72.4,72.4,108.7,108.6,8.1,8.1,8.2,13.6.2,21.6-36.8,36.8-73.6,73.6-110.4,110.4-5.9,5.9-12.2,6.7-17.3,2.1-4.3-3.8-5.1-9.9-1.8-14.6,1.4-2,3.2-3.8,4.9-5.5,28.9-28.9,57.8-57.9,86.8-86.8,1.2-1.2,2.4-2.5,4.6-4.8-3.2,0-5.2,0-7.2,0-146.8,0-293.6,0-440.3,0-7.1,0-12.8-1.7-15.9-8.7v-4.9Z\" class=\"cls-1\"><\/path> <\/svg><\/span><\/a>\n<\/div>\n<\/div><\/div>\n\n<div class=\"gb-grid-column gb-grid-column-6167910a gb-query-loop-item post-13771 post type-post status-publish format-standard has-post-thumbnail hentry category-berriak\"><div class=\"gb-container gb-container-6167910a\">\n<div class=\"gb-container gb-container-1f6d44e7\" style=\"background-image: url(https:\/\/www.getariakotxakolina.eus\/wp-content\/uploads\/2022\/04\/Caves-salons-du-vin-2022.jpg);\"><\/div>\n\n<div class=\"gb-container gb-container-6c58321f\">\n<h3 class=\"gb-headline gb-headline-e77d6ac6 gb-headline-text titulo-blog-cajas\"><a href=\"https:\/\/www.getariakotxakolina.eus\/fr\/les-caves-de-getariako-txakolina-aux-salons-du-vin-de-2022\/\">Les caves de Getariako Txakolina aux Salons du Vin de 2022<\/a><\/h3>\n\n<p class=\"gb-headline gb-headline-97d1a78b gb-headline-text texto-extracto-blog\">Le txakoli \u00e0 appellation d\u2019origine Getariako Txakolina sera pr\u00e9sent cette ann\u00e9e \u00e0 la Barcelona Wine Week et au salon Fenavin &#8230;<\/p>\n\n<a class=\"gb-button gb-button-faa0cac2\" href=\"https:\/\/www.getariakotxakolina.eus\/fr\/les-caves-de-getariako-txakolina-aux-salons-du-vin-de-2022\/\"><span class=\"gb-button-text\">En savoir plus<\/span><span class=\"gb-icon\"><svg viewbox=\"0 0 512 265.5\" version=\"1.1\" xmlns=\"http:\/\/www.w3.org\/2000\/svg\" data-name=\"Capa 1\" id=\"Capa_1\">    <path d=\"M4.4,130.9c2.5-8,8.7-9.5,16.2-9.5,146.6,0,293.2,0,439.9,0h7.3c-2.1-2.3-3.3-3.7-4.7-5-29-29.1-58-58.1-87.1-87.2-.9-.9-1.9-1.8-2.8-2.8-4.7-5.2-4.8-11.7-.4-16.3,4.4-4.5,10.9-4.5,16.3.1,1.1,1,2.1,2,3.2,3.1,36.2,36.2,72.4,72.4,108.7,108.6,8.1,8.1,8.2,13.6.2,21.6-36.8,36.8-73.6,73.6-110.4,110.4-5.9,5.9-12.2,6.7-17.3,2.1-4.3-3.8-5.1-9.9-1.8-14.6,1.4-2,3.2-3.8,4.9-5.5,28.9-28.9,57.8-57.9,86.8-86.8,1.2-1.2,2.4-2.5,4.6-4.8-3.2,0-5.2,0-7.2,0-146.8,0-293.6,0-440.3,0-7.1,0-12.8-1.7-15.9-8.7v-4.9Z\" class=\"cls-1\"><\/path> <\/svg><\/span><\/a>\n<\/div>\n<\/div><\/div>\n\n<div class=\"gb-grid-column gb-grid-column-6167910a gb-query-loop-item post-13775 post type-post status-publish format-standard has-post-thumbnail hentry category-berriak\"><div class=\"gb-container gb-container-6167910a\">\n<div class=\"gb-container gb-container-1f6d44e7\" style=\"background-image: url(https:\/\/www.getariakotxakolina.eus\/wp-content\/uploads\/2025\/11\/Getariako-Txakolina-2021eko-uzta-cosecha-2021.jpg);\"><\/div>\n\n<div class=\"gb-container gb-container-6c58321f\">\n<h3 class=\"gb-headline gb-headline-e77d6ac6 gb-headline-text titulo-blog-cajas\"><a href=\"https:\/\/www.getariakotxakolina.eus\/fr\/recolte-2021-de-getariako-txakolina\/\">R\u00e9colte 2021 de Getariako Txakolina<\/a><\/h3>\n\n<p class=\"gb-headline gb-headline-97d1a78b gb-headline-text texto-extracto-blog\">Cette ann\u00e9e, en raison de la pand\u00e9mie, nous avons d\u00e9cid\u00e9 de ne pas c\u00e9l\u00e9brer l\u2019acte traditionnel de pr\u00e9sentation de la &#8230;<\/p>\n\n<a class=\"gb-button gb-button-faa0cac2\" href=\"https:\/\/www.getariakotxakolina.eus\/fr\/recolte-2021-de-getariako-txakolina\/\"><span class=\"gb-button-text\">En savoir plus<\/span><span class=\"gb-icon\"><svg viewbox=\"0 0 512 265.5\" version=\"1.1\" xmlns=\"http:\/\/www.w3.org\/2000\/svg\" data-name=\"Capa 1\" id=\"Capa_1\">    <path d=\"M4.4,130.9c2.5-8,8.7-9.5,16.2-9.5,146.6,0,293.2,0,439.9,0h7.3c-2.1-2.3-3.3-3.7-4.7-5-29-29.1-58-58.1-87.1-87.2-.9-.9-1.9-1.8-2.8-2.8-4.7-5.2-4.8-11.7-.4-16.3,4.4-4.5,10.9-4.5,16.3.1,1.1,1,2.1,2,3.2,3.1,36.2,36.2,72.4,72.4,108.7,108.6,8.1,8.1,8.2,13.6.2,21.6-36.8,36.8-73.6,73.6-110.4,110.4-5.9,5.9-12.2,6.7-17.3,2.1-4.3-3.8-5.1-9.9-1.8-14.6,1.4-2,3.2-3.8,4.9-5.5,28.9-28.9,57.8-57.9,86.8-86.8,1.2-1.2,2.4-2.5,4.6-4.8-3.2,0-5.2,0-7.2,0-146.8,0-293.6,0-440.3,0-7.1,0-12.8-1.7-15.9-8.7v-4.9Z\" class=\"cls-1\"><\/path> <\/svg><\/span><\/a>\n<\/div>\n<\/div><\/div>\n\n<div class=\"gb-grid-column gb-grid-column-6167910a gb-query-loop-item post-13795 post type-post status-publish format-standard has-post-thumbnail hentry category-berriak\"><div class=\"gb-container gb-container-6167910a\">\n<div class=\"gb-container gb-container-1f6d44e7\" style=\"background-image: url(https:\/\/www.getariakotxakolina.eus\/wp-content\/uploads\/2025\/11\/Catas-Lasehu-Getariako-txakolina.jpg);\"><\/div>\n\n<div class=\"gb-container gb-container-6c58321f\">\n<h3 class=\"gb-headline gb-headline-e77d6ac6 gb-headline-text titulo-blog-cajas\"><a href=\"https:\/\/www.getariakotxakolina.eus\/fr\/comment-evalue-t-on-la-qualite-sensorielle-du-txakoli-de-getaria\/\">Comment \u00e9value-t-on la qualit\u00e9 sensorielle du Txakoli de Getaria?<\/a><\/h3>\n\n<p class=\"gb-headline gb-headline-97d1a78b gb-headline-text texto-extracto-blog\">L\u2019Appellation d\u2019Origine Getariako Txakolina travaille avec LASEHU, un laboratoire certifi\u00e9 par l\u2019organisme espagnol de certification ENAC pour la norme UNE-EN &#8230;<\/p>\n\n<a class=\"gb-button gb-button-faa0cac2\" href=\"https:\/\/www.getariakotxakolina.eus\/fr\/comment-evalue-t-on-la-qualite-sensorielle-du-txakoli-de-getaria\/\"><span class=\"gb-button-text\">En savoir plus<\/span><span class=\"gb-icon\"><svg viewbox=\"0 0 512 265.5\" version=\"1.1\" xmlns=\"http:\/\/www.w3.org\/2000\/svg\" data-name=\"Capa 1\" id=\"Capa_1\">    <path d=\"M4.4,130.9c2.5-8,8.7-9.5,16.2-9.5,146.6,0,293.2,0,439.9,0h7.3c-2.1-2.3-3.3-3.7-4.7-5-29-29.1-58-58.1-87.1-87.2-.9-.9-1.9-1.8-2.8-2.8-4.7-5.2-4.8-11.7-.4-16.3,4.4-4.5,10.9-4.5,16.3.1,1.1,1,2.1,2,3.2,3.1,36.2,36.2,72.4,72.4,108.7,108.6,8.1,8.1,8.2,13.6.2,21.6-36.8,36.8-73.6,73.6-110.4,110.4-5.9,5.9-12.2,6.7-17.3,2.1-4.3-3.8-5.1-9.9-1.8-14.6,1.4-2,3.2-3.8,4.9-5.5,28.9-28.9,57.8-57.9,86.8-86.8,1.2-1.2,2.4-2.5,4.6-4.8-3.2,0-5.2,0-7.2,0-146.8,0-293.6,0-440.3,0-7.1,0-12.8-1.7-15.9-8.7v-4.9Z\" class=\"cls-1\"><\/path> <\/svg><\/span><\/a>\n<\/div>\n<\/div><\/div>\n\n<div class=\"gb-grid-column gb-grid-column-6167910a gb-query-loop-item post-13827 post type-post status-publish format-standard has-post-thumbnail hentry category-berriak\"><div class=\"gb-container gb-container-6167910a\">\n<div class=\"gb-container gb-container-1f6d44e7\" style=\"background-image: url(https:\/\/www.getariakotxakolina.eus\/wp-content\/uploads\/2025\/11\/Gure-Lurra-Landa-eta-hiri-mundua-lotzea-funtsezkoa-izango-da-etorkizun-jasangarrirako-portada.jpg);\"><\/div>\n\n<div class=\"gb-container gb-container-6c58321f\">\n<h3 class=\"gb-headline gb-headline-e77d6ac6 gb-headline-text titulo-blog-cajas\"><a href=\"https:\/\/www.getariakotxakolina.eus\/fr\/gure-lurra-connecter-le-monde-rural-urbain-est-essentiel-pour-avenir-durable\/\">Gure Lurra: connecter le monde rural et urbain est essentiel pour un avenir durable<\/a><\/h3>\n\n<p class=\"gb-headline gb-headline-97d1a78b gb-headline-text texto-extracto-blog\">Le congr\u00e8s\u00a0Gure Lurra, Sembrando Futuro\u00a0(notre terre, semer pour l\u2019avenir) qui s\u2019est tenu au mois de novembre dernier \u00e0 Saint-S\u00e9bastien, a &#8230;<\/p>\n\n<a class=\"gb-button gb-button-faa0cac2\" href=\"https:\/\/www.getariakotxakolina.eus\/fr\/gure-lurra-connecter-le-monde-rural-urbain-est-essentiel-pour-avenir-durable\/\"><span class=\"gb-button-text\">En savoir plus<\/span><span class=\"gb-icon\"><svg viewbox=\"0 0 512 265.5\" version=\"1.1\" xmlns=\"http:\/\/www.w3.org\/2000\/svg\" data-name=\"Capa 1\" id=\"Capa_1\">    <path d=\"M4.4,130.9c2.5-8,8.7-9.5,16.2-9.5,146.6,0,293.2,0,439.9,0h7.3c-2.1-2.3-3.3-3.7-4.7-5-29-29.1-58-58.1-87.1-87.2-.9-.9-1.9-1.8-2.8-2.8-4.7-5.2-4.8-11.7-.4-16.3,4.4-4.5,10.9-4.5,16.3.1,1.1,1,2.1,2,3.2,3.1,36.2,36.2,72.4,72.4,108.7,108.6,8.1,8.1,8.2,13.6.2,21.6-36.8,36.8-73.6,73.6-110.4,110.4-5.9,5.9-12.2,6.7-17.3,2.1-4.3-3.8-5.1-9.9-1.8-14.6,1.4-2,3.2-3.8,4.9-5.5,28.9-28.9,57.8-57.9,86.8-86.8,1.2-1.2,2.4-2.5,4.6-4.8-3.2,0-5.2,0-7.2,0-146.8,0-293.6,0-440.3,0-7.1,0-12.8-1.7-15.9-8.7v-4.9Z\" class=\"cls-1\"><\/path> <\/svg><\/span><\/a>\n<\/div>\n<\/div><\/div>\n\n<div class=\"gb-grid-column gb-grid-column-6167910a gb-query-loop-item post-13832 post type-post status-publish format-standard has-post-thumbnail hentry category-berriak\"><div class=\"gb-container gb-container-6167910a\">\n<div class=\"gb-container gb-container-1f6d44e7\" style=\"background-image: url(https:\/\/www.getariakotxakolina.eus\/wp-content\/uploads\/2025\/11\/Manifiesto-vino-portada.jpg);\"><\/div>\n\n<div class=\"gb-container gb-container-6c58321f\">\n<h3 class=\"gb-headline gb-headline-e77d6ac6 gb-headline-text titulo-blog-cajas\"><a href=\"https:\/\/www.getariakotxakolina.eus\/fr\/movimiento-vino-hymne-singularite-et-a-lauthenticite-des-appellations-dorigine-manifeste\/\">Movimiento Vino, un hymne \u00e0 la singularit\u00e9 et \u00e0 l\u2019authenticit\u00e9 des Appellations d\u2019Origine: Manifeste<\/a><\/h3>\n\n<p class=\"gb-headline gb-headline-97d1a78b gb-headline-text texto-extracto-blog\">Movimiento Vino, la Conf\u00e9rence espagnole des Conseils R\u00e9gulateurs Vitivinicoles (CECRV), \u00e0 laquelle appartient l\u2019AO Getariako Txakolina, lance un manifeste pour &#8230;<\/p>\n\n<a class=\"gb-button gb-button-faa0cac2\" href=\"https:\/\/www.getariakotxakolina.eus\/fr\/movimiento-vino-hymne-singularite-et-a-lauthenticite-des-appellations-dorigine-manifeste\/\"><span class=\"gb-button-text\">En savoir plus<\/span><span class=\"gb-icon\"><svg viewbox=\"0 0 512 265.5\" version=\"1.1\" xmlns=\"http:\/\/www.w3.org\/2000\/svg\" data-name=\"Capa 1\" id=\"Capa_1\">    <path d=\"M4.4,130.9c2.5-8,8.7-9.5,16.2-9.5,146.6,0,293.2,0,439.9,0h7.3c-2.1-2.3-3.3-3.7-4.7-5-29-29.1-58-58.1-87.1-87.2-.9-.9-1.9-1.8-2.8-2.8-4.7-5.2-4.8-11.7-.4-16.3,4.4-4.5,10.9-4.5,16.3.1,1.1,1,2.1,2,3.2,3.1,36.2,36.2,72.4,72.4,108.7,108.6,8.1,8.1,8.2,13.6.2,21.6-36.8,36.8-73.6,73.6-110.4,110.4-5.9,5.9-12.2,6.7-17.3,2.1-4.3-3.8-5.1-9.9-1.8-14.6,1.4-2,3.2-3.8,4.9-5.5,28.9-28.9,57.8-57.9,86.8-86.8,1.2-1.2,2.4-2.5,4.6-4.8-3.2,0-5.2,0-7.2,0-146.8,0-293.6,0-440.3,0-7.1,0-12.8-1.7-15.9-8.7v-4.9Z\" class=\"cls-1\"><\/path> <\/svg><\/span><\/a>\n<\/div>\n<\/div><\/div>\n\n<div class=\"gb-grid-column gb-grid-column-6167910a gb-query-loop-item post-13837 post type-post status-publish format-standard has-post-thumbnail hentry category-berriak\"><div class=\"gb-container gb-container-6167910a\">\n<div class=\"gb-container gb-container-1f6d44e7\" style=\"background-image: url(https:\/\/www.getariakotxakolina.eus\/wp-content\/uploads\/2025\/11\/Getariako-Txakolina-J.D-ren-bisita-Ribeira-Sacra-eta-Bierzoko-Jatorri-Deituretara-portada.jpg);\"><\/div>\n\n<div class=\"gb-container gb-container-6c58321f\">\n<h3 class=\"gb-headline gb-headline-e77d6ac6 gb-headline-text titulo-blog-cajas\"><a href=\"https:\/\/www.getariakotxakolina.eus\/fr\/visite-apellatinon-origin-getariako-txakolina-ribeira-sacra-bierzo\/\">Visite de l\u2019Appellation d\u2019Origine Getariako Txakolina aux Appellations d\u2019Origine Ribeira Sacra et Bierzo<\/a><\/h3>\n\n<p class=\"gb-headline gb-headline-97d1a78b gb-headline-text texto-extracto-blog\">Chronique d\u2019un voyage de l\u2019Appellation d\u2019Origine Getariako Txakolina, au cours duquel nous avons d\u00e9couvert la viticulture h\u00e9ro\u00efque de la Ribeira &#8230;<\/p>\n\n<a class=\"gb-button gb-button-faa0cac2\" href=\"https:\/\/www.getariakotxakolina.eus\/fr\/visite-apellatinon-origin-getariako-txakolina-ribeira-sacra-bierzo\/\"><span class=\"gb-button-text\">En savoir plus<\/span><span class=\"gb-icon\"><svg viewbox=\"0 0 512 265.5\" version=\"1.1\" xmlns=\"http:\/\/www.w3.org\/2000\/svg\" data-name=\"Capa 1\" id=\"Capa_1\">    <path d=\"M4.4,130.9c2.5-8,8.7-9.5,16.2-9.5,146.6,0,293.2,0,439.9,0h7.3c-2.1-2.3-3.3-3.7-4.7-5-29-29.1-58-58.1-87.1-87.2-.9-.9-1.9-1.8-2.8-2.8-4.7-5.2-4.8-11.7-.4-16.3,4.4-4.5,10.9-4.5,16.3.1,1.1,1,2.1,2,3.2,3.1,36.2,36.2,72.4,72.4,108.7,108.6,8.1,8.1,8.2,13.6.2,21.6-36.8,36.8-73.6,73.6-110.4,110.4-5.9,5.9-12.2,6.7-17.3,2.1-4.3-3.8-5.1-9.9-1.8-14.6,1.4-2,3.2-3.8,4.9-5.5,28.9-28.9,57.8-57.9,86.8-86.8,1.2-1.2,2.4-2.5,4.6-4.8-3.2,0-5.2,0-7.2,0-146.8,0-293.6,0-440.3,0-7.1,0-12.8-1.7-15.9-8.7v-4.9Z\" class=\"cls-1\"><\/path> <\/svg><\/span><\/a>\n<\/div>\n<\/div><\/div>\n\n<div class=\"gb-grid-column gb-grid-column-6167910a gb-query-loop-item post-13842 post type-post status-publish format-standard has-post-thumbnail hentry category-berriak\"><div class=\"gb-container gb-container-6167910a\">\n<div class=\"gb-container gb-container-1f6d44e7\" style=\"background-image: url(https:\/\/www.getariakotxakolina.eus\/wp-content\/uploads\/2025\/11\/Getariako-Txakolina-ardo-ezberdin-bat-portada.jpg);\"><\/div>\n\n<div class=\"gb-container gb-container-6c58321f\">\n<h3 class=\"gb-headline gb-headline-e77d6ac6 gb-headline-text titulo-blog-cajas\"><a href=\"https:\/\/www.getariakotxakolina.eus\/fr\/le-txakoli-de-getaria-un-vin-different\/\">Le Txakoli de Getaria, un vin diff\u00e9rent<\/a><\/h3>\n\n<p class=\"gb-headline gb-headline-97d1a78b gb-headline-text texto-extracto-blog\">Avec la r\u00e9colte de 2019, nous c\u00e9l\u00e9brerons 30 ans d\u2019Appellation d\u2019Origine. 3 d\u00e9cennies qui nous ont servis \u00e0 obtenir un &#8230;<\/p>\n\n<a class=\"gb-button gb-button-faa0cac2\" href=\"https:\/\/www.getariakotxakolina.eus\/fr\/le-txakoli-de-getaria-un-vin-different\/\"><span class=\"gb-button-text\">En savoir plus<\/span><span class=\"gb-icon\"><svg viewbox=\"0 0 512 265.5\" version=\"1.1\" xmlns=\"http:\/\/www.w3.org\/2000\/svg\" data-name=\"Capa 1\" id=\"Capa_1\">    <path d=\"M4.4,130.9c2.5-8,8.7-9.5,16.2-9.5,146.6,0,293.2,0,439.9,0h7.3c-2.1-2.3-3.3-3.7-4.7-5-29-29.1-58-58.1-87.1-87.2-.9-.9-1.9-1.8-2.8-2.8-4.7-5.2-4.8-11.7-.4-16.3,4.4-4.5,10.9-4.5,16.3.1,1.1,1,2.1,2,3.2,3.1,36.2,36.2,72.4,72.4,108.7,108.6,8.1,8.1,8.2,13.6.2,21.6-36.8,36.8-73.6,73.6-110.4,110.4-5.9,5.9-12.2,6.7-17.3,2.1-4.3-3.8-5.1-9.9-1.8-14.6,1.4-2,3.2-3.8,4.9-5.5,28.9-28.9,57.8-57.9,86.8-86.8,1.2-1.2,2.4-2.5,4.6-4.8-3.2,0-5.2,0-7.2,0-146.8,0-293.6,0-440.3,0-7.1,0-12.8-1.7-15.9-8.7v-4.9Z\" class=\"cls-1\"><\/path> <\/svg><\/span><\/a>\n<\/div>\n<\/div><\/div>\n\n<div class=\"gb-grid-column gb-grid-column-6167910a gb-query-loop-item post-13847 post type-post status-publish format-standard has-post-thumbnail hentry category-berriak\"><div class=\"gb-container gb-container-6167910a\">\n<div class=\"gb-container gb-container-1f6d44e7\" style=\"background-image: url(https:\/\/www.getariakotxakolina.eus\/wp-content\/uploads\/2025\/11\/JJDD-ren-zeregin-sozio-ekonomiko-kultural-eta-ingurumenekoak-landa-eremuetan-portada.jpg);\"><\/div>\n\n<div class=\"gb-container gb-container-6c58321f\">\n<h3 class=\"gb-headline gb-headline-e77d6ac6 gb-headline-text titulo-blog-cajas\"><a href=\"https:\/\/www.getariakotxakolina.eus\/fr\/jjdd-ren-zeregin-sozio-ekonomiko-kultural-eta-ingurumenekoak-landa-eremuetan\/\">Le r\u00f4le socio\u00e9conomique, culturel et environnemental des AOC dans les zones rurales<\/a><\/h3>\n\n<p class=\"gb-headline gb-headline-97d1a78b gb-headline-text texto-extracto-blog\">Les Appellations d\u2019Origine exercent un r\u00f4le significatif dans le d\u00e9veloppement des zones rurales. Une importance mise en \u00e9vidence lors de &#8230;<\/p>\n\n<a class=\"gb-button gb-button-faa0cac2\" href=\"https:\/\/www.getariakotxakolina.eus\/fr\/jjdd-ren-zeregin-sozio-ekonomiko-kultural-eta-ingurumenekoak-landa-eremuetan\/\"><span class=\"gb-button-text\">En savoir plus<\/span><span class=\"gb-icon\"><svg viewbox=\"0 0 512 265.5\" version=\"1.1\" xmlns=\"http:\/\/www.w3.org\/2000\/svg\" data-name=\"Capa 1\" id=\"Capa_1\">    <path d=\"M4.4,130.9c2.5-8,8.7-9.5,16.2-9.5,146.6,0,293.2,0,439.9,0h7.3c-2.1-2.3-3.3-3.7-4.7-5-29-29.1-58-58.1-87.1-87.2-.9-.9-1.9-1.8-2.8-2.8-4.7-5.2-4.8-11.7-.4-16.3,4.4-4.5,10.9-4.5,16.3.1,1.1,1,2.1,2,3.2,3.1,36.2,36.2,72.4,72.4,108.7,108.6,8.1,8.1,8.2,13.6.2,21.6-36.8,36.8-73.6,73.6-110.4,110.4-5.9,5.9-12.2,6.7-17.3,2.1-4.3-3.8-5.1-9.9-1.8-14.6,1.4-2,3.2-3.8,4.9-5.5,28.9-28.9,57.8-57.9,86.8-86.8,1.2-1.2,2.4-2.5,4.6-4.8-3.2,0-5.2,0-7.2,0-146.8,0-293.6,0-440.3,0-7.1,0-12.8-1.7-15.9-8.7v-4.9Z\" class=\"cls-1\"><\/path> <\/svg><\/span><\/a>\n<\/div>\n<\/div><\/div>\n\n<div class=\"gb-grid-column gb-grid-column-6167910a gb-query-loop-item post-13852 post type-post status-publish format-standard has-post-thumbnail hentry category-berriak\"><div class=\"gb-container gb-container-6167910a\">\n<div class=\"gb-container gb-container-1f6d44e7\" style=\"background-image: url(https:\/\/www.getariakotxakolina.eus\/wp-content\/uploads\/2025\/11\/Getariako-Txakolineko-upategiak-BIOBOX-proiektuan-portada.jpg);\"><\/div>\n\n<div class=\"gb-container gb-container-6c58321f\">\n<h3 class=\"gb-headline gb-headline-e77d6ac6 gb-headline-text titulo-blog-cajas\"><a href=\"https:\/\/www.getariakotxakolina.eus\/fr\/caves-de-getariako-txakolina-participent-au-project-biobox\/\">Des caves de \u2018Getariako Txakolina\u2019 participent au projet BIOBOX<\/a><\/h3>\n\n<p class=\"gb-headline gb-headline-97d1a78b gb-headline-text texto-extracto-blog\">Plusieurs caves de l\u2019appellation Txakoli de Getaria (\u2018Getariako Txakolina\u2019) participent au projet BIOBOX en installant des nichoirs dans leurs vignes &#8230;<\/p>\n\n<a class=\"gb-button gb-button-faa0cac2\" href=\"https:\/\/www.getariakotxakolina.eus\/fr\/caves-de-getariako-txakolina-participent-au-project-biobox\/\"><span class=\"gb-button-text\">En savoir plus<\/span><span class=\"gb-icon\"><svg viewbox=\"0 0 512 265.5\" version=\"1.1\" xmlns=\"http:\/\/www.w3.org\/2000\/svg\" data-name=\"Capa 1\" id=\"Capa_1\">    <path d=\"M4.4,130.9c2.5-8,8.7-9.5,16.2-9.5,146.6,0,293.2,0,439.9,0h7.3c-2.1-2.3-3.3-3.7-4.7-5-29-29.1-58-58.1-87.1-87.2-.9-.9-1.9-1.8-2.8-2.8-4.7-5.2-4.8-11.7-.4-16.3,4.4-4.5,10.9-4.5,16.3.1,1.1,1,2.1,2,3.2,3.1,36.2,36.2,72.4,72.4,108.7,108.6,8.1,8.1,8.2,13.6.2,21.6-36.8,36.8-73.6,73.6-110.4,110.4-5.9,5.9-12.2,6.7-17.3,2.1-4.3-3.8-5.1-9.9-1.8-14.6,1.4-2,3.2-3.8,4.9-5.5,28.9-28.9,57.8-57.9,86.8-86.8,1.2-1.2,2.4-2.5,4.6-4.8-3.2,0-5.2,0-7.2,0-146.8,0-293.6,0-440.3,0-7.1,0-12.8-1.7-15.9-8.7v-4.9Z\" class=\"cls-1\"><\/path> <\/svg><\/span><\/a>\n<\/div>\n<\/div><\/div>\n<\/div>\n\n<\/div>\n<\/div>","protected":false},"excerpt":{"rendered":"<p>Blog<\/p>\n","protected":false},"author":1,"featured_media":0,"parent":0,"menu_order":0,"comment_status":"closed","ping_status":"closed","template":"","meta":{"_acf_changed":false,"footnotes":""},"class_list":["post-13889","page","type-page","status-publish"],"acf":[],"yoast_head":"<!-- This site is optimized with the Yoast SEO plugin v27.4 - https:\/\/yoast.com\/product\/yoast-seo-wordpress\/ -->\n<title>Txakolinaren inguruko berriak, albisteak.<\/title>\n<meta name=\"description\" content=\"Getariako txakolinaren jatorrizko deituraren bulegotik argitaratzen diren berriak eta albisteak.\" \/>\n<meta name=\"robots\" content=\"index, follow, max-snippet:-1, max-image-preview:large, max-video-preview:-1\" \/>\n<link rel=\"canonical\" href=\"https:\/\/www.getariakotxakolina.eus\/fr\/blog\/\" \/>\n<meta property=\"og:locale\" content=\"fr_FR\" \/>\n<meta property=\"og:type\" content=\"article\" \/>\n<meta property=\"og:title\" content=\"Txakolinaren inguruko berriak, albisteak.\" \/>\n<meta property=\"og:description\" content=\"Getariako txakolinaren jatorrizko deituraren bulegotik argitaratzen diren berriak eta albisteak.\" \/>\n<meta property=\"og:url\" content=\"https:\/\/www.getariakotxakolina.eus\/fr\/blog\/\" \/>\n<meta property=\"og:site_name\" content=\"Getariako Txakolina\" \/>\n<meta property=\"article:publisher\" content=\"https:\/\/www.facebook.com\/GetariakoTxakolinaDO\/\" \/>\n<meta property=\"article:modified_time\" content=\"2025-12-22T13:07:26+00:00\" \/>\n<meta property=\"og:image\" content=\"https:\/\/www.getariakotxakolina.eus\/wp-content\/uploads\/2025\/10\/Getariako-Txakolina-Jatorrizko-Deitura-datuetan-Denominacion-de-origen-en-datos.jpg\" \/>\n\t<meta property=\"og:image:width\" content=\"1920\" \/>\n\t<meta property=\"og:image:height\" content=\"932\" \/>\n\t<meta property=\"og:image:type\" content=\"image\/jpeg\" \/>\n<meta name=\"twitter:card\" content=\"summary_large_image\" \/>\n<meta name=\"twitter:label1\" content=\"Dur\u00e9e de lecture estim\u00e9e\" \/>\n\t<meta name=\"twitter:data1\" content=\"1 minute\" \/>\n<script type=\"application\/ld+json\" class=\"yoast-schema-graph\">{\"@context\":\"https:\\\/\\\/schema.org\",\"@graph\":[{\"@type\":\"WebPage\",\"@id\":\"https:\\\/\\\/www.getariakotxakolina.eus\\\/fr\\\/blog\\\/\",\"url\":\"https:\\\/\\\/www.getariakotxakolina.eus\\\/fr\\\/blog\\\/\",\"name\":\"Txakolinaren inguruko berriak, albisteak.\",\"isPartOf\":{\"@id\":\"https:\\\/\\\/www.getariakotxakolina.eus\\\/fr\\\/#website\"},\"datePublished\":\"2025-11-12T16:46:27+00:00\",\"dateModified\":\"2025-12-22T13:07:26+00:00\",\"description\":\"Getariako txakolinaren jatorrizko deituraren bulegotik argitaratzen diren berriak eta albisteak.\",\"breadcrumb\":{\"@id\":\"https:\\\/\\\/www.getariakotxakolina.eus\\\/fr\\\/blog\\\/#breadcrumb\"},\"inLanguage\":\"fr-FR\",\"potentialAction\":[{\"@type\":\"ReadAction\",\"target\":[\"https:\\\/\\\/www.getariakotxakolina.eus\\\/fr\\\/blog\\\/\"]}]},{\"@type\":\"BreadcrumbList\",\"@id\":\"https:\\\/\\\/www.getariakotxakolina.eus\\\/fr\\\/blog\\\/#breadcrumb\",\"itemListElement\":[{\"@type\":\"ListItem\",\"position\":1,\"name\":\"Portada\",\"item\":\"https:\\\/\\\/www.getariakotxakolina.eus\\\/fr\\\/\"},{\"@type\":\"ListItem\",\"position\":2,\"name\":\"Blog\"}]},{\"@type\":\"WebSite\",\"@id\":\"https:\\\/\\\/www.getariakotxakolina.eus\\\/fr\\\/#website\",\"url\":\"https:\\\/\\\/www.getariakotxakolina.eus\\\/fr\\\/\",\"name\":\"Txakol\u00ed de Getaria vino blanco con D.O. Getariako txakolina\",\"description\":\"El txakoli Denominaci\u00f3n de Origen Getariako Txakolina es un vino joven de graduaci\u00f3n moderada y equilibrada acidez.\",\"publisher\":{\"@id\":\"https:\\\/\\\/www.getariakotxakolina.eus\\\/fr\\\/#organization\"},\"alternateName\":\"Getariako txakolina\",\"potentialAction\":[{\"@type\":\"SearchAction\",\"target\":{\"@type\":\"EntryPoint\",\"urlTemplate\":\"https:\\\/\\\/www.getariakotxakolina.eus\\\/fr\\\/?s={search_term_string}\"},\"query-input\":{\"@type\":\"PropertyValueSpecification\",\"valueRequired\":true,\"valueName\":\"search_term_string\"}}],\"inLanguage\":\"fr-FR\"},{\"@type\":\"Organization\",\"@id\":\"https:\\\/\\\/www.getariakotxakolina.eus\\\/fr\\\/#organization\",\"name\":\"Getariako Txakolina\",\"alternateName\":\"Getariako Txakolina\",\"url\":\"https:\\\/\\\/www.getariakotxakolina.eus\\\/fr\\\/\",\"logo\":{\"@type\":\"ImageObject\",\"inLanguage\":\"fr-FR\",\"@id\":\"https:\\\/\\\/www.getariakotxakolina.eus\\\/fr\\\/#\\\/schema\\\/logo\\\/image\\\/\",\"url\":\"https:\\\/\\\/www.getariakotxakolina.eus\\\/wp-content\\\/uploads\\\/2025\\\/07\\\/Getariako-Txakolina-Logo.svg\",\"contentUrl\":\"https:\\\/\\\/www.getariakotxakolina.eus\\\/wp-content\\\/uploads\\\/2025\\\/07\\\/Getariako-Txakolina-Logo.svg\",\"width\":417,\"height\":83,\"caption\":\"Getariako Txakolina\"},\"image\":{\"@id\":\"https:\\\/\\\/www.getariakotxakolina.eus\\\/fr\\\/#\\\/schema\\\/logo\\\/image\\\/\"},\"sameAs\":[\"https:\\\/\\\/www.facebook.com\\\/GetariakoTxakolinaDO\\\/\",\"https:\\\/\\\/www.instagram.com\\\/getariakotxakolina_do\\\/\"]}]}<\/script>\n<!-- \/ Yoast SEO plugin. -->","yoast_head_json":{"title":"Txakolinaren inguruko berriak, albisteak.","description":"Getariako txakolinaren jatorrizko deituraren bulegotik argitaratzen diren berriak eta albisteak.","robots":{"index":"index","follow":"follow","max-snippet":"max-snippet:-1","max-image-preview":"max-image-preview:large","max-video-preview":"max-video-preview:-1"},"canonical":"https:\/\/www.getariakotxakolina.eus\/fr\/blog\/","og_locale":"fr_FR","og_type":"article","og_title":"Txakolinaren inguruko berriak, albisteak.","og_description":"Getariako txakolinaren jatorrizko deituraren bulegotik argitaratzen diren berriak eta albisteak.","og_url":"https:\/\/www.getariakotxakolina.eus\/fr\/blog\/","og_site_name":"Getariako Txakolina","article_publisher":"https:\/\/www.facebook.com\/GetariakoTxakolinaDO\/","article_modified_time":"2025-12-22T13:07:26+00:00","og_image":[{"width":1920,"height":932,"url":"https:\/\/www.getariakotxakolina.eus\/wp-content\/uploads\/2025\/10\/Getariako-Txakolina-Jatorrizko-Deitura-datuetan-Denominacion-de-origen-en-datos.jpg","type":"image\/jpeg"}],"twitter_card":"summary_large_image","twitter_misc":{"Dur\u00e9e de lecture estim\u00e9e":"1 minute"},"schema":{"@context":"https:\/\/schema.org","@graph":[{"@type":"WebPage","@id":"https:\/\/www.getariakotxakolina.eus\/fr\/blog\/","url":"https:\/\/www.getariakotxakolina.eus\/fr\/blog\/","name":"Txakolinaren inguruko berriak, albisteak.","isPartOf":{"@id":"https:\/\/www.getariakotxakolina.eus\/fr\/#website"},"datePublished":"2025-11-12T16:46:27+00:00","dateModified":"2025-12-22T13:07:26+00:00","description":"Getariako txakolinaren jatorrizko deituraren bulegotik argitaratzen diren berriak eta albisteak.","breadcrumb":{"@id":"https:\/\/www.getariakotxakolina.eus\/fr\/blog\/#breadcrumb"},"inLanguage":"fr-FR","potentialAction":[{"@type":"ReadAction","target":["https:\/\/www.getariakotxakolina.eus\/fr\/blog\/"]}]},{"@type":"BreadcrumbList","@id":"https:\/\/www.getariakotxakolina.eus\/fr\/blog\/#breadcrumb","itemListElement":[{"@type":"ListItem","position":1,"name":"Portada","item":"https:\/\/www.getariakotxakolina.eus\/fr\/"},{"@type":"ListItem","position":2,"name":"Blog"}]},{"@type":"WebSite","@id":"https:\/\/www.getariakotxakolina.eus\/fr\/#website","url":"https:\/\/www.getariakotxakolina.eus\/fr\/","name":"Txakol\u00ed de Getaria vino blanco con D.O. Getariako txakolina","description":"El txakoli Denominaci\u00f3n de Origen Getariako Txakolina es un vino joven de graduaci\u00f3n moderada y equilibrada acidez.","publisher":{"@id":"https:\/\/www.getariakotxakolina.eus\/fr\/#organization"},"alternateName":"Getariako txakolina","potentialAction":[{"@type":"SearchAction","target":{"@type":"EntryPoint","urlTemplate":"https:\/\/www.getariakotxakolina.eus\/fr\/?s={search_term_string}"},"query-input":{"@type":"PropertyValueSpecification","valueRequired":true,"valueName":"search_term_string"}}],"inLanguage":"fr-FR"},{"@type":"Organization","@id":"https:\/\/www.getariakotxakolina.eus\/fr\/#organization","name":"Getariako Txakolina","alternateName":"Getariako Txakolina","url":"https:\/\/www.getariakotxakolina.eus\/fr\/","logo":{"@type":"ImageObject","inLanguage":"fr-FR","@id":"https:\/\/www.getariakotxakolina.eus\/fr\/#\/schema\/logo\/image\/","url":"https:\/\/www.getariakotxakolina.eus\/wp-content\/uploads\/2025\/07\/Getariako-Txakolina-Logo.svg","contentUrl":"https:\/\/www.getariakotxakolina.eus\/wp-content\/uploads\/2025\/07\/Getariako-Txakolina-Logo.svg","width":417,"height":83,"caption":"Getariako Txakolina"},"image":{"@id":"https:\/\/www.getariakotxakolina.eus\/fr\/#\/schema\/logo\/image\/"},"sameAs":["https:\/\/www.facebook.com\/GetariakoTxakolinaDO\/","https:\/\/www.instagram.com\/getariakotxakolina_do\/"]}]}},"_links":{"self":[{"href":"https:\/\/www.getariakotxakolina.eus\/fr\/wp-json\/wp\/v2\/pages\/13889","targetHints":{"allow":["GET"]}}],"collection":[{"href":"https:\/\/www.getariakotxakolina.eus\/fr\/wp-json\/wp\/v2\/pages"}],"about":[{"href":"https:\/\/www.getariakotxakolina.eus\/fr\/wp-json\/wp\/v2\/types\/page"}],"author":[{"embeddable":true,"href":"https:\/\/www.getariakotxakolina.eus\/fr\/wp-json\/wp\/v2\/users\/1"}],"replies":[{"embeddable":true,"href":"https:\/\/www.getariakotxakolina.eus\/fr\/wp-json\/wp\/v2\/comments?post=13889"}],"version-history":[{"count":0,"href":"https:\/\/www.getariakotxakolina.eus\/fr\/wp-json\/wp\/v2\/pages\/13889\/revisions"}],"wp:attachment":[{"href":"https:\/\/www.getariakotxakolina.eus\/fr\/wp-json\/wp\/v2\/media?parent=13889"}],"curies":[{"name":"wp","href":"https:\/\/api.w.org\/{rel}","templated":true}]}}