{"id":13888,"date":"2025-11-12T17:46:27","date_gmt":"2025-11-12T16:46:27","guid":{"rendered":"https:\/\/www.getariakotxakolina.eus\/bloga\/"},"modified":"2025-12-19T16:23:05","modified_gmt":"2025-12-19T15:23:05","slug":"blog","status":"publish","type":"page","link":"https:\/\/www.getariakotxakolina.eus\/en\/blog\/","title":{"rendered":"Blog"},"content":{"rendered":"<div class=\"gb-container gb-container-b6cce23f\">\n<div class=\"gb-container gb-container-6644e908\">\n\n<h1 class=\"gb-headline gb-headline-b06ece17 gb-headline-text h1-paginas-fondo-blanco\">Blog<\/h1>\n\n<\/div>\n<\/div>\n\n<div class=\"gb-container gb-container-3045d3a3\">\n<div class=\"gb-container gb-container-a0b65cbc\">\n\n<div class=\"gb-grid-wrapper gb-grid-wrapper-0d42dbf1 gb-query-loop-wrapper\">\n<div class=\"gb-grid-column gb-grid-column-6167910a gb-query-loop-item post-13713 post type-post status-publish format-standard has-post-thumbnail hentry category-berriak\"><div class=\"gb-container gb-container-6167910a\">\n<div class=\"gb-container gb-container-1f6d44e7\" style=\"background-image: url(https:\/\/www.getariakotxakolina.eus\/wp-content\/uploads\/2025\/07\/Dias-del-Txakoli-2025-\u2013-Txakolin-Egunak.jpg);\"><\/div>\n\n<div class=\"gb-container gb-container-6c58321f\">\n<h3 class=\"gb-headline gb-headline-e77d6ac6 gb-headline-text titulo-blog-cajas\"><a href=\"https:\/\/www.getariakotxakolina.eus\/en\/txakoli-days-2025\/\">Txakoli Days 2025 \u2013 Txakolin Egunak<\/a><\/h3>\n\n<p class=\"gb-headline gb-headline-97d1a78b gb-headline-text texto-extracto-blog\">The Txakoli Days, or Txakolin Eguna, are the perfect excuse to get to know our surroundings and enjoy the local &#8230;<\/p>\n\n<a class=\"gb-button gb-button-faa0cac2\" href=\"https:\/\/www.getariakotxakolina.eus\/en\/txakoli-days-2025\/\"><span class=\"gb-button-text\">Irakurri gehiago<\/span><span class=\"gb-icon\"><svg viewbox=\"0 0 512 265.5\" version=\"1.1\" xmlns=\"http:\/\/www.w3.org\/2000\/svg\" data-name=\"Capa 1\" id=\"Capa_1\">    <path d=\"M4.4,130.9c2.5-8,8.7-9.5,16.2-9.5,146.6,0,293.2,0,439.9,0h7.3c-2.1-2.3-3.3-3.7-4.7-5-29-29.1-58-58.1-87.1-87.2-.9-.9-1.9-1.8-2.8-2.8-4.7-5.2-4.8-11.7-.4-16.3,4.4-4.5,10.9-4.5,16.3.1,1.1,1,2.1,2,3.2,3.1,36.2,36.2,72.4,72.4,108.7,108.6,8.1,8.1,8.2,13.6.2,21.6-36.8,36.8-73.6,73.6-110.4,110.4-5.9,5.9-12.2,6.7-17.3,2.1-4.3-3.8-5.1-9.9-1.8-14.6,1.4-2,3.2-3.8,4.9-5.5,28.9-28.9,57.8-57.9,86.8-86.8,1.2-1.2,2.4-2.5,4.6-4.8-3.2,0-5.2,0-7.2,0-146.8,0-293.6,0-440.3,0-7.1,0-12.8-1.7-15.9-8.7v-4.9Z\" class=\"cls-1\"><\/path> <\/svg><\/span><\/a>\n<\/div>\n<\/div><\/div>\n\n<div class=\"gb-grid-column gb-grid-column-6167910a gb-query-loop-item post-14449 post type-post status-publish format-standard has-post-thumbnail hentry category-berriak\"><div class=\"gb-container gb-container-6167910a\">\n<div class=\"gb-container gb-container-1f6d44e7\" style=\"background-image: url(https:\/\/www.getariakotxakolina.eus\/wp-content\/uploads\/2025\/03\/Txakoli-Getaria-at-Prowein-Dusseldorf.jpg);\"><\/div>\n\n<div class=\"gb-container gb-container-6c58321f\">\n<h3 class=\"gb-headline gb-headline-e77d6ac6 gb-headline-text titulo-blog-cajas\"><a href=\"https:\/\/www.getariakotxakolina.eus\/en\/getaria-txakoli-will-be-present-at-the-prowein-dusseldorf-2025-fair\/\">Getaria Txakoli will be present at the ProWein D\u00fcsseldorf 2025 fair<\/a><\/h3>\n\n<p class=\"gb-headline gb-headline-97d1a78b gb-headline-text texto-extracto-blog\">Once again this year, Getariako Txakolina will be present at the ProWein D\u00fcsseldorf international wine fair, which will take place &#8230;<\/p>\n\n<a class=\"gb-button gb-button-faa0cac2\" href=\"https:\/\/www.getariakotxakolina.eus\/en\/getaria-txakoli-will-be-present-at-the-prowein-dusseldorf-2025-fair\/\"><span class=\"gb-button-text\">Irakurri gehiago<\/span><span class=\"gb-icon\"><svg viewbox=\"0 0 512 265.5\" version=\"1.1\" xmlns=\"http:\/\/www.w3.org\/2000\/svg\" data-name=\"Capa 1\" id=\"Capa_1\">    <path d=\"M4.4,130.9c2.5-8,8.7-9.5,16.2-9.5,146.6,0,293.2,0,439.9,0h7.3c-2.1-2.3-3.3-3.7-4.7-5-29-29.1-58-58.1-87.1-87.2-.9-.9-1.9-1.8-2.8-2.8-4.7-5.2-4.8-11.7-.4-16.3,4.4-4.5,10.9-4.5,16.3.1,1.1,1,2.1,2,3.2,3.1,36.2,36.2,72.4,72.4,108.7,108.6,8.1,8.1,8.2,13.6.2,21.6-36.8,36.8-73.6,73.6-110.4,110.4-5.9,5.9-12.2,6.7-17.3,2.1-4.3-3.8-5.1-9.9-1.8-14.6,1.4-2,3.2-3.8,4.9-5.5,28.9-28.9,57.8-57.9,86.8-86.8,1.2-1.2,2.4-2.5,4.6-4.8-3.2,0-5.2,0-7.2,0-146.8,0-293.6,0-440.3,0-7.1,0-12.8-1.7-15.9-8.7v-4.9Z\" class=\"cls-1\"><\/path> <\/svg><\/span><\/a>\n<\/div>\n<\/div><\/div>\n\n<div class=\"gb-grid-column gb-grid-column-6167910a gb-query-loop-item post-14461 post type-post status-publish format-standard has-post-thumbnail hentry category-berriak\"><div class=\"gb-container gb-container-6167910a\">\n<div class=\"gb-container gb-container-1f6d44e7\" style=\"background-image: url(https:\/\/www.getariakotxakolina.eus\/wp-content\/uploads\/2025\/02\/Getariako-Txakolina-wineries-Wine-Paris-2025.jpg);\"><\/div>\n\n<div class=\"gb-container gb-container-6c58321f\">\n<h3 class=\"gb-headline gb-headline-e77d6ac6 gb-headline-text titulo-blog-cajas\"><a href=\"https:\/\/www.getariakotxakolina.eus\/en\/txakoli-from-getaria-debuts-at-the-paris-international-wine-fair-wine-paris-2025\/\">Txakoli from Getaria debuts at the Paris international wine fair, Wine Paris 2025<\/a><\/h3>\n\n<p class=\"gb-headline gb-headline-97d1a78b gb-headline-text texto-extracto-blog\">Txakoli from Getaria debuts at the Paris international wine fair, Wine Paris 2025, with Gaintza, K5, Hika eta Rezabal wineries. &#8230;<\/p>\n\n<a class=\"gb-button gb-button-faa0cac2\" href=\"https:\/\/www.getariakotxakolina.eus\/en\/txakoli-from-getaria-debuts-at-the-paris-international-wine-fair-wine-paris-2025\/\"><span class=\"gb-button-text\">Irakurri gehiago<\/span><span class=\"gb-icon\"><svg viewbox=\"0 0 512 265.5\" version=\"1.1\" xmlns=\"http:\/\/www.w3.org\/2000\/svg\" data-name=\"Capa 1\" id=\"Capa_1\">    <path d=\"M4.4,130.9c2.5-8,8.7-9.5,16.2-9.5,146.6,0,293.2,0,439.9,0h7.3c-2.1-2.3-3.3-3.7-4.7-5-29-29.1-58-58.1-87.1-87.2-.9-.9-1.9-1.8-2.8-2.8-4.7-5.2-4.8-11.7-.4-16.3,4.4-4.5,10.9-4.5,16.3.1,1.1,1,2.1,2,3.2,3.1,36.2,36.2,72.4,72.4,108.7,108.6,8.1,8.1,8.2,13.6.2,21.6-36.8,36.8-73.6,73.6-110.4,110.4-5.9,5.9-12.2,6.7-17.3,2.1-4.3-3.8-5.1-9.9-1.8-14.6,1.4-2,3.2-3.8,4.9-5.5,28.9-28.9,57.8-57.9,86.8-86.8,1.2-1.2,2.4-2.5,4.6-4.8-3.2,0-5.2,0-7.2,0-146.8,0-293.6,0-440.3,0-7.1,0-12.8-1.7-15.9-8.7v-4.9Z\" class=\"cls-1\"><\/path> <\/svg><\/span><\/a>\n<\/div>\n<\/div><\/div>\n\n<div class=\"gb-grid-column gb-grid-column-6167910a gb-query-loop-item post-13725 post type-post status-publish format-standard has-post-thumbnail hentry category-berriak\"><div class=\"gb-container gb-container-6167910a\">\n<div class=\"gb-container gb-container-1f6d44e7\" style=\"background-image: url(https:\/\/www.getariakotxakolina.eus\/wp-content\/uploads\/2025\/11\/Getariako-Txakolinaren-35-uztaren-aurkezpena-Getariako-San-Anton-Egunean-portada.jpg);\"><\/div>\n\n<div class=\"gb-container gb-container-6c58321f\">\n<h3 class=\"gb-headline gb-headline-e77d6ac6 gb-headline-text titulo-blog-cajas\"><a href=\"https:\/\/www.getariakotxakolina.eus\/en\/35-presentation-vintage-getariako-txakolina\/\">Presentation of the 35th vintage of Getariako Txakolina during the festival of San Ant\u00f3n in Getaria<\/a><\/h3>\n\n<p class=\"gb-headline gb-headline-97d1a78b gb-headline-text texto-extracto-blog\">The presentation of the 2024 harvest, the 35th vintage to be released with our Numbered Seal of Guarantee took place &#8230;<\/p>\n\n<a class=\"gb-button gb-button-faa0cac2\" href=\"https:\/\/www.getariakotxakolina.eus\/en\/35-presentation-vintage-getariako-txakolina\/\"><span class=\"gb-button-text\">Irakurri gehiago<\/span><span class=\"gb-icon\"><svg viewbox=\"0 0 512 265.5\" version=\"1.1\" xmlns=\"http:\/\/www.w3.org\/2000\/svg\" data-name=\"Capa 1\" id=\"Capa_1\">    <path d=\"M4.4,130.9c2.5-8,8.7-9.5,16.2-9.5,146.6,0,293.2,0,439.9,0h7.3c-2.1-2.3-3.3-3.7-4.7-5-29-29.1-58-58.1-87.1-87.2-.9-.9-1.9-1.8-2.8-2.8-4.7-5.2-4.8-11.7-.4-16.3,4.4-4.5,10.9-4.5,16.3.1,1.1,1,2.1,2,3.2,3.1,36.2,36.2,72.4,72.4,108.7,108.6,8.1,8.1,8.2,13.6.2,21.6-36.8,36.8-73.6,73.6-110.4,110.4-5.9,5.9-12.2,6.7-17.3,2.1-4.3-3.8-5.1-9.9-1.8-14.6,1.4-2,3.2-3.8,4.9-5.5,28.9-28.9,57.8-57.9,86.8-86.8,1.2-1.2,2.4-2.5,4.6-4.8-3.2,0-5.2,0-7.2,0-146.8,0-293.6,0-440.3,0-7.1,0-12.8-1.7-15.9-8.7v-4.9Z\" class=\"cls-1\"><\/path> <\/svg><\/span><\/a>\n<\/div>\n<\/div><\/div>\n\n<div class=\"gb-grid-column gb-grid-column-6167910a gb-query-loop-item post-13751 post type-post status-publish format-standard has-post-thumbnail hentry category-berriak\"><div class=\"gb-container gb-container-6167910a\">\n<div class=\"gb-container gb-container-1f6d44e7\" style=\"background-image: url(https:\/\/www.getariakotxakolina.eus\/wp-content\/uploads\/2025\/11\/Inausketa-lanak-Getariako-Txakolina-Jatorri-Deiturako-mahastietan-portada.jpg);\"><\/div>\n\n<div class=\"gb-container gb-container-6c58321f\">\n<h3 class=\"gb-headline gb-headline-e77d6ac6 gb-headline-text titulo-blog-cajas\"><a href=\"https:\/\/www.getariakotxakolina.eus\/en\/pruning-work-getariako-txakolina-vineyards\/\">Pruning Work in the Getariako Txakolina D.O. Vineyards<\/a><\/h3>\n\n<p class=\"gb-headline gb-headline-97d1a78b gb-headline-text texto-extracto-blog\">Pruning work is one of the most important jobs within the growth cycle of the vines which will determine the &#8230;<\/p>\n\n<a class=\"gb-button gb-button-faa0cac2\" href=\"https:\/\/www.getariakotxakolina.eus\/en\/pruning-work-getariako-txakolina-vineyards\/\"><span class=\"gb-button-text\">Irakurri gehiago<\/span><span class=\"gb-icon\"><svg viewbox=\"0 0 512 265.5\" version=\"1.1\" xmlns=\"http:\/\/www.w3.org\/2000\/svg\" data-name=\"Capa 1\" id=\"Capa_1\">    <path d=\"M4.4,130.9c2.5-8,8.7-9.5,16.2-9.5,146.6,0,293.2,0,439.9,0h7.3c-2.1-2.3-3.3-3.7-4.7-5-29-29.1-58-58.1-87.1-87.2-.9-.9-1.9-1.8-2.8-2.8-4.7-5.2-4.8-11.7-.4-16.3,4.4-4.5,10.9-4.5,16.3.1,1.1,1,2.1,2,3.2,3.1,36.2,36.2,72.4,72.4,108.7,108.6,8.1,8.1,8.2,13.6.2,21.6-36.8,36.8-73.6,73.6-110.4,110.4-5.9,5.9-12.2,6.7-17.3,2.1-4.3-3.8-5.1-9.9-1.8-14.6,1.4-2,3.2-3.8,4.9-5.5,28.9-28.9,57.8-57.9,86.8-86.8,1.2-1.2,2.4-2.5,4.6-4.8-3.2,0-5.2,0-7.2,0-146.8,0-293.6,0-440.3,0-7.1,0-12.8-1.7-15.9-8.7v-4.9Z\" class=\"cls-1\"><\/path> <\/svg><\/span><\/a>\n<\/div>\n<\/div><\/div>\n\n<div class=\"gb-grid-column gb-grid-column-6167910a gb-query-loop-item post-13755 post type-post status-publish format-standard has-post-thumbnail hentry category-enoturismoa\"><div class=\"gb-container gb-container-6167910a\">\n<div class=\"gb-container gb-container-1f6d44e7\" style=\"background-image: url(https:\/\/www.getariakotxakolina.eus\/wp-content\/uploads\/2023\/02\/Which-Getaria-txakoli-wineries-offer-visits.jpg);\"><\/div>\n\n<div class=\"gb-container gb-container-6c58321f\">\n<h3 class=\"gb-headline gb-headline-e77d6ac6 gb-headline-text titulo-blog-cajas\"><a href=\"https:\/\/www.getariakotxakolina.eus\/en\/getaria-txakoli-wineries-offer-visits\/\">Which Getaria txakoli wineries offer visits?<\/a><\/h3>\n\n<p class=\"gb-headline gb-headline-97d1a78b gb-headline-text texto-extracto-blog\">Gipuzkoa is one of the favourite destinations for lovers of wine tourism, who visit the vineyards and wineries of Getariako &#8230;<\/p>\n\n<a class=\"gb-button gb-button-faa0cac2\" href=\"https:\/\/www.getariakotxakolina.eus\/en\/getaria-txakoli-wineries-offer-visits\/\"><span class=\"gb-button-text\">Irakurri gehiago<\/span><span class=\"gb-icon\"><svg viewbox=\"0 0 512 265.5\" version=\"1.1\" xmlns=\"http:\/\/www.w3.org\/2000\/svg\" data-name=\"Capa 1\" id=\"Capa_1\">    <path d=\"M4.4,130.9c2.5-8,8.7-9.5,16.2-9.5,146.6,0,293.2,0,439.9,0h7.3c-2.1-2.3-3.3-3.7-4.7-5-29-29.1-58-58.1-87.1-87.2-.9-.9-1.9-1.8-2.8-2.8-4.7-5.2-4.8-11.7-.4-16.3,4.4-4.5,10.9-4.5,16.3.1,1.1,1,2.1,2,3.2,3.1,36.2,36.2,72.4,72.4,108.7,108.6,8.1,8.1,8.2,13.6.2,21.6-36.8,36.8-73.6,73.6-110.4,110.4-5.9,5.9-12.2,6.7-17.3,2.1-4.3-3.8-5.1-9.9-1.8-14.6,1.4-2,3.2-3.8,4.9-5.5,28.9-28.9,57.8-57.9,86.8-86.8,1.2-1.2,2.4-2.5,4.6-4.8-3.2,0-5.2,0-7.2,0-146.8,0-293.6,0-440.3,0-7.1,0-12.8-1.7-15.9-8.7v-4.9Z\" class=\"cls-1\"><\/path> <\/svg><\/span><\/a>\n<\/div>\n<\/div><\/div>\n\n<div class=\"gb-grid-column gb-grid-column-6167910a gb-query-loop-item post-13759 post type-post status-publish format-standard has-post-thumbnail hentry category-enoturismoa\"><div class=\"gb-container gb-container-6167910a\">\n<div class=\"gb-container gb-container-1f6d44e7\" style=\"background-image: url(https:\/\/www.getariakotxakolina.eus\/wp-content\/uploads\/2023\/02\/Restaurants-Getariako-Txakolina.jpg);\"><\/div>\n\n<div class=\"gb-container gb-container-6c58321f\">\n<h3 class=\"gb-headline gb-headline-e77d6ac6 gb-headline-text titulo-blog-cajas\"><a href=\"https:\/\/www.getariakotxakolina.eus\/en\/txakoli-winery-restaurants\/\">Have a meal in a txakoli winery: Getariako Txakolina wineries with restaurant<\/a><\/h3>\n\n<p class=\"gb-headline gb-headline-97d1a78b gb-headline-text texto-extracto-blog\">If there\u2019s one thing that makes our region stand out, it\u2019s the excellent gastronomy (as well as our txakoli, of &#8230;<\/p>\n\n<a class=\"gb-button gb-button-faa0cac2\" href=\"https:\/\/www.getariakotxakolina.eus\/en\/txakoli-winery-restaurants\/\"><span class=\"gb-button-text\">Irakurri gehiago<\/span><span class=\"gb-icon\"><svg viewbox=\"0 0 512 265.5\" version=\"1.1\" xmlns=\"http:\/\/www.w3.org\/2000\/svg\" data-name=\"Capa 1\" id=\"Capa_1\">    <path d=\"M4.4,130.9c2.5-8,8.7-9.5,16.2-9.5,146.6,0,293.2,0,439.9,0h7.3c-2.1-2.3-3.3-3.7-4.7-5-29-29.1-58-58.1-87.1-87.2-.9-.9-1.9-1.8-2.8-2.8-4.7-5.2-4.8-11.7-.4-16.3,4.4-4.5,10.9-4.5,16.3.1,1.1,1,2.1,2,3.2,3.1,36.2,36.2,72.4,72.4,108.7,108.6,8.1,8.1,8.2,13.6.2,21.6-36.8,36.8-73.6,73.6-110.4,110.4-5.9,5.9-12.2,6.7-17.3,2.1-4.3-3.8-5.1-9.9-1.8-14.6,1.4-2,3.2-3.8,4.9-5.5,28.9-28.9,57.8-57.9,86.8-86.8,1.2-1.2,2.4-2.5,4.6-4.8-3.2,0-5.2,0-7.2,0-146.8,0-293.6,0-440.3,0-7.1,0-12.8-1.7-15.9-8.7v-4.9Z\" class=\"cls-1\"><\/path> <\/svg><\/span><\/a>\n<\/div>\n<\/div><\/div>\n\n<div class=\"gb-grid-column gb-grid-column-6167910a gb-query-loop-item post-13763 post type-post status-publish format-standard has-post-thumbnail hentry category-enoturismoa\"><div class=\"gb-container gb-container-6167910a\">\n<div class=\"gb-container gb-container-1f6d44e7\" style=\"background-image: url(https:\/\/www.getariakotxakolina.eus\/wp-content\/uploads\/2023\/02\/Txakoli-winery-with-hotel.jpg);\"><\/div>\n\n<div class=\"gb-container gb-container-6c58321f\">\n<h3 class=\"gb-headline gb-headline-e77d6ac6 gb-headline-text titulo-blog-cajas\"><a href=\"https:\/\/www.getariakotxakolina.eus\/en\/txakolin-wineries-with-hotel\/\">Sleep among txakoli wineries: a unique wine tourism experience<\/a><\/h3>\n\n<p class=\"gb-headline gb-headline-97d1a78b gb-headline-text texto-extracto-blog\">Yes, in addition to\u00a0visiting some Getariako Txakolina wineries\u00a0or\u00a0having a meal in them, you can also sleep among txakoli vineyards. Two &#8230;<\/p>\n\n<a class=\"gb-button gb-button-faa0cac2\" href=\"https:\/\/www.getariakotxakolina.eus\/en\/txakolin-wineries-with-hotel\/\"><span class=\"gb-button-text\">Irakurri gehiago<\/span><span class=\"gb-icon\"><svg viewbox=\"0 0 512 265.5\" version=\"1.1\" xmlns=\"http:\/\/www.w3.org\/2000\/svg\" data-name=\"Capa 1\" id=\"Capa_1\">    <path d=\"M4.4,130.9c2.5-8,8.7-9.5,16.2-9.5,146.6,0,293.2,0,439.9,0h7.3c-2.1-2.3-3.3-3.7-4.7-5-29-29.1-58-58.1-87.1-87.2-.9-.9-1.9-1.8-2.8-2.8-4.7-5.2-4.8-11.7-.4-16.3,4.4-4.5,10.9-4.5,16.3.1,1.1,1,2.1,2,3.2,3.1,36.2,36.2,72.4,72.4,108.7,108.6,8.1,8.1,8.2,13.6.2,21.6-36.8,36.8-73.6,73.6-110.4,110.4-5.9,5.9-12.2,6.7-17.3,2.1-4.3-3.8-5.1-9.9-1.8-14.6,1.4-2,3.2-3.8,4.9-5.5,28.9-28.9,57.8-57.9,86.8-86.8,1.2-1.2,2.4-2.5,4.6-4.8-3.2,0-5.2,0-7.2,0-146.8,0-293.6,0-440.3,0-7.1,0-12.8-1.7-15.9-8.7v-4.9Z\" class=\"cls-1\"><\/path> <\/svg><\/span><\/a>\n<\/div>\n<\/div><\/div>\n\n<div class=\"gb-grid-column gb-grid-column-6167910a gb-query-loop-item post-13769 post type-post status-publish format-standard has-post-thumbnail hentry category-berriak\"><div class=\"gb-container gb-container-6167910a\">\n<div class=\"gb-container gb-container-1f6d44e7\" style=\"background-image: url(https:\/\/www.getariakotxakolina.eus\/wp-content\/uploads\/2022\/04\/wine-fairs-txakoli.jpg);\"><\/div>\n\n<div class=\"gb-container gb-container-6c58321f\">\n<h3 class=\"gb-headline gb-headline-e77d6ac6 gb-headline-text titulo-blog-cajas\"><a href=\"https:\/\/www.getariakotxakolina.eus\/en\/getariako-txakolina-wineries-at-wine-fairs-2022\/\">Getariako Txakolina Wineries at Wine Fairs 2022<\/a><\/h3>\n\n<p class=\"gb-headline gb-headline-97d1a78b gb-headline-text texto-extracto-blog\">This year, Getariako Txakolina D.O. txakoli will be present at Barcelona Wine Week, Fenavin (Ciudad Real) and ProWein (D\u00fcsseldorf). These &#8230;<\/p>\n\n<a class=\"gb-button gb-button-faa0cac2\" href=\"https:\/\/www.getariakotxakolina.eus\/en\/getariako-txakolina-wineries-at-wine-fairs-2022\/\"><span class=\"gb-button-text\">Irakurri gehiago<\/span><span class=\"gb-icon\"><svg viewbox=\"0 0 512 265.5\" version=\"1.1\" xmlns=\"http:\/\/www.w3.org\/2000\/svg\" data-name=\"Capa 1\" id=\"Capa_1\">    <path d=\"M4.4,130.9c2.5-8,8.7-9.5,16.2-9.5,146.6,0,293.2,0,439.9,0h7.3c-2.1-2.3-3.3-3.7-4.7-5-29-29.1-58-58.1-87.1-87.2-.9-.9-1.9-1.8-2.8-2.8-4.7-5.2-4.8-11.7-.4-16.3,4.4-4.5,10.9-4.5,16.3.1,1.1,1,2.1,2,3.2,3.1,36.2,36.2,72.4,72.4,108.7,108.6,8.1,8.1,8.2,13.6.2,21.6-36.8,36.8-73.6,73.6-110.4,110.4-5.9,5.9-12.2,6.7-17.3,2.1-4.3-3.8-5.1-9.9-1.8-14.6,1.4-2,3.2-3.8,4.9-5.5,28.9-28.9,57.8-57.9,86.8-86.8,1.2-1.2,2.4-2.5,4.6-4.8-3.2,0-5.2,0-7.2,0-146.8,0-293.6,0-440.3,0-7.1,0-12.8-1.7-15.9-8.7v-4.9Z\" class=\"cls-1\"><\/path> <\/svg><\/span><\/a>\n<\/div>\n<\/div><\/div>\n\n<div class=\"gb-grid-column gb-grid-column-6167910a gb-query-loop-item post-13773 post type-post status-publish format-standard has-post-thumbnail hentry category-berriak\"><div class=\"gb-container gb-container-6167910a\">\n<div class=\"gb-container gb-container-1f6d44e7\" style=\"background-image: url(https:\/\/www.getariakotxakolina.eus\/wp-content\/uploads\/2025\/11\/Getariako-Txakolina-2021eko-uzta-cosecha-2021.jpg);\"><\/div>\n\n<div class=\"gb-container gb-container-6c58321f\">\n<h3 class=\"gb-headline gb-headline-e77d6ac6 gb-headline-text titulo-blog-cajas\"><a href=\"https:\/\/www.getariakotxakolina.eus\/en\/getariako-txakolina-2021-harvest\/\">Getariako Txakolina 2021 Harvest<\/a><\/h3>\n\n<p class=\"gb-headline gb-headline-97d1a78b gb-headline-text texto-extracto-blog\">This year, due to the pandemic situation, we decided not to hold the traditional harvest presentation event in Getaria, coinciding &#8230;<\/p>\n\n<a class=\"gb-button gb-button-faa0cac2\" href=\"https:\/\/www.getariakotxakolina.eus\/en\/getariako-txakolina-2021-harvest\/\"><span class=\"gb-button-text\">Irakurri gehiago<\/span><span class=\"gb-icon\"><svg viewbox=\"0 0 512 265.5\" version=\"1.1\" xmlns=\"http:\/\/www.w3.org\/2000\/svg\" data-name=\"Capa 1\" id=\"Capa_1\">    <path d=\"M4.4,130.9c2.5-8,8.7-9.5,16.2-9.5,146.6,0,293.2,0,439.9,0h7.3c-2.1-2.3-3.3-3.7-4.7-5-29-29.1-58-58.1-87.1-87.2-.9-.9-1.9-1.8-2.8-2.8-4.7-5.2-4.8-11.7-.4-16.3,4.4-4.5,10.9-4.5,16.3.1,1.1,1,2.1,2,3.2,3.1,36.2,36.2,72.4,72.4,108.7,108.6,8.1,8.1,8.2,13.6.2,21.6-36.8,36.8-73.6,73.6-110.4,110.4-5.9,5.9-12.2,6.7-17.3,2.1-4.3-3.8-5.1-9.9-1.8-14.6,1.4-2,3.2-3.8,4.9-5.5,28.9-28.9,57.8-57.9,86.8-86.8,1.2-1.2,2.4-2.5,4.6-4.8-3.2,0-5.2,0-7.2,0-146.8,0-293.6,0-440.3,0-7.1,0-12.8-1.7-15.9-8.7v-4.9Z\" class=\"cls-1\"><\/path> <\/svg><\/span><\/a>\n<\/div>\n<\/div><\/div>\n\n<div class=\"gb-grid-column gb-grid-column-6167910a gb-query-loop-item post-13825 post type-post status-publish format-standard has-post-thumbnail hentry category-berriak\"><div class=\"gb-container gb-container-6167910a\">\n<div class=\"gb-container gb-container-1f6d44e7\" style=\"background-image: url(https:\/\/www.getariakotxakolina.eus\/wp-content\/uploads\/2025\/11\/Gure-Lurra-Landa-eta-hiri-mundua-lotzea-funtsezkoa-izango-da-etorkizun-jasangarrirako-portada.jpg);\"><\/div>\n\n<div class=\"gb-container gb-container-6c58321f\">\n<h3 class=\"gb-headline gb-headline-e77d6ac6 gb-headline-text titulo-blog-cajas\"><a href=\"https:\/\/www.getariakotxakolina.eus\/en\/gure-lurra-our-land-connecting-rural-urban-worlds-sustainable-future\/\">Gure Lurra (Our Land): connecting the rural and urban worlds is key to a sustainable future<\/a><\/h3>\n\n<p class=\"gb-headline gb-headline-97d1a78b gb-headline-text texto-extracto-blog\">The Gure Lurra, Sembrando Futuro (Our Land, Sowing the Future) congress, held last November in San Sebasti\u00e1n, brought together different &#8230;<\/p>\n\n<a class=\"gb-button gb-button-faa0cac2\" href=\"https:\/\/www.getariakotxakolina.eus\/en\/gure-lurra-our-land-connecting-rural-urban-worlds-sustainable-future\/\"><span class=\"gb-button-text\">Irakurri gehiago<\/span><span class=\"gb-icon\"><svg viewbox=\"0 0 512 265.5\" version=\"1.1\" xmlns=\"http:\/\/www.w3.org\/2000\/svg\" data-name=\"Capa 1\" id=\"Capa_1\">    <path d=\"M4.4,130.9c2.5-8,8.7-9.5,16.2-9.5,146.6,0,293.2,0,439.9,0h7.3c-2.1-2.3-3.3-3.7-4.7-5-29-29.1-58-58.1-87.1-87.2-.9-.9-1.9-1.8-2.8-2.8-4.7-5.2-4.8-11.7-.4-16.3,4.4-4.5,10.9-4.5,16.3.1,1.1,1,2.1,2,3.2,3.1,36.2,36.2,72.4,72.4,108.7,108.6,8.1,8.1,8.2,13.6.2,21.6-36.8,36.8-73.6,73.6-110.4,110.4-5.9,5.9-12.2,6.7-17.3,2.1-4.3-3.8-5.1-9.9-1.8-14.6,1.4-2,3.2-3.8,4.9-5.5,28.9-28.9,57.8-57.9,86.8-86.8,1.2-1.2,2.4-2.5,4.6-4.8-3.2,0-5.2,0-7.2,0-146.8,0-293.6,0-440.3,0-7.1,0-12.8-1.7-15.9-8.7v-4.9Z\" class=\"cls-1\"><\/path> <\/svg><\/span><\/a>\n<\/div>\n<\/div><\/div>\n\n<div class=\"gb-grid-column gb-grid-column-6167910a gb-query-loop-item post-13829 post type-post status-publish format-standard has-post-thumbnail hentry category-berriak\"><div class=\"gb-container gb-container-6167910a\">\n<div class=\"gb-container gb-container-1f6d44e7\" style=\"background-image: url(https:\/\/www.getariakotxakolina.eus\/wp-content\/uploads\/2025\/11\/Manifiesto-vino-portada.jpg);\"><\/div>\n\n<div class=\"gb-container gb-container-6c58321f\">\n<h3 class=\"gb-headline gb-headline-e77d6ac6 gb-headline-text titulo-blog-cajas\"><a href=\"https:\/\/www.getariakotxakolina.eus\/en\/movimiento-vino-a-hymn-to-the-singularity-and-authenticity-of-designations-of-origin-manifesto\/\">Movimiento Vino, a hymn to the singularity and authenticity of Designations of Origin: Manifesto<\/a><\/h3>\n\n<p class=\"gb-headline gb-headline-97d1a78b gb-headline-text texto-extracto-blog\">Movimiento Vino, Conferencia Espa\u00f1ola de Consejos Reguladores Vitivin\u00edcolas (CECRV) (Spanish Conference of Control Boards of Wine Designations of Origin), of &#8230;<\/p>\n\n<a class=\"gb-button gb-button-faa0cac2\" href=\"https:\/\/www.getariakotxakolina.eus\/en\/movimiento-vino-a-hymn-to-the-singularity-and-authenticity-of-designations-of-origin-manifesto\/\"><span class=\"gb-button-text\">Irakurri gehiago<\/span><span class=\"gb-icon\"><svg viewbox=\"0 0 512 265.5\" version=\"1.1\" xmlns=\"http:\/\/www.w3.org\/2000\/svg\" data-name=\"Capa 1\" id=\"Capa_1\">    <path d=\"M4.4,130.9c2.5-8,8.7-9.5,16.2-9.5,146.6,0,293.2,0,439.9,0h7.3c-2.1-2.3-3.3-3.7-4.7-5-29-29.1-58-58.1-87.1-87.2-.9-.9-1.9-1.8-2.8-2.8-4.7-5.2-4.8-11.7-.4-16.3,4.4-4.5,10.9-4.5,16.3.1,1.1,1,2.1,2,3.2,3.1,36.2,36.2,72.4,72.4,108.7,108.6,8.1,8.1,8.2,13.6.2,21.6-36.8,36.8-73.6,73.6-110.4,110.4-5.9,5.9-12.2,6.7-17.3,2.1-4.3-3.8-5.1-9.9-1.8-14.6,1.4-2,3.2-3.8,4.9-5.5,28.9-28.9,57.8-57.9,86.8-86.8,1.2-1.2,2.4-2.5,4.6-4.8-3.2,0-5.2,0-7.2,0-146.8,0-293.6,0-440.3,0-7.1,0-12.8-1.7-15.9-8.7v-4.9Z\" class=\"cls-1\"><\/path> <\/svg><\/span><\/a>\n<\/div>\n<\/div><\/div>\n\n<div class=\"gb-grid-column gb-grid-column-6167910a gb-query-loop-item post-13835 post type-post status-publish format-standard has-post-thumbnail hentry category-berriak\"><div class=\"gb-container gb-container-6167910a\">\n<div class=\"gb-container gb-container-1f6d44e7\" style=\"background-image: url(https:\/\/www.getariakotxakolina.eus\/wp-content\/uploads\/2025\/11\/Getariako-Txakolina-J.D-ren-bisita-Ribeira-Sacra-eta-Bierzoko-Jatorri-Deituretara-portada.jpg);\"><\/div>\n\n<div class=\"gb-container gb-container-6c58321f\">\n<h3 class=\"gb-headline gb-headline-e77d6ac6 gb-headline-text titulo-blog-cajas\"><a href=\"https:\/\/www.getariakotxakolina.eus\/en\/getariako-txakolina-visit-ribeira-sacra-and-bierzo-do\/\">Getaria Txakolina D.O. Visit to the Ribeira Sacra and Bierzo D.O.s<\/a><\/h3>\n\n<p class=\"gb-headline gb-headline-97d1a78b gb-headline-text texto-extracto-blog\">Chronicle of a Getariako Txakolina D.O. tour, on which we discovered Ribeira Sacra\u2019s heroic viticulture and the spectacular landscapes of &#8230;<\/p>\n\n<a class=\"gb-button gb-button-faa0cac2\" href=\"https:\/\/www.getariakotxakolina.eus\/en\/getariako-txakolina-visit-ribeira-sacra-and-bierzo-do\/\"><span class=\"gb-button-text\">Irakurri gehiago<\/span><span class=\"gb-icon\"><svg viewbox=\"0 0 512 265.5\" version=\"1.1\" xmlns=\"http:\/\/www.w3.org\/2000\/svg\" data-name=\"Capa 1\" id=\"Capa_1\">    <path d=\"M4.4,130.9c2.5-8,8.7-9.5,16.2-9.5,146.6,0,293.2,0,439.9,0h7.3c-2.1-2.3-3.3-3.7-4.7-5-29-29.1-58-58.1-87.1-87.2-.9-.9-1.9-1.8-2.8-2.8-4.7-5.2-4.8-11.7-.4-16.3,4.4-4.5,10.9-4.5,16.3.1,1.1,1,2.1,2,3.2,3.1,36.2,36.2,72.4,72.4,108.7,108.6,8.1,8.1,8.2,13.6.2,21.6-36.8,36.8-73.6,73.6-110.4,110.4-5.9,5.9-12.2,6.7-17.3,2.1-4.3-3.8-5.1-9.9-1.8-14.6,1.4-2,3.2-3.8,4.9-5.5,28.9-28.9,57.8-57.9,86.8-86.8,1.2-1.2,2.4-2.5,4.6-4.8-3.2,0-5.2,0-7.2,0-146.8,0-293.6,0-440.3,0-7.1,0-12.8-1.7-15.9-8.7v-4.9Z\" class=\"cls-1\"><\/path> <\/svg><\/span><\/a>\n<\/div>\n<\/div><\/div>\n\n<div class=\"gb-grid-column gb-grid-column-6167910a gb-query-loop-item post-13839 post type-post status-publish format-standard has-post-thumbnail hentry category-berriak\"><div class=\"gb-container gb-container-6167910a\">\n<div class=\"gb-container gb-container-1f6d44e7\" style=\"background-image: url(https:\/\/www.getariakotxakolina.eus\/wp-content\/uploads\/2025\/11\/Getariako-Txakolina-ardo-ezberdin-bat-portada.jpg);\"><\/div>\n\n<div class=\"gb-container gb-container-6c58321f\">\n<h3 class=\"gb-headline gb-headline-e77d6ac6 gb-headline-text titulo-blog-cajas\"><a href=\"https:\/\/www.getariakotxakolina.eus\/en\/getaria-txakoli-a-different-wine\/\">Getaria Txakoli, a different wine<\/a><\/h3>\n\n<p class=\"gb-headline gb-headline-97d1a78b gb-headline-text texto-extracto-blog\">With the 2019 vintage, we celebrate 30 years of our Protected Designation of Origin status. Three decades which have served &#8230;<\/p>\n\n<a class=\"gb-button gb-button-faa0cac2\" href=\"https:\/\/www.getariakotxakolina.eus\/en\/getaria-txakoli-a-different-wine\/\"><span class=\"gb-button-text\">Irakurri gehiago<\/span><span class=\"gb-icon\"><svg viewbox=\"0 0 512 265.5\" version=\"1.1\" xmlns=\"http:\/\/www.w3.org\/2000\/svg\" data-name=\"Capa 1\" id=\"Capa_1\">    <path d=\"M4.4,130.9c2.5-8,8.7-9.5,16.2-9.5,146.6,0,293.2,0,439.9,0h7.3c-2.1-2.3-3.3-3.7-4.7-5-29-29.1-58-58.1-87.1-87.2-.9-.9-1.9-1.8-2.8-2.8-4.7-5.2-4.8-11.7-.4-16.3,4.4-4.5,10.9-4.5,16.3.1,1.1,1,2.1,2,3.2,3.1,36.2,36.2,72.4,72.4,108.7,108.6,8.1,8.1,8.2,13.6.2,21.6-36.8,36.8-73.6,73.6-110.4,110.4-5.9,5.9-12.2,6.7-17.3,2.1-4.3-3.8-5.1-9.9-1.8-14.6,1.4-2,3.2-3.8,4.9-5.5,28.9-28.9,57.8-57.9,86.8-86.8,1.2-1.2,2.4-2.5,4.6-4.8-3.2,0-5.2,0-7.2,0-146.8,0-293.6,0-440.3,0-7.1,0-12.8-1.7-15.9-8.7v-4.9Z\" class=\"cls-1\"><\/path> <\/svg><\/span><\/a>\n<\/div>\n<\/div><\/div>\n\n<div class=\"gb-grid-column gb-grid-column-6167910a gb-query-loop-item post-13845 post type-post status-publish format-standard has-post-thumbnail hentry category-berriak\"><div class=\"gb-container gb-container-6167910a\">\n<div class=\"gb-container gb-container-1f6d44e7\" style=\"background-image: url(https:\/\/www.getariakotxakolina.eus\/wp-content\/uploads\/2025\/11\/JJDD-ren-zeregin-sozio-ekonomiko-kultural-eta-ingurumenekoak-landa-eremuetan-portada.jpg);\"><\/div>\n\n<div class=\"gb-container gb-container-6c58321f\">\n<h3 class=\"gb-headline gb-headline-e77d6ac6 gb-headline-text titulo-blog-cajas\"><a href=\"https:\/\/www.getariakotxakolina.eus\/en\/socio-economic-cultural-environmental-ddoo\/\">The socio-economic, cultural and environmental role of Designation of Origin in rural areas<\/a><\/h3>\n\n<p class=\"gb-headline gb-headline-97d1a78b gb-headline-text texto-extracto-blog\">Designations of origin play a significant role in the deveolpment of rural areas. Their importance was made clear after the &#8230;<\/p>\n\n<a class=\"gb-button gb-button-faa0cac2\" href=\"https:\/\/www.getariakotxakolina.eus\/en\/socio-economic-cultural-environmental-ddoo\/\"><span class=\"gb-button-text\">Irakurri gehiago<\/span><span class=\"gb-icon\"><svg viewbox=\"0 0 512 265.5\" version=\"1.1\" xmlns=\"http:\/\/www.w3.org\/2000\/svg\" data-name=\"Capa 1\" id=\"Capa_1\">    <path d=\"M4.4,130.9c2.5-8,8.7-9.5,16.2-9.5,146.6,0,293.2,0,439.9,0h7.3c-2.1-2.3-3.3-3.7-4.7-5-29-29.1-58-58.1-87.1-87.2-.9-.9-1.9-1.8-2.8-2.8-4.7-5.2-4.8-11.7-.4-16.3,4.4-4.5,10.9-4.5,16.3.1,1.1,1,2.1,2,3.2,3.1,36.2,36.2,72.4,72.4,108.7,108.6,8.1,8.1,8.2,13.6.2,21.6-36.8,36.8-73.6,73.6-110.4,110.4-5.9,5.9-12.2,6.7-17.3,2.1-4.3-3.8-5.1-9.9-1.8-14.6,1.4-2,3.2-3.8,4.9-5.5,28.9-28.9,57.8-57.9,86.8-86.8,1.2-1.2,2.4-2.5,4.6-4.8-3.2,0-5.2,0-7.2,0-146.8,0-293.6,0-440.3,0-7.1,0-12.8-1.7-15.9-8.7v-4.9Z\" class=\"cls-1\"><\/path> <\/svg><\/span><\/a>\n<\/div>\n<\/div><\/div>\n\n<div class=\"gb-grid-column gb-grid-column-6167910a gb-query-loop-item post-13849 post type-post status-publish format-standard has-post-thumbnail hentry category-berriak\"><div class=\"gb-container gb-container-6167910a\">\n<div class=\"gb-container gb-container-1f6d44e7\" style=\"background-image: url(https:\/\/www.getariakotxakolina.eus\/wp-content\/uploads\/2025\/11\/Getariako-Txakolineko-upategiak-BIOBOX-proiektuan-portada.jpg);\"><\/div>\n\n<div class=\"gb-container gb-container-6c58321f\">\n<h3 class=\"gb-headline gb-headline-e77d6ac6 gb-headline-text titulo-blog-cajas\"><a href=\"https:\/\/www.getariakotxakolina.eus\/en\/getariako-txakolina-wineries-will-participate-in-the-biobox-project\/\">Getariako Txakolina wineries will participate in the BIOBOX project<\/a><\/h3>\n\n<p class=\"gb-headline gb-headline-97d1a78b gb-headline-text texto-extracto-blog\">Several Getariako Txakolina wineries are participating in the BIOBOX project by hosting nesting boxes in their vineyards to control pests &#8230;<\/p>\n\n<a class=\"gb-button gb-button-faa0cac2\" href=\"https:\/\/www.getariakotxakolina.eus\/en\/getariako-txakolina-wineries-will-participate-in-the-biobox-project\/\"><span class=\"gb-button-text\">Irakurri gehiago<\/span><span class=\"gb-icon\"><svg viewbox=\"0 0 512 265.5\" version=\"1.1\" xmlns=\"http:\/\/www.w3.org\/2000\/svg\" data-name=\"Capa 1\" id=\"Capa_1\">    <path d=\"M4.4,130.9c2.5-8,8.7-9.5,16.2-9.5,146.6,0,293.2,0,439.9,0h7.3c-2.1-2.3-3.3-3.7-4.7-5-29-29.1-58-58.1-87.1-87.2-.9-.9-1.9-1.8-2.8-2.8-4.7-5.2-4.8-11.7-.4-16.3,4.4-4.5,10.9-4.5,16.3.1,1.1,1,2.1,2,3.2,3.1,36.2,36.2,72.4,72.4,108.7,108.6,8.1,8.1,8.2,13.6.2,21.6-36.8,36.8-73.6,73.6-110.4,110.4-5.9,5.9-12.2,6.7-17.3,2.1-4.3-3.8-5.1-9.9-1.8-14.6,1.4-2,3.2-3.8,4.9-5.5,28.9-28.9,57.8-57.9,86.8-86.8,1.2-1.2,2.4-2.5,4.6-4.8-3.2,0-5.2,0-7.2,0-146.8,0-293.6,0-440.3,0-7.1,0-12.8-1.7-15.9-8.7v-4.9Z\" class=\"cls-1\"><\/path> <\/svg><\/span><\/a>\n<\/div>\n<\/div><\/div>\n<\/div>\n\n<\/div>\n<\/div>","protected":false},"excerpt":{"rendered":"<p>Blog<\/p>\n","protected":false},"author":1,"featured_media":0,"parent":0,"menu_order":0,"comment_status":"closed","ping_status":"closed","template":"","meta":{"_acf_changed":false,"footnotes":""},"class_list":["post-13888","page","type-page","status-publish"],"acf":[],"yoast_head":"<!-- This site is optimized with the Yoast SEO plugin v27.4 - https:\/\/yoast.com\/product\/yoast-seo-wordpress\/ -->\n<title>Txakolinaren inguruko berriak, albisteak.<\/title>\n<meta name=\"description\" content=\"News from the Getaria Txakoli Designation of Origin Office.\" \/>\n<meta name=\"robots\" content=\"index, follow, max-snippet:-1, max-image-preview:large, max-video-preview:-1\" \/>\n<link rel=\"canonical\" href=\"https:\/\/www.getariakotxakolina.eus\/en\/blog\/\" \/>\n<meta property=\"og:locale\" content=\"en_US\" \/>\n<meta property=\"og:type\" content=\"article\" \/>\n<meta property=\"og:title\" content=\"Txakolinaren inguruko berriak, albisteak.\" \/>\n<meta property=\"og:description\" content=\"News from the Getaria Txakoli Designation of Origin Office.\" \/>\n<meta property=\"og:url\" content=\"https:\/\/www.getariakotxakolina.eus\/en\/blog\/\" \/>\n<meta property=\"og:site_name\" content=\"Getariako Txakolina\" \/>\n<meta property=\"article:publisher\" content=\"https:\/\/www.facebook.com\/GetariakoTxakolinaDO\/\" \/>\n<meta property=\"article:modified_time\" content=\"2025-12-19T15:23:05+00:00\" \/>\n<meta property=\"og:image\" content=\"https:\/\/www.getariakotxakolina.eus\/wp-content\/uploads\/2025\/10\/Getariako-Txakolina-Jatorrizko-Deitura-datuetan-Denominacion-de-origen-en-datos.jpg\" \/>\n\t<meta property=\"og:image:width\" content=\"1920\" \/>\n\t<meta property=\"og:image:height\" content=\"932\" \/>\n\t<meta property=\"og:image:type\" content=\"image\/jpeg\" \/>\n<meta name=\"twitter:card\" content=\"summary_large_image\" \/>\n<meta name=\"twitter:label1\" content=\"Est. reading time\" \/>\n\t<meta name=\"twitter:data1\" content=\"1 minute\" \/>\n<script type=\"application\/ld+json\" class=\"yoast-schema-graph\">{\"@context\":\"https:\\\/\\\/schema.org\",\"@graph\":[{\"@type\":\"WebPage\",\"@id\":\"https:\\\/\\\/www.getariakotxakolina.eus\\\/en\\\/blog\\\/\",\"url\":\"https:\\\/\\\/www.getariakotxakolina.eus\\\/en\\\/blog\\\/\",\"name\":\"Txakolinaren inguruko berriak, albisteak.\",\"isPartOf\":{\"@id\":\"https:\\\/\\\/www.getariakotxakolina.eus\\\/en\\\/#website\"},\"datePublished\":\"2025-11-12T16:46:27+00:00\",\"dateModified\":\"2025-12-19T15:23:05+00:00\",\"description\":\"News from the Getaria Txakoli Designation of Origin Office.\",\"breadcrumb\":{\"@id\":\"https:\\\/\\\/www.getariakotxakolina.eus\\\/en\\\/blog\\\/#breadcrumb\"},\"inLanguage\":\"en-US\",\"potentialAction\":[{\"@type\":\"ReadAction\",\"target\":[\"https:\\\/\\\/www.getariakotxakolina.eus\\\/en\\\/blog\\\/\"]}]},{\"@type\":\"BreadcrumbList\",\"@id\":\"https:\\\/\\\/www.getariakotxakolina.eus\\\/en\\\/blog\\\/#breadcrumb\",\"itemListElement\":[{\"@type\":\"ListItem\",\"position\":1,\"name\":\"Portada\",\"item\":\"https:\\\/\\\/www.getariakotxakolina.eus\\\/en\\\/\"},{\"@type\":\"ListItem\",\"position\":2,\"name\":\"Blog\"}]},{\"@type\":\"WebSite\",\"@id\":\"https:\\\/\\\/www.getariakotxakolina.eus\\\/en\\\/#website\",\"url\":\"https:\\\/\\\/www.getariakotxakolina.eus\\\/en\\\/\",\"name\":\"Txakol\u00ed de Getaria vino blanco con D.O. Getariako txakolina\",\"description\":\"El txakoli Denominaci\u00f3n de Origen Getariako Txakolina es un vino joven de graduaci\u00f3n moderada y equilibrada acidez.\",\"publisher\":{\"@id\":\"https:\\\/\\\/www.getariakotxakolina.eus\\\/en\\\/#organization\"},\"alternateName\":\"Getariako txakolina\",\"potentialAction\":[{\"@type\":\"SearchAction\",\"target\":{\"@type\":\"EntryPoint\",\"urlTemplate\":\"https:\\\/\\\/www.getariakotxakolina.eus\\\/en\\\/?s={search_term_string}\"},\"query-input\":{\"@type\":\"PropertyValueSpecification\",\"valueRequired\":true,\"valueName\":\"search_term_string\"}}],\"inLanguage\":\"en-US\"},{\"@type\":\"Organization\",\"@id\":\"https:\\\/\\\/www.getariakotxakolina.eus\\\/en\\\/#organization\",\"name\":\"Getariako Txakolina\",\"alternateName\":\"Getariako Txakolina\",\"url\":\"https:\\\/\\\/www.getariakotxakolina.eus\\\/en\\\/\",\"logo\":{\"@type\":\"ImageObject\",\"inLanguage\":\"en-US\",\"@id\":\"https:\\\/\\\/www.getariakotxakolina.eus\\\/en\\\/#\\\/schema\\\/logo\\\/image\\\/\",\"url\":\"https:\\\/\\\/www.getariakotxakolina.eus\\\/wp-content\\\/uploads\\\/2025\\\/07\\\/Getariako-Txakolina-Logo.svg\",\"contentUrl\":\"https:\\\/\\\/www.getariakotxakolina.eus\\\/wp-content\\\/uploads\\\/2025\\\/07\\\/Getariako-Txakolina-Logo.svg\",\"width\":417,\"height\":83,\"caption\":\"Getariako Txakolina\"},\"image\":{\"@id\":\"https:\\\/\\\/www.getariakotxakolina.eus\\\/en\\\/#\\\/schema\\\/logo\\\/image\\\/\"},\"sameAs\":[\"https:\\\/\\\/www.facebook.com\\\/GetariakoTxakolinaDO\\\/\",\"https:\\\/\\\/www.instagram.com\\\/getariakotxakolina_do\\\/\"]}]}<\/script>\n<!-- \/ Yoast SEO plugin. -->","yoast_head_json":{"title":"Txakolinaren inguruko berriak, albisteak.","description":"News from the Getaria Txakoli Designation of Origin Office.","robots":{"index":"index","follow":"follow","max-snippet":"max-snippet:-1","max-image-preview":"max-image-preview:large","max-video-preview":"max-video-preview:-1"},"canonical":"https:\/\/www.getariakotxakolina.eus\/en\/blog\/","og_locale":"en_US","og_type":"article","og_title":"Txakolinaren inguruko berriak, albisteak.","og_description":"News from the Getaria Txakoli Designation of Origin Office.","og_url":"https:\/\/www.getariakotxakolina.eus\/en\/blog\/","og_site_name":"Getariako Txakolina","article_publisher":"https:\/\/www.facebook.com\/GetariakoTxakolinaDO\/","article_modified_time":"2025-12-19T15:23:05+00:00","og_image":[{"width":1920,"height":932,"url":"https:\/\/www.getariakotxakolina.eus\/wp-content\/uploads\/2025\/10\/Getariako-Txakolina-Jatorrizko-Deitura-datuetan-Denominacion-de-origen-en-datos.jpg","type":"image\/jpeg"}],"twitter_card":"summary_large_image","twitter_misc":{"Est. reading time":"1 minute"},"schema":{"@context":"https:\/\/schema.org","@graph":[{"@type":"WebPage","@id":"https:\/\/www.getariakotxakolina.eus\/en\/blog\/","url":"https:\/\/www.getariakotxakolina.eus\/en\/blog\/","name":"Txakolinaren inguruko berriak, albisteak.","isPartOf":{"@id":"https:\/\/www.getariakotxakolina.eus\/en\/#website"},"datePublished":"2025-11-12T16:46:27+00:00","dateModified":"2025-12-19T15:23:05+00:00","description":"News from the Getaria Txakoli Designation of Origin Office.","breadcrumb":{"@id":"https:\/\/www.getariakotxakolina.eus\/en\/blog\/#breadcrumb"},"inLanguage":"en-US","potentialAction":[{"@type":"ReadAction","target":["https:\/\/www.getariakotxakolina.eus\/en\/blog\/"]}]},{"@type":"BreadcrumbList","@id":"https:\/\/www.getariakotxakolina.eus\/en\/blog\/#breadcrumb","itemListElement":[{"@type":"ListItem","position":1,"name":"Portada","item":"https:\/\/www.getariakotxakolina.eus\/en\/"},{"@type":"ListItem","position":2,"name":"Blog"}]},{"@type":"WebSite","@id":"https:\/\/www.getariakotxakolina.eus\/en\/#website","url":"https:\/\/www.getariakotxakolina.eus\/en\/","name":"Txakol\u00ed de Getaria vino blanco con D.O. Getariako txakolina","description":"El txakoli Denominaci\u00f3n de Origen Getariako Txakolina es un vino joven de graduaci\u00f3n moderada y equilibrada acidez.","publisher":{"@id":"https:\/\/www.getariakotxakolina.eus\/en\/#organization"},"alternateName":"Getariako txakolina","potentialAction":[{"@type":"SearchAction","target":{"@type":"EntryPoint","urlTemplate":"https:\/\/www.getariakotxakolina.eus\/en\/?s={search_term_string}"},"query-input":{"@type":"PropertyValueSpecification","valueRequired":true,"valueName":"search_term_string"}}],"inLanguage":"en-US"},{"@type":"Organization","@id":"https:\/\/www.getariakotxakolina.eus\/en\/#organization","name":"Getariako Txakolina","alternateName":"Getariako Txakolina","url":"https:\/\/www.getariakotxakolina.eus\/en\/","logo":{"@type":"ImageObject","inLanguage":"en-US","@id":"https:\/\/www.getariakotxakolina.eus\/en\/#\/schema\/logo\/image\/","url":"https:\/\/www.getariakotxakolina.eus\/wp-content\/uploads\/2025\/07\/Getariako-Txakolina-Logo.svg","contentUrl":"https:\/\/www.getariakotxakolina.eus\/wp-content\/uploads\/2025\/07\/Getariako-Txakolina-Logo.svg","width":417,"height":83,"caption":"Getariako Txakolina"},"image":{"@id":"https:\/\/www.getariakotxakolina.eus\/en\/#\/schema\/logo\/image\/"},"sameAs":["https:\/\/www.facebook.com\/GetariakoTxakolinaDO\/","https:\/\/www.instagram.com\/getariakotxakolina_do\/"]}]}},"_links":{"self":[{"href":"https:\/\/www.getariakotxakolina.eus\/en\/wp-json\/wp\/v2\/pages\/13888","targetHints":{"allow":["GET"]}}],"collection":[{"href":"https:\/\/www.getariakotxakolina.eus\/en\/wp-json\/wp\/v2\/pages"}],"about":[{"href":"https:\/\/www.getariakotxakolina.eus\/en\/wp-json\/wp\/v2\/types\/page"}],"author":[{"embeddable":true,"href":"https:\/\/www.getariakotxakolina.eus\/en\/wp-json\/wp\/v2\/users\/1"}],"replies":[{"embeddable":true,"href":"https:\/\/www.getariakotxakolina.eus\/en\/wp-json\/wp\/v2\/comments?post=13888"}],"version-history":[{"count":0,"href":"https:\/\/www.getariakotxakolina.eus\/en\/wp-json\/wp\/v2\/pages\/13888\/revisions"}],"wp:attachment":[{"href":"https:\/\/www.getariakotxakolina.eus\/en\/wp-json\/wp\/v2\/media?parent=13888"}],"curies":[{"name":"wp","href":"https:\/\/api.w.org\/{rel}","templated":true}]}}